{"id":4085,"date":"2023-10-16T12:14:39","date_gmt":"2023-10-16T17:14:39","guid":{"rendered":"https:\/\/apice.org.co\/site\/?page_id=4085"},"modified":"2024-04-29T16:22:04","modified_gmt":"2024-04-29T21:22:04","slug":"gabriel-betancur","status":"publish","type":"page","link":"https:\/\/apice.org.co\/site\/gabriel-betancur\/","title":{"rendered":"Gabriel Betancur"},"content":{"rendered":"\t\t<div data-elementor-type=\"wp-page\" data-elementor-id=\"4085\" class=\"elementor elementor-4085\" data-elementor-post-type=\"page\">\n\t\t\t\t\t\t<section class=\"elementor-section elementor-top-section elementor-element elementor-element-e414628 elementor-section-boxed elementor-section-height-default elementor-section-height-default\" data-id=\"e414628\" data-element_type=\"section\" data-e-type=\"section\">\n\t\t\t\t\t\t<div class=\"elementor-container elementor-column-gap-default\">\n\t\t\t\t\t<div class=\"elementor-column elementor-col-100 elementor-top-column elementor-element elementor-element-0593040\" data-id=\"0593040\" data-element_type=\"column\" data-e-type=\"column\">\n\t\t\t<div class=\"elementor-widget-wrap elementor-element-populated\">\n\t\t\t\t\t\t<div class=\"elementor-element elementor-element-19cb1dc elementor-widget elementor-widget-spacer\" data-id=\"19cb1dc\" data-element_type=\"widget\" data-e-type=\"widget\" data-widget_type=\"spacer.default\">\n\t\t\t\t<div class=\"elementor-widget-container\">\n\t\t\t\t\t\t\t<div class=\"elementor-spacer\">\n\t\t\t<div class=\"elementor-spacer-inner\"><\/div>\n\t\t<\/div>\n\t\t\t\t\t\t<\/div>\n\t\t\t\t<\/div>\n\t\t\t\t<div class=\"elementor-element elementor-element-b8afaf4 elementor-widget elementor-widget-heading\" data-id=\"b8afaf4\" data-element_type=\"widget\" data-e-type=\"widget\" data-widget_type=\"heading.default\">\n\t\t\t\t<div class=\"elementor-widget-container\">\n\t\t\t\t\t<h2 class=\"elementor-heading-title elementor-size-default\">PADRE DEL CR\u00c9DITO EDUCATIVO<\/h2>\t\t\t\t<\/div>\n\t\t\t\t<\/div>\n\t\t\t\t<div class=\"elementor-element elementor-element-fdd8c0a elementor-widget elementor-widget-heading\" data-id=\"fdd8c0a\" data-element_type=\"widget\" data-e-type=\"widget\" data-widget_type=\"heading.default\">\n\t\t\t\t<div class=\"elementor-widget-container\">\n\t\t\t\t\t<h2 class=\"elementor-heading-title elementor-size-default\">Gabriel Betancur Mej\u00eda<\/h2>\t\t\t\t<\/div>\n\t\t\t\t<\/div>\n\t\t\t\t\t<\/div>\n\t\t<\/div>\n\t\t\t\t\t<\/div>\n\t\t<\/section>\n\t\t\t\t<section class=\"elementor-section elementor-top-section elementor-element elementor-element-8192344 elementor-section-boxed elementor-section-height-default elementor-section-height-default\" data-id=\"8192344\" data-element_type=\"section\" data-e-type=\"section\">\n\t\t\t\t\t\t<div class=\"elementor-container elementor-column-gap-default\">\n\t\t\t\t\t<div class=\"elementor-column elementor-col-100 elementor-top-column elementor-element elementor-element-0ec8c26\" data-id=\"0ec8c26\" data-element_type=\"column\" data-e-type=\"column\">\n\t\t\t<div class=\"elementor-widget-wrap elementor-element-populated\">\n\t\t\t\t\t\t<div class=\"elementor-element elementor-element-4805dd1 elementor-widget elementor-widget-text-editor\" data-id=\"4805dd1\" data-element_type=\"widget\" data-e-type=\"widget\" data-widget_type=\"text-editor.default\">\n\t\t\t\t<div class=\"elementor-widget-container\">\n\t\t\t\t\t\t\t\t\t<p style=\"text-align: center;\"><span style=\"font-family: helvetica, arial, sans-serif; font-size: 14pt; color: rgba(60, 60, 60, 0.99);\">Promotor de la creaci\u00f3n de la Asociaci\u00f3n Panamericana de Instituciones de Cr\u00e9dito Educativo,\u00a0 \u00c1PICE, y Presidente Honorario de la Asociaci\u00f3n desde su fundaci\u00f3n (1969).<\/span><\/p>\t\t\t\t\t\t\t\t<\/div>\n\t\t\t\t<\/div>\n\t\t\t\t<div class=\"elementor-element elementor-element-957687c elementor-widget elementor-widget-spacer\" data-id=\"957687c\" data-element_type=\"widget\" data-e-type=\"widget\" data-widget_type=\"spacer.default\">\n\t\t\t\t<div class=\"elementor-widget-container\">\n\t\t\t\t\t\t\t<div class=\"elementor-spacer\">\n\t\t\t<div class=\"elementor-spacer-inner\"><\/div>\n\t\t<\/div>\n\t\t\t\t\t\t<\/div>\n\t\t\t\t<\/div>\n\t\t\t\t\t<\/div>\n\t\t<\/div>\n\t\t\t\t\t<\/div>\n\t\t<\/section>\n\t\t\t\t<section class=\"elementor-section elementor-top-section elementor-element elementor-element-d076094 elementor-section-boxed elementor-section-height-default elementor-section-height-default\" data-id=\"d076094\" data-element_type=\"section\" data-e-type=\"section\">\n\t\t\t\t\t\t<div class=\"elementor-container elementor-column-gap-default\">\n\t\t\t\t\t<div class=\"elementor-column elementor-col-50 elementor-top-column elementor-element elementor-element-88ab689\" data-id=\"88ab689\" data-element_type=\"column\" data-e-type=\"column\">\n\t\t\t<div class=\"elementor-widget-wrap elementor-element-populated\">\n\t\t\t\t\t\t<div class=\"elementor-element elementor-element-40814af elementor-widget elementor-widget-text-editor\" data-id=\"40814af\" data-element_type=\"widget\" data-e-type=\"widget\" data-widget_type=\"text-editor.default\">\n\t\t\t\t<div class=\"elementor-widget-container\">\n\t\t\t\t\t\t\t\t\t<p style=\"text-align: center;\"><span style=\"font-family: helvetica, arial, sans-serif; font-size: 14pt; color: rgba(60, 60, 60, 0.99);\"><strong>V\u00eddeo Biogr\u00e1fico: Vida y Obra Dr. Gabriel Betancur Mej\u00eda\u00a0<\/strong><\/span><\/p><p style=\"text-align: center;\">\u00a0<\/p>\t\t\t\t\t\t\t\t<\/div>\n\t\t\t\t<\/div>\n\t\t\t\t<div class=\"elementor-element elementor-element-db18fd9 elementor-widget elementor-widget-video\" data-id=\"db18fd9\" data-element_type=\"widget\" data-e-type=\"widget\" data-settings=\"{&quot;youtube_url&quot;:&quot;https:\\\/\\\/youtu.be\\\/nvPO27UhWjo&quot;,&quot;video_type&quot;:&quot;youtube&quot;,&quot;controls&quot;:&quot;yes&quot;}\" data-widget_type=\"video.default\">\n\t\t\t\t<div class=\"elementor-widget-container\">\n\t\t\t\t\t\t\t<div class=\"elementor-wrapper elementor-open-inline\">\n\t\t\t<div class=\"elementor-video\"><\/div>\t\t<\/div>\n\t\t\t\t\t\t<\/div>\n\t\t\t\t<\/div>\n\t\t\t\t<div class=\"elementor-element elementor-element-c4ee478 elementor-widget elementor-widget-spacer\" data-id=\"c4ee478\" data-element_type=\"widget\" data-e-type=\"widget\" data-widget_type=\"spacer.default\">\n\t\t\t\t<div class=\"elementor-widget-container\">\n\t\t\t\t\t\t\t<div class=\"elementor-spacer\">\n\t\t\t<div class=\"elementor-spacer-inner\"><\/div>\n\t\t<\/div>\n\t\t\t\t\t\t<\/div>\n\t\t\t\t<\/div>\n\t\t\t\t<div class=\"elementor-element elementor-element-65eddec elementor-align-center elementor-widget elementor-widget-button\" data-id=\"65eddec\" data-element_type=\"widget\" data-e-type=\"widget\" data-widget_type=\"button.default\">\n\t\t\t\t<div class=\"elementor-widget-container\">\n\t\t\t\t\t\t\t\t\t<div class=\"elementor-button-wrapper\">\n\t\t\t\t\t<a class=\"elementor-button elementor-button-link elementor-size-sm\" href=\"https:\/\/drive.google.com\/file\/d\/17vaYEmYhu9J7ppYie14AWSmu04Z1Fo0a\/view\" target=\"_blank\">\n\t\t\t\t\t\t<span class=\"elementor-button-content-wrapper\">\n\t\t\t\t\t\t\t\t\t<span class=\"elementor-button-text\">Notas biogr\u00e1ficas: Dr. Gabriel Betancur Mej\u00eda<\/span>\n\t\t\t\t\t<\/span>\n\t\t\t\t\t<\/a>\n\t\t\t\t<\/div>\n\t\t\t\t\t\t\t\t<\/div>\n\t\t\t\t<\/div>\n\t\t\t\t<div class=\"elementor-element elementor-element-f1b40f8 elementor-align-center elementor-widget elementor-widget-button\" data-id=\"f1b40f8\" data-element_type=\"widget\" data-e-type=\"widget\" data-widget_type=\"button.default\">\n\t\t\t\t<div class=\"elementor-widget-container\">\n\t\t\t\t\t\t\t\t\t<div class=\"elementor-button-wrapper\">\n\t\t\t\t\t<a class=\"elementor-button elementor-button-link elementor-size-sm\" href=\"https:\/\/apice.org.co\/site\/dia-internacional-credito-educativo\/\">\n\t\t\t\t\t\t<span class=\"elementor-button-content-wrapper\">\n\t\t\t\t\t\t\t\t\t<span class=\"elementor-button-text\">27 de abril: D\u00eda Internacional del Cr\u00e9dito Educativo<\/span>\n\t\t\t\t\t<\/span>\n\t\t\t\t\t<\/a>\n\t\t\t\t<\/div>\n\t\t\t\t\t\t\t\t<\/div>\n\t\t\t\t<\/div>\n\t\t\t\t\t<\/div>\n\t\t<\/div>\n\t\t\t\t<div class=\"elementor-column elementor-col-50 elementor-top-column elementor-element elementor-element-545cc44\" data-id=\"545cc44\" data-element_type=\"column\" data-e-type=\"column\">\n\t\t\t<div class=\"elementor-widget-wrap elementor-element-populated\">\n\t\t\t\t\t\t<div class=\"elementor-element elementor-element-96b7df9 elementor-widget elementor-widget-spacer\" data-id=\"96b7df9\" data-element_type=\"widget\" data-e-type=\"widget\" data-widget_type=\"spacer.default\">\n\t\t\t\t<div class=\"elementor-widget-container\">\n\t\t\t\t\t\t\t<div class=\"elementor-spacer\">\n\t\t\t<div class=\"elementor-spacer-inner\"><\/div>\n\t\t<\/div>\n\t\t\t\t\t\t<\/div>\n\t\t\t\t<\/div>\n\t\t\t\t<div class=\"elementor-element elementor-element-7b9ba91 elementor-widget elementor-widget-image\" data-id=\"7b9ba91\" data-element_type=\"widget\" data-e-type=\"widget\" data-widget_type=\"image.default\">\n\t\t\t\t<div class=\"elementor-widget-container\">\n\t\t\t\t\t\t\t\t\t\t\t\t\t\t\t<img decoding=\"async\" width=\"170\" height=\"208\" src=\"https:\/\/apice.org.co\/site\/wp-content\/uploads\/2023\/10\/gabriel-betancur.jpg\" class=\"attachment-2048x2048 size-2048x2048 wp-image-4089\" alt=\"\" \/>\t\t\t\t\t\t\t\t\t\t\t\t\t\t\t<\/div>\n\t\t\t\t<\/div>\n\t\t\t\t<div class=\"elementor-element elementor-element-bfc1481 elementor-widget elementor-widget-text-editor\" data-id=\"bfc1481\" data-element_type=\"widget\" data-e-type=\"widget\" data-widget_type=\"text-editor.default\">\n\t\t\t\t<div class=\"elementor-widget-container\">\n\t\t\t\t\t\t\t\t\t<hr \/><p style=\"text-align: center;\"><span style=\"color: rgba(60, 60, 60, 0.99); font-family: helvetica, arial, sans-serif; font-size: 18.6667px; text-align: center;\">27 de abril de 1918 \u2013 23 de marzo de 2002<\/span><\/p><hr \/><p style=\"text-align: center;\">\u00a0<\/p>\t\t\t\t\t\t\t\t<\/div>\n\t\t\t\t<\/div>\n\t\t\t\t<div class=\"elementor-element elementor-element-09ec58c elementor-widget elementor-widget-text-editor\" data-id=\"09ec58c\" data-element_type=\"widget\" data-e-type=\"widget\" data-widget_type=\"text-editor.default\">\n\t\t\t\t<div class=\"elementor-widget-container\">\n\t\t\t\t\t\t\t\t\t<p style=\"text-align: center;\">\n<\/p><p style=\"text-align: center;\"><span style=\"font-family: helvetica, arial, sans-serif; font-size: 14pt; color: rgba(60, 60, 60, 0.99);\">Doctor en Ciencias Econ\u00f3micas y Jur\u00eddicas de la Pontificia Universidad Javeriana de Bogot\u00e1 (1942). M\u00e1ster en Econom\u00eda (1944) y M\u00e1ster en Administraci\u00f3n P\u00fablica (1945) de la Universidad de Syracuse, Estados Unidos.\u00a0 Especialista en Asuntos Internacionales, Finanzas y Diplomacia de la Universidad\u00a0 John Hopkins, Washington D.C., Estados Unidos (1946).\u00a0<\/span><\/p><p style=\"text-align: center;\"><span style=\"font-family: helvetica, arial, sans-serif; font-size: 14pt; color: rgba(60, 60, 60, 0.99);\"><br><\/span><\/p>\t\t\t\t\t\t\t\t<\/div>\n\t\t\t\t<\/div>\n\t\t\t\t\t<\/div>\n\t\t<\/div>\n\t\t\t\t\t<\/div>\n\t\t<\/section>\n\t\t\t\t<section class=\"elementor-section elementor-top-section elementor-element elementor-element-d9e0fec elementor-section-boxed elementor-section-height-default elementor-section-height-default\" data-id=\"d9e0fec\" data-element_type=\"section\" data-e-type=\"section\">\n\t\t\t\t\t\t<div class=\"elementor-container elementor-column-gap-default\">\n\t\t\t\t\t<div class=\"elementor-column elementor-col-100 elementor-top-column elementor-element elementor-element-56dc40e\" data-id=\"56dc40e\" data-element_type=\"column\" data-e-type=\"column\">\n\t\t\t<div class=\"elementor-widget-wrap elementor-element-populated\">\n\t\t\t\t\t\t<div class=\"elementor-element elementor-element-889be92 elementor-widget elementor-widget-text-editor\" data-id=\"889be92\" data-element_type=\"widget\" data-e-type=\"widget\" data-widget_type=\"text-editor.default\">\n\t\t\t\t<div class=\"elementor-widget-container\">\n\t\t\t\t\t\t\t\t\t<p><span style=\"color: #000000; font-family: helvetica, arial, sans-serif;\">\u00a0<\/span><\/p><p><span style=\"font-family: helvetica, arial, sans-serif; font-size: 14pt; color: rgba(60, 60, 60, 0.99);\">Entre sus principales logros, est\u00e1n:<\/span><\/p><p>\u00a0<\/p><p><span style=\"font-family: helvetica, arial, sans-serif; font-size: 14pt; color: rgba(60, 60, 60, 0.99);\">\u2013 Tesis <span style=\"color: #006699;\"><strong><a style=\"color: #006699;\" href=\"https:\/\/drive.google.com\/file\/d\/1tNpaHtsrEwc-Dce6XxXSllqr4tSbPe1X\/view\" target=\"_blank\" rel=\"noopener\">\u201cProject for the Creation of the Colombian Institute for Advanced Trainig Abroad\u201d<\/a><\/strong><\/span><\/span><\/p><p><span style=\"font-size: 14pt; color: #006699;\"><strong><span style=\"font-family: helvetica, arial, sans-serif;\">\u00a0 \u00a0 \u00a0 \u00a0<a style=\"color: #006699;\" href=\"https:\/\/drive.google.com\/file\/d\/1yIOSNVi5FyB_3saf9Z7GV6rrGuj4JIhe\/view\" target=\"_blank\" rel=\"noopener\">As\u00ed Naci\u00f3 el Primer Instituto de Cr\u00e9dito Educativo \u2013 ICETEX<\/a><\/span><\/strong><\/span><\/p><p>\u00a0<\/p><p><span style=\"font-family: helvetica, arial, sans-serif; font-size: 14pt; color: rgba(60, 60, 60, 0.99);\">\u2013 Promotor, Fundador (1950) y primer Director General del Instituto Colombiano de Cr\u00e9dito Educativo y Estudios T\u00e9cnicos en el Exterior \u201cMariano Ospina P\u00e9rez\u201d, ICETEX, primera instituci\u00f3n de Cr\u00e9dito Educativo en el mundo, (1952-1955); Ministro de Educaci\u00f3n, (1955-1956); ide\u00f3 y promovi\u00f3 el movimiento sobre la Planeaci\u00f3n Integral de la Educaci\u00f3n, (1955-1956).<\/span><\/p><p>\u00a0<\/p><p><span style=\"font-family: helvetica, arial, sans-serif; font-size: 14pt; color: rgba(60, 60, 60, 0.99);\">\u2013 En septiembre de 1956 obtuvo la creaci\u00f3n del Departamento Administrativo del Servicio Civil, de la Escuela Superior de Administraci\u00f3n P\u00fablica, ESAP, del Banco Educativo Colombiano y del Instituto Piloto de Educaci\u00f3n Rural de Pamplona.<\/span><\/p><p>\u00a0<\/p><p><span style=\"font-family: helvetica, arial, sans-serif; font-size: 14pt; color: rgba(60, 60, 60, 0.99);\">\u2013 Dirigi\u00f3 la elaboraci\u00f3n del informe \u00abPerspectivas del Desarrollo de la Educaci\u00f3n en Am\u00e9rica Latina\u00bb y la preparaci\u00f3n de 25 proyectos de acci\u00f3n inmediata.<\/span><\/p><p>\u00a0<\/p><p><span style=\"font-family: helvetica, arial, sans-serif; font-size: 14pt; color: rgba(60, 60, 60, 0.99);\">\u2013 Dirigi\u00f3 tambi\u00e9n la reforma de la estructura administrativa de la OEA con la creaci\u00f3n de la Subsecretar\u00eda para la Educaci\u00f3n, la Ciencia y la Cultura, los Departamentos de Educaci\u00f3n y Ciencias y el Consejo Interamericano para la Educaci\u00f3n, la Ciencia y la Cultura.<\/span><\/p><p>\u00a0<\/p><p><span style=\"font-family: helvetica, arial, sans-serif; font-size: 14pt; color: rgba(60, 60, 60, 0.99);\">\u2013 En 1966 promovi\u00f3 la creaci\u00f3n del Departamento de Planeaci\u00f3n, Financiaci\u00f3n y Administraci\u00f3n de la Educaci\u00f3n de la UNESCO. En Agosto fue nombrado nuevamente Ministro de Educaci\u00f3n de Colombia por el Presidente Carlos Lleras Restrepo.<\/span><\/p><p>\u00a0<\/p><p><span style=\"font-family: helvetica, arial, sans-serif; font-size: 14pt; color: rgba(60, 60, 60, 0.99);\">\u2013 <\/span><span style=\"font-family: helvetica, arial, sans-serif; font-size: 14pt; color: rgba(60, 60, 60, 0.99);\">Promovi\u00f3, adem\u00e1s, la creaci\u00f3n del Centro Regional para el Fomento del Libro en Am\u00e9rica Latina y el Caribe, CERLALC.<\/span><\/p><p>\u00a0<\/p><p><span style=\"font-family: helvetica, arial, sans-serif; font-size: 14pt; color: rgba(60, 60, 60, 0.99);\">\u2013 Fue Director General de la Asociaci\u00f3n Colombiana de Universidades, ASCUN, y del Fondo Universitario\u00a0 Nacional,\u00a0 hoy ICFES; Subdirector General de la UNESCO para el sector de la Educaci\u00f3n, con sede en Par\u00eds; Embajador de Colombia ante la UNESCO; Presidente de la Confederaci\u00f3n Mundial de Educaci\u00f3n en Ginebra; Miembro del Consejo Educativo de la UNESCO, (seis a\u00f1os) y Vicepresidente del mismo;\u00a0 Miembro de la Junta Directiva del ICETEX; y Consultor para Am\u00e9rica Latina de la Fundaci\u00f3n Holandesa Bernard Van Leer; Miembro del Club de Roma.<\/span><\/p>\t\t\t\t\t\t\t\t<\/div>\n\t\t\t\t<\/div>\n\t\t\t\t\t<\/div>\n\t\t<\/div>\n\t\t\t\t\t<\/div>\n\t\t<\/section>\n\t\t\t\t<section class=\"elementor-section elementor-top-section elementor-element elementor-element-c349e75 elementor-section-boxed elementor-section-height-default elementor-section-height-default\" data-id=\"c349e75\" data-element_type=\"section\" data-e-type=\"section\">\n\t\t\t\t\t\t<div class=\"elementor-container elementor-column-gap-default\">\n\t\t\t\t\t<div class=\"elementor-column elementor-col-50 elementor-top-column elementor-element elementor-element-3adda58\" data-id=\"3adda58\" data-element_type=\"column\" data-e-type=\"column\">\n\t\t\t<div class=\"elementor-widget-wrap elementor-element-populated\">\n\t\t\t\t\t\t<div class=\"elementor-element elementor-element-61ab24d elementor-widget elementor-widget-spacer\" data-id=\"61ab24d\" data-element_type=\"widget\" data-e-type=\"widget\" data-widget_type=\"spacer.default\">\n\t\t\t\t<div class=\"elementor-widget-container\">\n\t\t\t\t\t\t\t<div class=\"elementor-spacer\">\n\t\t\t<div class=\"elementor-spacer-inner\"><\/div>\n\t\t<\/div>\n\t\t\t\t\t\t<\/div>\n\t\t\t\t<\/div>\n\t\t\t\t<div class=\"elementor-element elementor-element-e7df798 elementor-widget elementor-widget-image\" data-id=\"e7df798\" data-element_type=\"widget\" data-e-type=\"widget\" data-widget_type=\"image.default\">\n\t\t\t\t<div class=\"elementor-widget-container\">\n\t\t\t\t\t\t\t\t\t\t\t\t\t\t\t<img decoding=\"async\" width=\"300\" height=\"158\" src=\"https:\/\/apice.org.co\/site\/wp-content\/uploads\/2023\/10\/Gabriel-Betancur-Mejia-300x158.jpg\" class=\"attachment-medium size-medium wp-image-6118\" alt=\"\" srcset=\"https:\/\/apice.org.co\/site\/wp-content\/uploads\/2023\/10\/Gabriel-Betancur-Mejia-300x158.jpg 300w, https:\/\/apice.org.co\/site\/wp-content\/uploads\/2023\/10\/Gabriel-Betancur-Mejia-320x169.jpg 320w, https:\/\/apice.org.co\/site\/wp-content\/uploads\/2023\/10\/Gabriel-Betancur-Mejia.jpg 394w\" sizes=\"(max-width: 300px) 100vw, 300px\" \/>\t\t\t\t\t\t\t\t\t\t\t\t\t\t\t<\/div>\n\t\t\t\t<\/div>\n\t\t\t\t\t<\/div>\n\t\t<\/div>\n\t\t\t\t<div class=\"elementor-column elementor-col-50 elementor-top-column elementor-element elementor-element-c6e1237\" data-id=\"c6e1237\" data-element_type=\"column\" data-e-type=\"column\">\n\t\t\t<div class=\"elementor-widget-wrap elementor-element-populated\">\n\t\t\t\t\t\t<div class=\"elementor-element elementor-element-4d22985 elementor-widget elementor-widget-spacer\" data-id=\"4d22985\" data-element_type=\"widget\" data-e-type=\"widget\" data-widget_type=\"spacer.default\">\n\t\t\t\t<div class=\"elementor-widget-container\">\n\t\t\t\t\t\t\t<div class=\"elementor-spacer\">\n\t\t\t<div class=\"elementor-spacer-inner\"><\/div>\n\t\t<\/div>\n\t\t\t\t\t\t<\/div>\n\t\t\t\t<\/div>\n\t\t\t\t<div class=\"elementor-element elementor-element-e070a9a elementor-widget elementor-widget-image\" data-id=\"e070a9a\" data-element_type=\"widget\" data-e-type=\"widget\" data-widget_type=\"image.default\">\n\t\t\t\t<div class=\"elementor-widget-container\">\n\t\t\t\t\t\t\t\t\t\t\t\t\t\t\t<img decoding=\"async\" width=\"300\" height=\"158\" src=\"https:\/\/apice.org.co\/site\/wp-content\/uploads\/2023\/10\/Gabriel-Betancur-Mejia-1.jpg\" class=\"attachment-large size-large wp-image-6147\" alt=\"\" \/>\t\t\t\t\t\t\t\t\t\t\t\t\t\t\t<\/div>\n\t\t\t\t<\/div>\n\t\t\t\t\t<\/div>\n\t\t<\/div>\n\t\t\t\t\t<\/div>\n\t\t<\/section>\n\t\t\t\t<section class=\"elementor-section elementor-top-section elementor-element elementor-element-6fb51e6 elementor-section-boxed elementor-section-height-default elementor-section-height-default\" data-id=\"6fb51e6\" data-element_type=\"section\" data-e-type=\"section\">\n\t\t\t\t\t\t<div class=\"elementor-container elementor-column-gap-default\">\n\t\t\t\t\t<div class=\"elementor-column elementor-col-100 elementor-top-column elementor-element elementor-element-bdf17df\" data-id=\"bdf17df\" data-element_type=\"column\" data-e-type=\"column\">\n\t\t\t<div class=\"elementor-widget-wrap elementor-element-populated\">\n\t\t\t\t\t\t<div class=\"elementor-element elementor-element-22cca29 elementor-widget elementor-widget-spacer\" data-id=\"22cca29\" data-element_type=\"widget\" data-e-type=\"widget\" data-widget_type=\"spacer.default\">\n\t\t\t\t<div class=\"elementor-widget-container\">\n\t\t\t\t\t\t\t<div class=\"elementor-spacer\">\n\t\t\t<div class=\"elementor-spacer-inner\"><\/div>\n\t\t<\/div>\n\t\t\t\t\t\t<\/div>\n\t\t\t\t<\/div>\n\t\t\t\t\t<\/div>\n\t\t<\/div>\n\t\t\t\t\t<\/div>\n\t\t<\/section>\n\t\t\t\t<section class=\"elementor-section elementor-top-section elementor-element elementor-element-97b3077 elementor-section-boxed elementor-section-height-default elementor-section-height-default\" data-id=\"97b3077\" data-element_type=\"section\" data-e-type=\"section\">\n\t\t\t\t\t\t<div class=\"elementor-container elementor-column-gap-default\">\n\t\t\t\t\t<div class=\"elementor-column elementor-col-100 elementor-top-column elementor-element elementor-element-5def35d\" data-id=\"5def35d\" data-element_type=\"column\" data-e-type=\"column\">\n\t\t\t<div class=\"elementor-widget-wrap elementor-element-populated\">\n\t\t\t\t\t\t<div class=\"elementor-element elementor-element-0316c5a elementor-widget elementor-widget-text-editor\" data-id=\"0316c5a\" data-element_type=\"widget\" data-e-type=\"widget\" data-widget_type=\"text-editor.default\">\n\t\t\t\t<div class=\"elementor-widget-container\">\n\t\t\t\t\t\t\t\t\t<p style=\"text-align: center;\"><span style=\"font-family: helvetica, arial, sans-serif; font-size: 14pt; color: rgba(60, 60, 60, 0.99);\">\u00abColombiano, iberoamericano, ciudadano del mundo: fue conocido y apreciado por Papas, Presidentes, l\u00edderes y ciudadanos de todo el planeta. La educaci\u00f3n de toda la humanidad y en especial la de los j\u00f3venes m\u00e1s capaces y de menores recursos econ\u00f3micos, as\u00ed como la integraci\u00f3n de la Comunidad latinoamericana de Naciones fueron sus pasiones. A todos nos arrastr\u00f3 con su palabra carism\u00e1tica, firme, segura, documentada y sencilla.<\/span><\/p><p>\u00a0<\/p><p style=\"text-align: center;\"><span style=\"font-family: helvetica, arial, sans-serif; font-size: 14pt; color: rgba(60, 60, 60, 0.99);\">No tengamos pena; su sonrisa siempre optimista fruto de su personalidad perseverante, arrolladora y tenaz siempre nos acompa\u00f1ar\u00e1. Estamos ante un hombre grande, y los hombres grandes nos dan tranquilidad y paz: \u00a1Esta es su herencia suprema! Los hombres grandes, como Gabriel Betancur Mej\u00eda, siempre dan un paso adelante y, cuando llegan al d\u00eda final, salen de la Vida para ingresar, cargados de m\u00e9ritos, en la galer\u00eda eterna de Personajes ilustres de la Historia.\u00bb<\/span><\/p><p>\u00a0<\/p><p style=\"text-align: center;\"><span style=\"font-family: helvetica, arial, sans-serif; font-size: 12pt; color: rgba(60, 60, 60, 0.99);\"><strong>(Dr. Jorge T\u00e9llez Fuentes, Director Ejecutivo de APICE,\u00a0durante las honras f\u00fanebres del Dr. Gabriel Betancur Mej\u00eda el d\u00eda 26 de Marzo del a\u00f1o 2002 en Bogot\u00e1, D.C., Colombia)<\/strong><\/span><\/p>\t\t\t\t\t\t\t\t<\/div>\n\t\t\t\t<\/div>\n\t\t\t\t\t<\/div>\n\t\t<\/div>\n\t\t\t\t\t<\/div>\n\t\t<\/section>\n\t\t\t\t<section class=\"elementor-section elementor-top-section elementor-element elementor-element-13dba15 elementor-section-boxed elementor-section-height-default elementor-section-height-default\" data-id=\"13dba15\" data-element_type=\"section\" data-e-type=\"section\">\n\t\t\t\t\t\t<div class=\"elementor-container elementor-column-gap-default\">\n\t\t\t\t\t<div class=\"elementor-column elementor-col-100 elementor-top-column elementor-element elementor-element-bd6a135\" data-id=\"bd6a135\" data-element_type=\"column\" data-e-type=\"column\">\n\t\t\t<div class=\"elementor-widget-wrap elementor-element-populated\">\n\t\t\t\t\t\t<div class=\"elementor-element elementor-element-a29fb6a elementor-widget elementor-widget-spacer\" data-id=\"a29fb6a\" data-element_type=\"widget\" data-e-type=\"widget\" data-widget_type=\"spacer.default\">\n\t\t\t\t<div class=\"elementor-widget-container\">\n\t\t\t\t\t\t\t<div class=\"elementor-spacer\">\n\t\t\t<div class=\"elementor-spacer-inner\"><\/div>\n\t\t<\/div>\n\t\t\t\t\t\t<\/div>\n\t\t\t\t<\/div>\n\t\t\t\t\t<\/div>\n\t\t<\/div>\n\t\t\t\t\t<\/div>\n\t\t<\/section>\n\t\t\t\t<\/div>\n\t\t","protected":false},"excerpt":{"rendered":"<p>PADRE DEL CR\u00c9DITO EDUCATIVO Gabriel Betancur Mej\u00eda Promotor de la creaci\u00f3n de la Asociaci\u00f3n Panamericana de Instituciones de Cr\u00e9dito Educativo,\u00a0 \u00c1PICE, y Presidente Honorario de la Asociaci\u00f3n desde su fundaci\u00f3n (1969). V\u00eddeo Biogr\u00e1fico: Vida y Obra Dr. Gabriel Betancur Mej\u00eda\u00a0 \u00a0 https:\/\/youtu.be\/nvPO27UhWjo Notas biogr\u00e1ficas: Dr. Gabriel Betancur Mej\u00eda 27 de abril: D\u00eda Internacional del Cr\u00e9dito [&hellip;]<\/p>\n","protected":false},"author":4,"featured_media":0,"parent":0,"menu_order":0,"comment_status":"closed","ping_status":"closed","template":"","meta":{"_acf_changed":false,"om_disable_all_campaigns":false,"_exactmetrics_skip_tracking":false,"_exactmetrics_sitenote_active":false,"_exactmetrics_sitenote_note":"","_exactmetrics_sitenote_category":0,"_uf_show_specific_survey":0,"_uf_disable_surveys":false,"footnotes":""},"class_list":["post-4085","page","type-page","status-publish","hentry"],"acf":[],"aioseo_notices":[],"_links":{"self":[{"href":"https:\/\/apice.org.co\/site\/wp-json\/wp\/v2\/pages\/4085","targetHints":{"allow":["GET"]}}],"collection":[{"href":"https:\/\/apice.org.co\/site\/wp-json\/wp\/v2\/pages"}],"about":[{"href":"https:\/\/apice.org.co\/site\/wp-json\/wp\/v2\/types\/page"}],"author":[{"embeddable":true,"href":"https:\/\/apice.org.co\/site\/wp-json\/wp\/v2\/users\/4"}],"replies":[{"embeddable":true,"href":"https:\/\/apice.org.co\/site\/wp-json\/wp\/v2\/comments?post=4085"}],"version-history":[{"count":102,"href":"https:\/\/apice.org.co\/site\/wp-json\/wp\/v2\/pages\/4085\/revisions"}],"predecessor-version":[{"id":10912,"href":"https:\/\/apice.org.co\/site\/wp-json\/wp\/v2\/pages\/4085\/revisions\/10912"}],"wp:attachment":[{"href":"https:\/\/apice.org.co\/site\/wp-json\/wp\/v2\/media?parent=4085"}],"curies":[{"name":"wp","href":"https:\/\/api.w.org\/{rel}","templated":true}]}}