{"id":5283,"date":"2023-10-26T09:25:03","date_gmt":"2023-10-26T14:25:03","guid":{"rendered":"https:\/\/apice.org.co\/site\/?page_id=5283"},"modified":"2025-06-16T11:14:07","modified_gmt":"2025-06-16T16:14:07","slug":"movilidad-academica-internacional","status":"publish","type":"page","link":"https:\/\/apice.org.co\/site\/movilidad-academica-internacional\/","title":{"rendered":"Movilidad acad\u00e9mica internacional"},"content":{"rendered":"\t\t<div data-elementor-type=\"wp-page\" data-elementor-id=\"5283\" class=\"elementor elementor-5283\" data-elementor-post-type=\"page\">\n\t\t\t\t\t\t<section class=\"elementor-section elementor-top-section elementor-element elementor-element-25959fe9 elementor-section-boxed elementor-section-height-default elementor-section-height-default\" data-id=\"25959fe9\" data-element_type=\"section\" data-e-type=\"section\">\n\t\t\t\t\t\t<div class=\"elementor-container elementor-column-gap-default\">\n\t\t\t\t\t<div class=\"elementor-column elementor-col-100 elementor-top-column elementor-element elementor-element-127ecb7b\" data-id=\"127ecb7b\" data-element_type=\"column\" data-e-type=\"column\">\n\t\t\t<div class=\"elementor-widget-wrap elementor-element-populated\">\n\t\t\t\t\t\t<section class=\"elementor-section elementor-inner-section elementor-element elementor-element-69b414f elementor-section-boxed elementor-section-height-default elementor-section-height-default\" data-id=\"69b414f\" data-element_type=\"section\" data-e-type=\"section\">\n\t\t\t\t\t\t<div class=\"elementor-container elementor-column-gap-default\">\n\t\t\t\t\t<div class=\"elementor-column elementor-col-50 elementor-inner-column elementor-element elementor-element-f6ad13f\" data-id=\"f6ad13f\" data-element_type=\"column\" data-e-type=\"column\">\n\t\t\t<div class=\"elementor-widget-wrap elementor-element-populated\">\n\t\t\t\t\t\t<div class=\"elementor-element elementor-element-ebbbc94 elementor-widget__width-initial elementor-widget elementor-widget-image-gallery\" data-id=\"ebbbc94\" data-element_type=\"widget\" data-e-type=\"widget\" data-widget_type=\"image-gallery.default\">\n\t\t\t\t<div class=\"elementor-widget-container\">\n\t\t\t\t\t\t\t<div class=\"elementor-image-gallery\">\n\t\t\t<div id='gallery-1' class='gallery galleryid-5283 gallery-columns-1 gallery-size-medium'><figure class='gallery-item'>\n\t\t\t<div class='gallery-icon landscape'>\n\t\t\t\t<a data-elementor-open-lightbox=\"yes\" data-elementor-lightbox-slideshow=\"ebbbc94\" data-elementor-lightbox-title=\"Canada-Niagara Fall\" data-elementor-lightbox-description=\"Estudios de pregrado, posgrado y cursos de ingl\u00e9s en Canad\u00e1, Niagara Fall\" data-e-action-hash=\"#elementor-action%3Aaction%3Dlightbox%26settings%3DeyJpZCI6NjQ5NiwidXJsIjoiaHR0cHM6XC9cL2FwaWNlLm9yZy5jb1wvc2l0ZVwvd3AtY29udGVudFwvdXBsb2Fkc1wvMjAyM1wvMTFcL0NhbmFkYS1OaWFnYXJhLUZhbGwuanBnIiwic2xpZGVzaG93IjoiZWJiYmM5NCJ9\" href='https:\/\/apice.org.co\/site\/wp-content\/uploads\/2023\/11\/Canada-Niagara-Fall.jpg'><img fetchpriority=\"high\" decoding=\"async\" width=\"300\" height=\"225\" src=\"https:\/\/apice.org.co\/site\/wp-content\/uploads\/2023\/11\/Canada-Niagara-Fall-300x225.jpg\" class=\"attachment-medium size-medium\" alt=\"\" srcset=\"https:\/\/apice.org.co\/site\/wp-content\/uploads\/2023\/11\/Canada-Niagara-Fall-300x225.jpg 300w, https:\/\/apice.org.co\/site\/wp-content\/uploads\/2023\/11\/Canada-Niagara-Fall-320x240.jpg 320w, https:\/\/apice.org.co\/site\/wp-content\/uploads\/2023\/11\/Canada-Niagara-Fall-480x360.jpg 480w, https:\/\/apice.org.co\/site\/wp-content\/uploads\/2023\/11\/Canada-Niagara-Fall.jpg 640w\" sizes=\"(max-width: 300px) 100vw, 300px\" \/><\/a>\n\t\t\t<\/div><\/figure><figure class='gallery-item'>\n\t\t\t<div class='gallery-icon landscape'>\n\t\t\t\t<a data-elementor-open-lightbox=\"yes\" data-elementor-lightbox-slideshow=\"ebbbc94\" data-elementor-lightbox-title=\"Espa\u00f1a-lugo\" data-elementor-lightbox-description=\"Maestr\u00edas en Espa\u00f1a con beca\" data-e-action-hash=\"#elementor-action%3Aaction%3Dlightbox%26settings%3DeyJpZCI6NjQ5NSwidXJsIjoiaHR0cHM6XC9cL2FwaWNlLm9yZy5jb1wvc2l0ZVwvd3AtY29udGVudFwvdXBsb2Fkc1wvMjAyM1wvMTFcL0VzcGFuYS1sdWdvLTE0NjM0NTRfMTkyMC5qcGciLCJzbGlkZXNob3ciOiJlYmJiYzk0In0%3D\" href='https:\/\/apice.org.co\/site\/wp-content\/uploads\/2023\/11\/Espana-lugo-1463454_1920.jpg'><img decoding=\"async\" width=\"300\" height=\"225\" src=\"https:\/\/apice.org.co\/site\/wp-content\/uploads\/2023\/11\/Espana-lugo-1463454_1920-300x225.jpg\" class=\"attachment-medium size-medium\" alt=\"\" srcset=\"https:\/\/apice.org.co\/site\/wp-content\/uploads\/2023\/11\/Espana-lugo-1463454_1920-300x225.jpg 300w, https:\/\/apice.org.co\/site\/wp-content\/uploads\/2023\/11\/Espana-lugo-1463454_1920-1024x767.jpg 1024w, https:\/\/apice.org.co\/site\/wp-content\/uploads\/2023\/11\/Espana-lugo-1463454_1920-768x576.jpg 768w, https:\/\/apice.org.co\/site\/wp-content\/uploads\/2023\/11\/Espana-lugo-1463454_1920-1536x1151.jpg 1536w, https:\/\/apice.org.co\/site\/wp-content\/uploads\/2023\/11\/Espana-lugo-1463454_1920-320x240.jpg 320w, https:\/\/apice.org.co\/site\/wp-content\/uploads\/2023\/11\/Espana-lugo-1463454_1920-480x360.jpg 480w, https:\/\/apice.org.co\/site\/wp-content\/uploads\/2023\/11\/Espana-lugo-1463454_1920-800x600.jpg 800w, https:\/\/apice.org.co\/site\/wp-content\/uploads\/2023\/11\/Espana-lugo-1463454_1920.jpg 1920w\" sizes=\"(max-width: 300px) 100vw, 300px\" \/><\/a>\n\t\t\t<\/div><\/figure><figure class='gallery-item'>\n\t\t\t<div class='gallery-icon landscape'>\n\t\t\t\t<a data-elementor-open-lightbox=\"yes\" data-elementor-lightbox-slideshow=\"ebbbc94\" data-elementor-lightbox-title=\"francia-vichy opera\" data-elementor-lightbox-description=\"Cursos de franc\u00e9s en francia\" data-e-action-hash=\"#elementor-action%3Aaction%3Dlightbox%26settings%3DeyJpZCI6NjQ5NCwidXJsIjoiaHR0cHM6XC9cL2FwaWNlLm9yZy5jb1wvc2l0ZVwvd3AtY29udGVudFwvdXBsb2Fkc1wvMjAyM1wvMTFcL2ZyYW5jaWEtdmljaHktb3BlcmEuanBnIiwic2xpZGVzaG93IjoiZWJiYmM5NCJ9\" href='https:\/\/apice.org.co\/site\/wp-content\/uploads\/2023\/11\/francia-vichy-opera.jpg'><img decoding=\"async\" width=\"300\" height=\"200\" src=\"https:\/\/apice.org.co\/site\/wp-content\/uploads\/2023\/11\/francia-vichy-opera-300x200.jpg\" class=\"attachment-medium size-medium\" alt=\"\" srcset=\"https:\/\/apice.org.co\/site\/wp-content\/uploads\/2023\/11\/francia-vichy-opera-300x200.jpg 300w, https:\/\/apice.org.co\/site\/wp-content\/uploads\/2023\/11\/francia-vichy-opera-1024x682.jpg 1024w, https:\/\/apice.org.co\/site\/wp-content\/uploads\/2023\/11\/francia-vichy-opera-768x511.jpg 768w, https:\/\/apice.org.co\/site\/wp-content\/uploads\/2023\/11\/francia-vichy-opera-320x213.jpg 320w, https:\/\/apice.org.co\/site\/wp-content\/uploads\/2023\/11\/francia-vichy-opera-480x320.jpg 480w, https:\/\/apice.org.co\/site\/wp-content\/uploads\/2023\/11\/francia-vichy-opera-800x533.jpg 800w, https:\/\/apice.org.co\/site\/wp-content\/uploads\/2023\/11\/francia-vichy-opera.jpg 1280w\" sizes=\"(max-width: 300px) 100vw, 300px\" \/><\/a>\n\t\t\t<\/div><\/figure>\n\t\t<\/div>\n\t\t<\/div>\n\t\t\t\t\t\t<\/div>\n\t\t\t\t<\/div>\n\t\t\t\t\t<\/div>\n\t\t<\/div>\n\t\t\t\t<div class=\"elementor-column elementor-col-50 elementor-inner-column elementor-element elementor-element-6934c95\" data-id=\"6934c95\" data-element_type=\"column\" data-e-type=\"column\">\n\t\t\t<div class=\"elementor-widget-wrap elementor-element-populated\">\n\t\t\t\t\t\t<div class=\"elementor-element elementor-element-4293e6b elementor-widget elementor-widget-heading\" data-id=\"4293e6b\" data-element_type=\"widget\" data-e-type=\"widget\" data-widget_type=\"heading.default\">\n\t\t\t\t<div class=\"elementor-widget-container\">\n\t\t\t\t\t<h6 class=\"elementor-heading-title elementor-size-default\">Programa<\/h6>\t\t\t\t<\/div>\n\t\t\t\t<\/div>\n\t\t\t\t<div class=\"elementor-element elementor-element-69420793 elementor-widget elementor-widget-heading\" data-id=\"69420793\" data-element_type=\"widget\" data-e-type=\"widget\" data-widget_type=\"heading.default\">\n\t\t\t\t<div class=\"elementor-widget-container\">\n\t\t\t\t\t<h2 class=\"elementor-heading-title elementor-size-default\">De Movilidad Acad\u00e9mica Internacional<\/h2>\t\t\t\t<\/div>\n\t\t\t\t<\/div>\n\t\t\t\t<div class=\"elementor-element elementor-element-dd101a9 elementor-widget elementor-widget-text-editor\" data-id=\"dd101a9\" data-element_type=\"widget\" data-e-type=\"widget\" data-widget_type=\"text-editor.default\">\n\t\t\t\t<div class=\"elementor-widget-container\">\n\t\t\t\t\t\t\t\t\t<p><span style=\"color: rgba(60, 60, 60, 0.99); font-family: helvetica, arial, sans-serif; font-size: 14pt;\">El Programa de Movilidad Acad\u00e9mica Internacional, PROMAI, est\u00e1 al servicio de toda aquella persona interesada en expandir sus conocimientos a nivel internacional, bien sea, adquiriendo un segundo idioma o adquiriendo estudios a nivel superior. En algunos casos con ayudas financieras o cr\u00e9ditos educativos.<\/span><\/p>\t\t\t\t\t\t\t\t<\/div>\n\t\t\t\t<\/div>\n\t\t\t\t<div class=\"elementor-element elementor-element-9e03029 elementor-tabs-view-horizontal elementor-widget elementor-widget-tabs\" data-id=\"9e03029\" data-element_type=\"widget\" data-e-type=\"widget\" data-widget_type=\"tabs.default\">\n\t\t\t\t<div class=\"elementor-widget-container\">\n\t\t\t\t\t\t\t<div class=\"elementor-tabs\">\n\t\t\t<div class=\"elementor-tabs-wrapper\" role=\"tablist\" >\n\t\t\t\t\t\t\t\t\t<div id=\"elementor-tab-title-1651\" class=\"elementor-tab-title elementor-tab-desktop-title\" aria-selected=\"true\" data-tab=\"1\" role=\"tab\" tabindex=\"0\" aria-controls=\"elementor-tab-content-1651\" aria-expanded=\"false\">Misi\u00f3n \u25bc<\/div>\n\t\t\t\t\t\t\t\t\t<div id=\"elementor-tab-title-1652\" class=\"elementor-tab-title elementor-tab-desktop-title\" aria-selected=\"false\" data-tab=\"2\" role=\"tab\" tabindex=\"-1\" aria-controls=\"elementor-tab-content-1652\" aria-expanded=\"false\">Objetivo del propgrama \u25bc<\/div>\n\t\t\t\t\t\t\t<\/div>\n\t\t\t<div class=\"elementor-tabs-content-wrapper\" role=\"tablist\" aria-orientation=\"vertical\">\n\t\t\t\t\t\t\t\t\t<div class=\"elementor-tab-title elementor-tab-mobile-title\" aria-selected=\"true\" data-tab=\"1\" role=\"tab\" tabindex=\"0\" aria-controls=\"elementor-tab-content-1651\" aria-expanded=\"false\">Misi\u00f3n \u25bc<\/div>\n\t\t\t\t\t<div id=\"elementor-tab-content-1651\" class=\"elementor-tab-content elementor-clearfix\" data-tab=\"1\" role=\"tabpanel\" aria-labelledby=\"elementor-tab-title-1651\" tabindex=\"0\" hidden=\"false\"><p><span style=\"font-family: helvetica, arial, sans-serif; font-size: 14pt; color: rgba(60, 60, 60, 0.99);\">Nuestra misi\u00f3n, enmarcada dentro del Programa de Movilidad Acad\u00e9mica Internacional, es impulsar procesos de mutuo conocimiento, cooperaci\u00f3n e integraci\u00f3n entre los afiliados a \u00c1PICE y sus aliados estrat\u00e9gicos para la consecuci\u00f3n, difusi\u00f3n y aprovechamiento de oportunidades y\/o ayudas financieras que contribuyan a la inserci\u00f3n en la sociedad global del conocimiento.<\/span><\/p><\/div>\n\t\t\t\t\t\t\t\t\t<div class=\"elementor-tab-title elementor-tab-mobile-title\" aria-selected=\"false\" data-tab=\"2\" role=\"tab\" tabindex=\"-1\" aria-controls=\"elementor-tab-content-1652\" aria-expanded=\"false\">Objetivo del propgrama \u25bc<\/div>\n\t\t\t\t\t<div id=\"elementor-tab-content-1652\" class=\"elementor-tab-content elementor-clearfix\" data-tab=\"2\" role=\"tabpanel\" aria-labelledby=\"elementor-tab-title-1652\" tabindex=\"0\" hidden=\"hidden\"><p><span style=\"font-size: 14pt; font-family: helvetica, arial, sans-serif; color: rgba(60, 60, 60, 0.99);\">Facilitar a estudiantes, profesionales, docentes, investigadores y directivos, de Am\u00e9rica Latina y el Caribe, el acceso a estudios de pregrado, posgrado (maestr\u00eda, especializaci\u00f3n y\/o doctorado), cursos de idiomas, cursos cortos, pasant\u00edas, diplomados y seminarios, mediante la oferta de programas de alta calidad acad\u00e9mica y el otorgamiento de ayudas financieras como becas y descuentos.<\/span><\/p><\/div>\n\t\t\t\t\t\t\t<\/div>\n\t\t<\/div>\n\t\t\t\t\t\t<\/div>\n\t\t\t\t<\/div>\n\t\t\t\t\t<\/div>\n\t\t<\/div>\n\t\t\t\t\t<\/div>\n\t\t<\/section>\n\t\t\t\t\t<\/div>\n\t\t<\/div>\n\t\t\t\t\t<\/div>\n\t\t<\/section>\n\t\t\t\t<section class=\"elementor-section elementor-top-section elementor-element elementor-element-1280a691 elementor-section-boxed elementor-section-height-default elementor-section-height-default\" data-id=\"1280a691\" data-element_type=\"section\" data-e-type=\"section\">\n\t\t\t\t\t\t<div class=\"elementor-container elementor-column-gap-default\">\n\t\t\t\t\t<div class=\"elementor-column elementor-col-100 elementor-top-column elementor-element elementor-element-29899d6d\" data-id=\"29899d6d\" data-element_type=\"column\" data-e-type=\"column\">\n\t\t\t<div class=\"elementor-widget-wrap elementor-element-populated\">\n\t\t\t\t\t\t<section class=\"elementor-section elementor-inner-section elementor-element elementor-element-ee3221d elementor-section-boxed elementor-section-height-default elementor-section-height-default\" data-id=\"ee3221d\" data-element_type=\"section\" data-e-type=\"section\">\n\t\t\t\t\t\t<div class=\"elementor-container elementor-column-gap-default\">\n\t\t\t\t\t<div class=\"elementor-column elementor-col-50 elementor-inner-column elementor-element elementor-element-9e90d66\" data-id=\"9e90d66\" data-element_type=\"column\" data-e-type=\"column\">\n\t\t\t<div class=\"elementor-widget-wrap elementor-element-populated\">\n\t\t\t\t\t\t<div class=\"elementor-element elementor-element-14888a1 elementor-widget elementor-widget-heading\" data-id=\"14888a1\" data-element_type=\"widget\" data-e-type=\"widget\" data-widget_type=\"heading.default\">\n\t\t\t\t<div class=\"elementor-widget-container\">\n\t\t\t\t\t<h6 class=\"elementor-heading-title elementor-size-default\">Servicios<\/h6>\t\t\t\t<\/div>\n\t\t\t\t<\/div>\n\t\t\t\t<div class=\"elementor-element elementor-element-65eefdd elementor-widget elementor-widget-heading\" data-id=\"65eefdd\" data-element_type=\"widget\" data-e-type=\"widget\" data-widget_type=\"heading.default\">\n\t\t\t\t<div class=\"elementor-widget-container\">\n\t\t\t\t\t<h2 class=\"elementor-heading-title elementor-size-default\">PROMAI<\/h2>\t\t\t\t<\/div>\n\t\t\t\t<\/div>\n\t\t\t\t<div class=\"elementor-element elementor-element-b13f838 elementor-widget elementor-widget-text-editor\" data-id=\"b13f838\" data-element_type=\"widget\" data-e-type=\"widget\" data-widget_type=\"text-editor.default\">\n\t\t\t\t<div class=\"elementor-widget-container\">\n\t\t\t\t\t\t\t\t\t<p><span style=\"color: rgba(60, 60, 60, 0.99); font-family: helvetica, arial, sans-serif; font-size: 14pt;\">Como parte del Programa de Movilidad Acad\u00e9mica Internacional, \u00c1PICE, en alianza con universidades, colleges y escuelas, promueve:\u00a0<\/span><\/p>\t\t\t\t\t\t\t\t<\/div>\n\t\t\t\t<\/div>\n\t\t\t\t\t<\/div>\n\t\t<\/div>\n\t\t\t\t<div class=\"elementor-column elementor-col-50 elementor-inner-column elementor-element elementor-element-5bfa636\" data-id=\"5bfa636\" data-element_type=\"column\" data-e-type=\"column\" data-settings=\"{&quot;background_background&quot;:&quot;classic&quot;}\">\n\t\t\t<div class=\"elementor-widget-wrap elementor-element-populated\">\n\t\t\t\t\t\t<div class=\"elementor-element elementor-element-5ae8c4f elementor-widget elementor-widget-heading\" data-id=\"5ae8c4f\" data-element_type=\"widget\" data-e-type=\"widget\" data-widget_type=\"heading.default\">\n\t\t\t\t<div class=\"elementor-widget-container\">\n\t\t\t\t\t<h6 class=\"elementor-heading-title elementor-size-default\">Cursos de idiomas<\/h6>\t\t\t\t<\/div>\n\t\t\t\t<\/div>\n\t\t\t\t<div class=\"elementor-element elementor-element-0015fdf elementor-widget elementor-widget-text-editor\" data-id=\"0015fdf\" data-element_type=\"widget\" data-e-type=\"widget\" data-widget_type=\"text-editor.default\">\n\t\t\t\t<div class=\"elementor-widget-container\">\n\t\t\t\t\t\t\t\t\t<p><span style=\"color: rgba(60, 60, 60, 0.99); font-family: helvetica, arial, sans-serif; font-size: 14pt;\">Cursos de aprendizaje y perfeccionamiento de ingl\u00e9s, franc\u00e9s y alem\u00e1n.\u00a0<\/span><\/p>\t\t\t\t\t\t\t\t<\/div>\n\t\t\t\t<\/div>\n\t\t\t\t<div class=\"elementor-element elementor-element-d0998b8 elementor-align-right elementor-widget__width-initial elementor-widget elementor-widget-button\" data-id=\"d0998b8\" data-element_type=\"widget\" data-e-type=\"widget\" data-widget_type=\"button.default\">\n\t\t\t\t<div class=\"elementor-widget-container\">\n\t\t\t\t\t\t\t\t\t<div class=\"elementor-button-wrapper\">\n\t\t\t\t\t<a class=\"elementor-button elementor-button-link elementor-size-sm elementor-animation-shrink\" href=\"https:\/\/apice.org.co\/site\/idiomas\/\" target=\"_blank\">\n\t\t\t\t\t\t<span class=\"elementor-button-content-wrapper\">\n\t\t\t\t\t\t<span class=\"elementor-button-icon\">\n\t\t\t\t<i aria-hidden=\"true\" class=\"fas fa-plus\"><\/i>\t\t\t<\/span>\n\t\t\t\t\t\t\t\t\t<span class=\"elementor-button-text\">Idiomas<\/span>\n\t\t\t\t\t<\/span>\n\t\t\t\t\t<\/a>\n\t\t\t\t<\/div>\n\t\t\t\t\t\t\t\t<\/div>\n\t\t\t\t<\/div>\n\t\t\t\t<div class=\"elementor-element elementor-element-e742f2b elementor-widget elementor-widget-heading\" data-id=\"e742f2b\" data-element_type=\"widget\" data-e-type=\"widget\" data-widget_type=\"heading.default\">\n\t\t\t\t<div class=\"elementor-widget-container\">\n\t\t\t\t\t<h6 class=\"elementor-heading-title elementor-size-default\">Pregrados y posgrados<\/h6>\t\t\t\t<\/div>\n\t\t\t\t<\/div>\n\t\t\t\t<div class=\"elementor-element elementor-element-3affbb3 elementor-widget elementor-widget-text-editor\" data-id=\"3affbb3\" data-element_type=\"widget\" data-e-type=\"widget\" data-widget_type=\"text-editor.default\">\n\t\t\t\t<div class=\"elementor-widget-container\">\n\t\t\t\t\t\t\t\t\t<p><span style=\"color: rgba(60, 60, 60, 0.99); font-family: helvetica, arial, sans-serif; font-size: 14pt;\">Estudios a nivel de diplomado, grado, maestr\u00eda y doctorado.<\/span><\/p>\t\t\t\t\t\t\t\t<\/div>\n\t\t\t\t<\/div>\n\t\t\t\t<div class=\"elementor-element elementor-element-3a79eacf elementor-align-right elementor-widget__width-initial elementor-widget elementor-widget-button\" data-id=\"3a79eacf\" data-element_type=\"widget\" data-e-type=\"widget\" data-widget_type=\"button.default\">\n\t\t\t\t<div class=\"elementor-widget-container\">\n\t\t\t\t\t\t\t\t\t<div class=\"elementor-button-wrapper\">\n\t\t\t\t\t<a class=\"elementor-button elementor-button-link elementor-size-sm elementor-animation-shrink\" href=\"https:\/\/apice.org.co\/site\/pregrados-y-posgrados\/#\" target=\"_blank\">\n\t\t\t\t\t\t<span class=\"elementor-button-content-wrapper\">\n\t\t\t\t\t\t<span class=\"elementor-button-icon\">\n\t\t\t\t<i aria-hidden=\"true\" class=\"fas fa-plus\"><\/i>\t\t\t<\/span>\n\t\t\t\t\t\t\t\t\t<span class=\"elementor-button-text\">Pregrados y posgrado<\/span>\n\t\t\t\t\t<\/span>\n\t\t\t\t\t<\/a>\n\t\t\t\t<\/div>\n\t\t\t\t\t\t\t\t<\/div>\n\t\t\t\t<\/div>\n\t\t\t\t<div class=\"elementor-element elementor-element-b869968 elementor-widget elementor-widget-heading\" data-id=\"b869968\" data-element_type=\"widget\" data-e-type=\"widget\" data-widget_type=\"heading.default\">\n\t\t\t\t<div class=\"elementor-widget-container\">\n\t\t\t\t\t<h6 class=\"elementor-heading-title elementor-size-default\">BECAS INTERNACIONALES<\/h6>\t\t\t\t<\/div>\n\t\t\t\t<\/div>\n\t\t\t\t<div class=\"elementor-element elementor-element-5afebcb elementor-widget elementor-widget-text-editor\" data-id=\"5afebcb\" data-element_type=\"widget\" data-e-type=\"widget\" data-widget_type=\"text-editor.default\">\n\t\t\t\t<div class=\"elementor-widget-container\">\n\t\t\t\t\t\t\t\t\t<p><span style=\"color: rgba(60, 60, 60, 0.99); font-family: helvetica, arial, sans-serif; font-size: 14pt;\">Programa de becas para estudios presenciales y virtuales en diferentes \u00e1reas acad\u00e9micas.\u00a0\u00a0<\/span><\/p>\t\t\t\t\t\t\t\t<\/div>\n\t\t\t\t<\/div>\n\t\t\t\t<div class=\"elementor-element elementor-element-d70fb8b elementor-align-right elementor-widget__width-initial elementor-widget elementor-widget-button\" data-id=\"d70fb8b\" data-element_type=\"widget\" data-e-type=\"widget\" data-widget_type=\"button.default\">\n\t\t\t\t<div class=\"elementor-widget-container\">\n\t\t\t\t\t\t\t\t\t<div class=\"elementor-button-wrapper\">\n\t\t\t\t\t<a class=\"elementor-button elementor-button-link elementor-size-sm elementor-animation-shrink\" href=\"https:\/\/apice.org.co\/site\/becas-internacionales\/\" target=\"_blank\">\n\t\t\t\t\t\t<span class=\"elementor-button-content-wrapper\">\n\t\t\t\t\t\t<span class=\"elementor-button-icon\">\n\t\t\t\t<i aria-hidden=\"true\" class=\"fas fa-plus\"><\/i>\t\t\t<\/span>\n\t\t\t\t\t\t\t\t\t<span class=\"elementor-button-text\">Becas<\/span>\n\t\t\t\t\t<\/span>\n\t\t\t\t\t<\/a>\n\t\t\t\t<\/div>\n\t\t\t\t\t\t\t\t<\/div>\n\t\t\t\t<\/div>\n\t\t\t\t\t<\/div>\n\t\t<\/div>\n\t\t\t\t\t<\/div>\n\t\t<\/section>\n\t\t\t\t<div class=\"elementor-element elementor-element-68bcbfd elementor-widget elementor-widget-spacer\" data-id=\"68bcbfd\" data-element_type=\"widget\" data-e-type=\"widget\" data-widget_type=\"spacer.default\">\n\t\t\t\t<div class=\"elementor-widget-container\">\n\t\t\t\t\t\t\t<div class=\"elementor-spacer\">\n\t\t\t<div class=\"elementor-spacer-inner\"><\/div>\n\t\t<\/div>\n\t\t\t\t\t\t<\/div>\n\t\t\t\t<\/div>\n\t\t\t\t\t<\/div>\n\t\t<\/div>\n\t\t\t\t\t<\/div>\n\t\t<\/section>\n\t\t\t\t<\/div>\n\t\t","protected":false},"excerpt":{"rendered":"<p>Programa De Movilidad Acad\u00e9mica Internacional El Programa de Movilidad Acad\u00e9mica Internacional, PROMAI, est\u00e1 al servicio de toda aquella persona interesada en expandir sus conocimientos a nivel internacional, bien sea, adquiriendo un segundo idioma o adquiriendo estudios a nivel superior. En algunos casos con ayudas financieras o cr\u00e9ditos educativos. Misi\u00f3n \u25bc Objetivo del propgrama \u25bc Misi\u00f3n [&hellip;]<\/p>\n","protected":false},"author":2,"featured_media":0,"parent":0,"menu_order":0,"comment_status":"closed","ping_status":"closed","template":"","meta":{"_acf_changed":false,"om_disable_all_campaigns":false,"_exactmetrics_skip_tracking":false,"_exactmetrics_sitenote_active":false,"_exactmetrics_sitenote_note":"","_exactmetrics_sitenote_category":0,"_uf_show_specific_survey":0,"_uf_disable_surveys":false,"footnotes":""},"class_list":["post-5283","page","type-page","status-publish","hentry"],"acf":[],"aioseo_notices":[],"_links":{"self":[{"href":"https:\/\/apice.org.co\/site\/wp-json\/wp\/v2\/pages\/5283","targetHints":{"allow":["GET"]}}],"collection":[{"href":"https:\/\/apice.org.co\/site\/wp-json\/wp\/v2\/pages"}],"about":[{"href":"https:\/\/apice.org.co\/site\/wp-json\/wp\/v2\/types\/page"}],"author":[{"embeddable":true,"href":"https:\/\/apice.org.co\/site\/wp-json\/wp\/v2\/users\/2"}],"replies":[{"embeddable":true,"href":"https:\/\/apice.org.co\/site\/wp-json\/wp\/v2\/comments?post=5283"}],"version-history":[{"count":22,"href":"https:\/\/apice.org.co\/site\/wp-json\/wp\/v2\/pages\/5283\/revisions"}],"predecessor-version":[{"id":14228,"href":"https:\/\/apice.org.co\/site\/wp-json\/wp\/v2\/pages\/5283\/revisions\/14228"}],"wp:attachment":[{"href":"https:\/\/apice.org.co\/site\/wp-json\/wp\/v2\/media?parent=5283"}],"curies":[{"name":"wp","href":"https:\/\/api.w.org\/{rel}","templated":true}]}}