{"id":5392,"date":"2023-10-26T19:44:39","date_gmt":"2023-10-27T00:44:39","guid":{"rendered":"https:\/\/apice.org.co\/site\/?page_id=5392"},"modified":"2024-06-20T08:38:10","modified_gmt":"2024-06-20T13:38:10","slug":"creduemprender","status":"publish","type":"page","link":"https:\/\/apice.org.co\/site\/creduemprender\/","title":{"rendered":"creduemprender"},"content":{"rendered":"\t\t<div data-elementor-type=\"wp-page\" data-elementor-id=\"5392\" class=\"elementor elementor-5392\" data-elementor-post-type=\"page\">\n\t\t\t\t\t\t<section class=\"elementor-section elementor-top-section elementor-element elementor-element-33ebf2d elementor-section-boxed elementor-section-height-default elementor-section-height-default\" data-id=\"33ebf2d\" data-element_type=\"section\" data-e-type=\"section\">\n\t\t\t\t\t\t<div class=\"elementor-container elementor-column-gap-default\">\n\t\t\t\t\t<div class=\"elementor-column elementor-col-100 elementor-top-column elementor-element elementor-element-7c1049d\" data-id=\"7c1049d\" data-element_type=\"column\" data-e-type=\"column\">\n\t\t\t<div class=\"elementor-widget-wrap elementor-element-populated\">\n\t\t\t\t\t\t<div class=\"elementor-element elementor-element-de04a08 elementor-widget elementor-widget-spacer\" data-id=\"de04a08\" data-element_type=\"widget\" data-e-type=\"widget\" data-widget_type=\"spacer.default\">\n\t\t\t\t<div class=\"elementor-widget-container\">\n\t\t\t\t\t\t\t<div class=\"elementor-spacer\">\n\t\t\t<div class=\"elementor-spacer-inner\"><\/div>\n\t\t<\/div>\n\t\t\t\t\t\t<\/div>\n\t\t\t\t<\/div>\n\t\t\t\t\t<\/div>\n\t\t<\/div>\n\t\t\t\t\t<\/div>\n\t\t<\/section>\n\t\t\t\t<section class=\"elementor-section elementor-top-section elementor-element elementor-element-981e8fd elementor-section-boxed elementor-section-height-default elementor-section-height-default\" data-id=\"981e8fd\" data-element_type=\"section\" data-e-type=\"section\">\n\t\t\t\t\t\t<div class=\"elementor-container elementor-column-gap-default\">\n\t\t\t\t\t<div class=\"elementor-column elementor-col-100 elementor-top-column elementor-element elementor-element-ca5baae\" data-id=\"ca5baae\" data-element_type=\"column\" data-e-type=\"column\">\n\t\t\t<div class=\"elementor-widget-wrap elementor-element-populated\">\n\t\t\t\t\t\t<div class=\"elementor-element elementor-element-4d1f952 elementor-widget elementor-widget-heading\" data-id=\"4d1f952\" data-element_type=\"widget\" data-e-type=\"widget\" data-widget_type=\"heading.default\">\n\t\t\t\t<div class=\"elementor-widget-container\">\n\t\t\t\t\t<h2 class=\"elementor-heading-title elementor-size-default\">Cr\u00e9dito educativo para emprendedores<\/h2>\t\t\t\t<\/div>\n\t\t\t\t<\/div>\n\t\t\t\t<div class=\"elementor-element elementor-element-34d287e elementor-widget elementor-widget-heading\" data-id=\"34d287e\" data-element_type=\"widget\" data-e-type=\"widget\" data-widget_type=\"heading.default\">\n\t\t\t\t<div class=\"elementor-widget-container\">\n\t\t\t\t\t<h2 class=\"elementor-heading-title elementor-size-default\">Programa CREDUEMPRENDER<\/h2>\t\t\t\t<\/div>\n\t\t\t\t<\/div>\n\t\t\t\t\t<\/div>\n\t\t<\/div>\n\t\t\t\t\t<\/div>\n\t\t<\/section>\n\t\t\t\t<section class=\"elementor-section elementor-top-section elementor-element elementor-element-e82e99d elementor-section-boxed elementor-section-height-default elementor-section-height-default\" data-id=\"e82e99d\" data-element_type=\"section\" data-e-type=\"section\">\n\t\t\t\t\t\t<div class=\"elementor-container elementor-column-gap-default\">\n\t\t\t\t\t<div class=\"elementor-column elementor-col-100 elementor-top-column elementor-element elementor-element-f90c7a9\" data-id=\"f90c7a9\" data-element_type=\"column\" data-e-type=\"column\">\n\t\t\t<div class=\"elementor-widget-wrap elementor-element-populated\">\n\t\t\t\t\t\t<div class=\"elementor-element elementor-element-dee48a9 elementor-widget elementor-widget-text-editor\" data-id=\"dee48a9\" data-element_type=\"widget\" data-e-type=\"widget\" data-widget_type=\"text-editor.default\">\n\t\t\t\t<div class=\"elementor-widget-container\">\n\t\t\t\t\t\t\t\t\t<p>\u00a0<\/p><p style=\"text-align: center;\"><img decoding=\"async\" class=\" wp-image-6658 aligncenter\" src=\"https:\/\/apice.org.co\/site\/wp-content\/uploads\/2023\/11\/Logo-CREDUEMPRENDER-300x121-1.png\" alt=\"\" width=\"178\" height=\"72\" \/><\/p><p>\u00a0<\/p><p style=\"text-align: center;\"><span style=\"font-family: helvetica, arial, sans-serif; font-size: 14pt; color: rgba(60, 60, 60, 0.99);\">Programa de Acceso a Educaci\u00f3n, mediante Cr\u00e9dito Educativo, para Emprendedores Colombianos y para Venezolanos Migrantes Residentes en Colombia<\/span><\/p><p>\u00a0<\/p>\t\t\t\t\t\t\t\t<\/div>\n\t\t\t\t<\/div>\n\t\t\t\t\t<\/div>\n\t\t<\/div>\n\t\t\t\t\t<\/div>\n\t\t<\/section>\n\t\t\t\t<section class=\"elementor-section elementor-top-section elementor-element elementor-element-f29e830 elementor-section-boxed elementor-section-height-default elementor-section-height-default\" data-id=\"f29e830\" data-element_type=\"section\" data-e-type=\"section\">\n\t\t\t\t\t\t<div class=\"elementor-container elementor-column-gap-default\">\n\t\t\t\t\t<div class=\"elementor-column elementor-col-50 elementor-top-column elementor-element elementor-element-299c89c\" data-id=\"299c89c\" data-element_type=\"column\" data-e-type=\"column\">\n\t\t\t<div class=\"elementor-widget-wrap elementor-element-populated\">\n\t\t\t\t\t\t<div class=\"elementor-element elementor-element-8e096f9 elementor-widget elementor-widget-text-editor\" data-id=\"8e096f9\" data-element_type=\"widget\" data-e-type=\"widget\" data-widget_type=\"text-editor.default\">\n\t\t\t\t<div class=\"elementor-widget-container\">\n\t\t\t\t\t\t\t\t\t<p><span style=\"font-family: helvetica, arial, sans-serif; color: rgba(60, 60, 60, 0.99);\"><strong>En Alianza con:<\/strong><\/span><\/p><p>\u00a0<\/p><p style=\"text-align: center;\"><img decoding=\"async\" class=\" wp-image-5407 aligncenter\" src=\"https:\/\/apice.org.co\/site\/wp-content\/uploads\/2023\/10\/Logo-FEM-300x107-1.png\" alt=\"\" width=\"182\" height=\"65\" \/><\/p>\t\t\t\t\t\t\t\t<\/div>\n\t\t\t\t<\/div>\n\t\t\t\t\t<\/div>\n\t\t<\/div>\n\t\t\t\t<div class=\"elementor-column elementor-col-50 elementor-top-column elementor-element elementor-element-0883bd7\" data-id=\"0883bd7\" data-element_type=\"column\" data-e-type=\"column\">\n\t\t\t<div class=\"elementor-widget-wrap elementor-element-populated\">\n\t\t\t\t\t\t<div class=\"elementor-element elementor-element-0e3a8ae elementor-widget elementor-widget-text-editor\" data-id=\"0e3a8ae\" data-element_type=\"widget\" data-e-type=\"widget\" data-widget_type=\"text-editor.default\">\n\t\t\t\t<div class=\"elementor-widget-container\">\n\t\t\t\t\t\t\t\t\t<p><span style=\"font-family: helvetica, arial, sans-serif; color: rgba(60, 60, 60, 0.99);\"><strong>Con el apoyo de:<\/strong><\/span><\/p><p style=\"text-align: center;\"><img decoding=\"async\" class=\" wp-image-5408 aligncenter\" src=\"https:\/\/apice.org.co\/site\/wp-content\/uploads\/2023\/10\/Logo-CFC-260x300-1.png\" alt=\"\" width=\"87\" height=\"100\" \/><\/p>\t\t\t\t\t\t\t\t<\/div>\n\t\t\t\t<\/div>\n\t\t\t\t\t<\/div>\n\t\t<\/div>\n\t\t\t\t\t<\/div>\n\t\t<\/section>\n\t\t\t\t<section class=\"elementor-section elementor-top-section elementor-element elementor-element-51bfb05 elementor-section-boxed elementor-section-height-default elementor-section-height-default\" data-id=\"51bfb05\" data-element_type=\"section\" data-e-type=\"section\">\n\t\t\t\t\t\t<div class=\"elementor-container elementor-column-gap-default\">\n\t\t\t\t\t<div class=\"elementor-column elementor-col-50 elementor-top-column elementor-element elementor-element-3fa3452\" data-id=\"3fa3452\" data-element_type=\"column\" data-e-type=\"column\">\n\t\t\t<div class=\"elementor-widget-wrap elementor-element-populated\">\n\t\t\t\t\t\t<div class=\"elementor-element elementor-element-34e71eb elementor-widget elementor-widget-spacer\" data-id=\"34e71eb\" data-element_type=\"widget\" data-e-type=\"widget\" data-widget_type=\"spacer.default\">\n\t\t\t\t<div class=\"elementor-widget-container\">\n\t\t\t\t\t\t\t<div class=\"elementor-spacer\">\n\t\t\t<div class=\"elementor-spacer-inner\"><\/div>\n\t\t<\/div>\n\t\t\t\t\t\t<\/div>\n\t\t\t\t<\/div>\n\t\t\t\t<div class=\"elementor-element elementor-element-a2c6caf elementor-widget elementor-widget-text-editor\" data-id=\"a2c6caf\" data-element_type=\"widget\" data-e-type=\"widget\" data-widget_type=\"text-editor.default\">\n\t\t\t\t<div class=\"elementor-widget-container\">\n\t\t\t\t\t\t\t\t\t<hr \/><p style=\"text-align: center;\"><span style=\"font-family: helvetica, arial, sans-serif; font-size: 14pt; color: rgba(60, 60, 60, 0.99);\"><strong>\u00bfQu\u00e9 es CREDUEMPRENDER?<\/strong><\/span><\/p><hr \/><p>\u00a0<\/p><p><span style=\"font-family: helvetica, arial, sans-serif; font-size: 14pt; color: rgba(60, 60, 60, 0.99);\">Es un programa de cr\u00e9dito educativo que busca brindar acceso a la educaci\u00f3n para emprendedores colombianos y para venezolanos migrantes residentes en Colombia, y sus familias.<\/span><\/p>\t\t\t\t\t\t\t\t<\/div>\n\t\t\t\t<\/div>\n\t\t\t\t<div class=\"elementor-element elementor-element-8abe392 elementor-widget elementor-widget-text-editor\" data-id=\"8abe392\" data-element_type=\"widget\" data-e-type=\"widget\" data-widget_type=\"text-editor.default\">\n\t\t\t\t<div class=\"elementor-widget-container\">\n\t\t\t\t\t\t\t\t\t<hr \/><p style=\"text-align: center;\"><span style=\"font-family: helvetica, arial, sans-serif; font-size: 14pt; color: rgba(60, 60, 60, 0.99);\"><strong>\u00bfA qui\u00e9nes deseamos apoyar?<\/strong><\/span><\/p><hr \/><p>\u00a0<\/p><p><span style=\"font-family: helvetica, arial, sans-serif; font-size: 14pt; color: rgba(60, 60, 60, 0.99);\">Deseamos alcanzar a emprendedores colombianos, y venezolanos migrantes en estado de legalidad en Colombia, y sus familias, que desean tener o tienen un emprendimiento como base de su sustento, que tengan la necesidad y la voluntad de formarse, para desarrollar habilidades para el trabajo y desarrollo humano, y que actualmente no cuentan con oportunidades econ\u00f3micas para fortalecer su formaci\u00f3n.<\/span><\/p>\t\t\t\t\t\t\t\t<\/div>\n\t\t\t\t<\/div>\n\t\t\t\t<div class=\"elementor-element elementor-element-90c3af7 elementor-widget elementor-widget-text-editor\" data-id=\"90c3af7\" data-element_type=\"widget\" data-e-type=\"widget\" data-widget_type=\"text-editor.default\">\n\t\t\t\t<div class=\"elementor-widget-container\">\n\t\t\t\t\t\t\t\t\t<hr \/><p style=\"text-align: center;\"><span style=\"font-family: helvetica, arial, sans-serif; font-size: 14pt; color: rgba(60, 60, 60, 0.99);\"><strong><b>\u00a1Si esa es tu situaci\u00f3n, el PROGRAMA CREDUEMPRENDER es para <\/b><b>ti<\/b><b>!<\/b><\/strong><\/span><\/p><hr \/><p>\u00a0<\/p>\t\t\t\t\t\t\t\t<\/div>\n\t\t\t\t<\/div>\n\t\t\t\t\t<\/div>\n\t\t<\/div>\n\t\t\t\t<div class=\"elementor-column elementor-col-50 elementor-top-column elementor-element elementor-element-d340b08\" data-id=\"d340b08\" data-element_type=\"column\" data-e-type=\"column\">\n\t\t\t<div class=\"elementor-widget-wrap elementor-element-populated\">\n\t\t\t\t\t\t<div class=\"elementor-element elementor-element-fb0a36d elementor-widget elementor-widget-spacer\" data-id=\"fb0a36d\" data-element_type=\"widget\" data-e-type=\"widget\" data-widget_type=\"spacer.default\">\n\t\t\t\t<div class=\"elementor-widget-container\">\n\t\t\t\t\t\t\t<div class=\"elementor-spacer\">\n\t\t\t<div class=\"elementor-spacer-inner\"><\/div>\n\t\t<\/div>\n\t\t\t\t\t\t<\/div>\n\t\t\t\t<\/div>\n\t\t\t\t<div class=\"elementor-element elementor-element-fb67289 elementor-widget elementor-widget-image\" data-id=\"fb67289\" data-element_type=\"widget\" data-e-type=\"widget\" data-widget_type=\"image.default\">\n\t\t\t\t<div class=\"elementor-widget-container\">\n\t\t\t\t\t\t\t\t\t\t\t\t\t\t\t<img loading=\"lazy\" decoding=\"async\" width=\"540\" height=\"433\" src=\"https:\/\/apice.org.co\/site\/wp-content\/uploads\/2023\/10\/Portada-emprendedor-ed.png\" class=\"attachment-large size-large wp-image-5434\" alt=\"\" srcset=\"https:\/\/apice.org.co\/site\/wp-content\/uploads\/2023\/10\/Portada-emprendedor-ed.png 540w, https:\/\/apice.org.co\/site\/wp-content\/uploads\/2023\/10\/Portada-emprendedor-ed-300x241.png 300w, https:\/\/apice.org.co\/site\/wp-content\/uploads\/2023\/10\/Portada-emprendedor-ed-320x257.png 320w, https:\/\/apice.org.co\/site\/wp-content\/uploads\/2023\/10\/Portada-emprendedor-ed-480x385.png 480w\" sizes=\"(max-width: 540px) 100vw, 540px\" \/>\t\t\t\t\t\t\t\t\t\t\t\t\t\t\t<\/div>\n\t\t\t\t<\/div>\n\t\t\t\t\t<\/div>\n\t\t<\/div>\n\t\t\t\t\t<\/div>\n\t\t<\/section>\n\t\t\t\t<section class=\"elementor-section elementor-top-section elementor-element elementor-element-4365380 elementor-section-boxed elementor-section-height-default elementor-section-height-default\" data-id=\"4365380\" data-element_type=\"section\" data-e-type=\"section\">\n\t\t\t\t\t\t<div class=\"elementor-container elementor-column-gap-default\">\n\t\t\t\t\t<div class=\"elementor-column elementor-col-100 elementor-top-column elementor-element elementor-element-c1b838b\" data-id=\"c1b838b\" data-element_type=\"column\" data-e-type=\"column\">\n\t\t\t<div class=\"elementor-widget-wrap elementor-element-populated\">\n\t\t\t\t\t\t<div class=\"elementor-element elementor-element-ef6387b elementor-widget elementor-widget-accordion\" data-id=\"ef6387b\" data-element_type=\"widget\" data-e-type=\"widget\" data-widget_type=\"accordion.default\">\n\t\t\t\t<div class=\"elementor-widget-container\">\n\t\t\t\t\t\t\t<div class=\"elementor-accordion\">\n\t\t\t\t\t\t\t<div class=\"elementor-accordion-item\">\n\t\t\t\t\t<div id=\"elementor-tab-title-2511\" class=\"elementor-tab-title\" data-tab=\"1\" role=\"button\" aria-controls=\"elementor-tab-content-2511\" aria-expanded=\"false\">\n\t\t\t\t\t\t\t\t\t\t\t\t\t<span class=\"elementor-accordion-icon elementor-accordion-icon-left\" aria-hidden=\"true\">\n\t\t\t\t\t\t\t\t\t\t\t\t\t\t\t<span class=\"elementor-accordion-icon-closed\"><i class=\"fas fa-plus\"><\/i><\/span>\n\t\t\t\t\t\t\t\t<span class=\"elementor-accordion-icon-opened\"><i class=\"fas fa-minus\"><\/i><\/span>\n\t\t\t\t\t\t\t\t\t\t\t\t\t\t<\/span>\n\t\t\t\t\t\t\t\t\t\t\t\t<a class=\"elementor-accordion-title\" tabindex=\"0\">Objetivo General<\/a>\n\t\t\t\t\t<\/div>\n\t\t\t\t\t<div id=\"elementor-tab-content-2511\" class=\"elementor-tab-content elementor-clearfix\" data-tab=\"1\" role=\"region\" aria-labelledby=\"elementor-tab-title-2511\"><p><span style=\"font-size: 14pt; font-family: helvetica, arial, sans-serif; color: rgba(60, 60, 60, 0.99);\">Ofrecer opciones de cr\u00e9dito educativo para que los beneficiarios del\u00a0<strong>PROGRAMA CREDUEMPRENDER<\/strong>\u00a0puedan capacitarse, fortalecer sus capacidades personales y profesionales y mejorar su calidad de vida.<\/span><\/p><p>\u00a0<\/p><p style=\"text-align: center;\"><img loading=\"lazy\" decoding=\"async\" class=\"alignnone size-medium wp-image-6506\" src=\"https:\/\/apice.org.co\/site\/wp-content\/uploads\/2023\/11\/CREDUEMPRENDER-Objetivo-300x186.png\" alt=\"\" width=\"300\" height=\"186\" srcset=\"https:\/\/apice.org.co\/site\/wp-content\/uploads\/2023\/11\/CREDUEMPRENDER-Objetivo-300x186.png 300w, https:\/\/apice.org.co\/site\/wp-content\/uploads\/2023\/11\/CREDUEMPRENDER-Objetivo-320x199.png 320w, https:\/\/apice.org.co\/site\/wp-content\/uploads\/2023\/11\/CREDUEMPRENDER-Objetivo-480x298.png 480w, https:\/\/apice.org.co\/site\/wp-content\/uploads\/2023\/11\/CREDUEMPRENDER-Objetivo.png 644w\" sizes=\"(max-width: 300px) 100vw, 300px\" \/><\/p><\/div>\n\t\t\t\t<\/div>\n\t\t\t\t\t\t\t<div class=\"elementor-accordion-item\">\n\t\t\t\t\t<div id=\"elementor-tab-title-2512\" class=\"elementor-tab-title\" data-tab=\"2\" role=\"button\" aria-controls=\"elementor-tab-content-2512\" aria-expanded=\"false\">\n\t\t\t\t\t\t\t\t\t\t\t\t\t<span class=\"elementor-accordion-icon elementor-accordion-icon-left\" aria-hidden=\"true\">\n\t\t\t\t\t\t\t\t\t\t\t\t\t\t\t<span class=\"elementor-accordion-icon-closed\"><i class=\"fas fa-plus\"><\/i><\/span>\n\t\t\t\t\t\t\t\t<span class=\"elementor-accordion-icon-opened\"><i class=\"fas fa-minus\"><\/i><\/span>\n\t\t\t\t\t\t\t\t\t\t\t\t\t\t<\/span>\n\t\t\t\t\t\t\t\t\t\t\t\t<a class=\"elementor-accordion-title\" tabindex=\"0\">Objetivos espec\u00edficos<\/a>\n\t\t\t\t\t<\/div>\n\t\t\t\t\t<div id=\"elementor-tab-content-2512\" class=\"elementor-tab-content elementor-clearfix\" data-tab=\"2\" role=\"region\" aria-labelledby=\"elementor-tab-title-2512\"><p><span style=\"font-size: 14pt; font-family: helvetica, arial, sans-serif; color: rgba(60, 60, 60, 0.99);\">Potenciar oportunidades laborales y desarrollo de emprendimientos.<\/span><\/p><hr \/><p>\u00a0<\/p><p><span style=\"font-size: 14pt; font-family: helvetica, arial, sans-serif; color: rgba(60, 60, 60, 0.99);\">Contribuir a la disminuci\u00f3n de los niveles de desempleo, desigualdad social y pobreza.<\/span><\/p><hr \/><p>\u00a0<\/p><p><span style=\"font-size: 14pt; font-family: helvetica, arial, sans-serif; color: rgba(60, 60, 60, 0.99);\">Mejorar la calidad de vida y fortalecer capacidades personales y profesionales.<\/span><\/p><hr \/><p>\u00a0<\/p><p><span style=\"font-size: 14pt; font-family: helvetica, arial, sans-serif; color: rgba(60, 60, 60, 0.99);\">Ofrecer un programa de formaci\u00f3n pr\u00e1ctica, mediante alianzas con entidades educativas, orientado a formaci\u00f3n acad\u00e9mica, empresarial, financiera y social para el desarrollo de emprendimientos.<\/span><\/p><hr \/><p>\u00a0<\/p><p><span style=\"font-size: 14pt; font-family: helvetica, arial, sans-serif; color: rgba(60, 60, 60, 0.99);\">Constituir, mediante alianzas con empresarios y cooperantes nacionales e internacionales, un fondo de cr\u00e9dito educativo que permita financiar el acceso a dicho programa de formaci\u00f3n pr\u00e1ctica, con el fin de beneficiar a emprendedores y sus familias.<\/span><\/p><\/div>\n\t\t\t\t<\/div>\n\t\t\t\t\t\t\t\t<\/div>\n\t\t\t\t\t\t<\/div>\n\t\t\t\t<\/div>\n\t\t\t\t\t<\/div>\n\t\t<\/div>\n\t\t\t\t\t<\/div>\n\t\t<\/section>\n\t\t\t\t<section class=\"elementor-section elementor-top-section elementor-element elementor-element-ea8d25d elementor-section-boxed elementor-section-height-default elementor-section-height-default\" data-id=\"ea8d25d\" data-element_type=\"section\" data-e-type=\"section\">\n\t\t\t\t\t\t<div class=\"elementor-container elementor-column-gap-default\">\n\t\t\t\t\t<div class=\"elementor-column elementor-col-100 elementor-top-column elementor-element elementor-element-208104b\" data-id=\"208104b\" data-element_type=\"column\" data-e-type=\"column\">\n\t\t\t<div class=\"elementor-widget-wrap elementor-element-populated\">\n\t\t\t\t\t\t<div class=\"elementor-element elementor-element-fed8654 elementor-widget elementor-widget-spacer\" data-id=\"fed8654\" data-element_type=\"widget\" data-e-type=\"widget\" data-widget_type=\"spacer.default\">\n\t\t\t\t<div class=\"elementor-widget-container\">\n\t\t\t\t\t\t\t<div class=\"elementor-spacer\">\n\t\t\t<div class=\"elementor-spacer-inner\"><\/div>\n\t\t<\/div>\n\t\t\t\t\t\t<\/div>\n\t\t\t\t<\/div>\n\t\t\t\t<div class=\"elementor-element elementor-element-1b6c9ce elementor-align-center elementor-widget elementor-widget-button\" data-id=\"1b6c9ce\" data-element_type=\"widget\" data-e-type=\"widget\" data-widget_type=\"button.default\">\n\t\t\t\t<div class=\"elementor-widget-container\">\n\t\t\t\t\t\t\t\t\t<div class=\"elementor-button-wrapper\">\n\t\t\t\t\t<a class=\"elementor-button elementor-button-link elementor-size-lg\" href=\"https:\/\/apice.org.co\/site\/creduemprender-convocatoria-credito-educativo\/\">\n\t\t\t\t\t\t<span class=\"elementor-button-content-wrapper\">\n\t\t\t\t\t\t<span class=\"elementor-button-icon\">\n\t\t\t\t<i aria-hidden=\"true\" class=\"constimes icon-dobble-angle-right\"><\/i>\t\t\t<\/span>\n\t\t\t\t\t\t\t\t\t<span class=\"elementor-button-text\">Ver Convocatoria de financiaci\u00f3n para la capacitaci\u00f3n de emprendedores<\/span>\n\t\t\t\t\t<\/span>\n\t\t\t\t\t<\/a>\n\t\t\t\t<\/div>\n\t\t\t\t\t\t\t\t<\/div>\n\t\t\t\t<\/div>\n\t\t\t\t<div class=\"elementor-element elementor-element-c2f655c elementor-widget elementor-widget-spacer\" data-id=\"c2f655c\" data-element_type=\"widget\" data-e-type=\"widget\" data-widget_type=\"spacer.default\">\n\t\t\t\t<div class=\"elementor-widget-container\">\n\t\t\t\t\t\t\t<div class=\"elementor-spacer\">\n\t\t\t<div class=\"elementor-spacer-inner\"><\/div>\n\t\t<\/div>\n\t\t\t\t\t\t<\/div>\n\t\t\t\t<\/div>\n\t\t\t\t\t<\/div>\n\t\t<\/div>\n\t\t\t\t\t<\/div>\n\t\t<\/section>\n\t\t\t\t<section class=\"elementor-section elementor-top-section elementor-element elementor-element-1c986c7 elementor-section-boxed elementor-section-height-default elementor-section-height-default\" data-id=\"1c986c7\" data-element_type=\"section\" data-e-type=\"section\">\n\t\t\t\t\t\t<div class=\"elementor-container elementor-column-gap-default\">\n\t\t\t\t\t<div class=\"elementor-column elementor-col-100 elementor-top-column elementor-element elementor-element-217d199\" data-id=\"217d199\" data-element_type=\"column\" data-e-type=\"column\">\n\t\t\t<div class=\"elementor-widget-wrap elementor-element-populated\">\n\t\t\t\t\t\t<div class=\"elementor-element elementor-element-30e8ff1 elementor-widget elementor-widget-accordion\" data-id=\"30e8ff1\" data-element_type=\"widget\" data-e-type=\"widget\" data-widget_type=\"accordion.default\">\n\t\t\t\t<div class=\"elementor-widget-container\">\n\t\t\t\t\t\t\t<div class=\"elementor-accordion\">\n\t\t\t\t\t\t\t<div class=\"elementor-accordion-item\">\n\t\t\t\t\t<div id=\"elementor-tab-title-5121\" class=\"elementor-tab-title\" data-tab=\"1\" role=\"button\" aria-controls=\"elementor-tab-content-5121\" aria-expanded=\"false\">\n\t\t\t\t\t\t\t\t\t\t\t\t\t<span class=\"elementor-accordion-icon elementor-accordion-icon-left\" aria-hidden=\"true\">\n\t\t\t\t\t\t\t\t\t\t\t\t\t\t\t<span class=\"elementor-accordion-icon-closed\"><i class=\"fas fa-plus\"><\/i><\/span>\n\t\t\t\t\t\t\t\t<span class=\"elementor-accordion-icon-opened\"><i class=\"fas fa-minus\"><\/i><\/span>\n\t\t\t\t\t\t\t\t\t\t\t\t\t\t<\/span>\n\t\t\t\t\t\t\t\t\t\t\t\t<a class=\"elementor-accordion-title\" tabindex=\"0\">\u00c1REAS Y PROGRAMAS DE INTER\u00c9S PARA LA FORMACI\u00d3N DE EMPRENDEDORES<\/a>\n\t\t\t\t\t<\/div>\n\t\t\t\t\t<div id=\"elementor-tab-content-5121\" class=\"elementor-tab-content elementor-clearfix\" data-tab=\"1\" role=\"region\" aria-labelledby=\"elementor-tab-title-5121\"><p style=\"text-align: center;\"><img loading=\"lazy\" decoding=\"async\" class=\"alignnone size-medium wp-image-6510\" src=\"https:\/\/apice.org.co\/site\/wp-content\/uploads\/2023\/11\/CREDUEMPRENDER-Programas-Formacion-300x150.jpg\" alt=\"\" width=\"300\" height=\"150\" srcset=\"https:\/\/apice.org.co\/site\/wp-content\/uploads\/2023\/11\/CREDUEMPRENDER-Programas-Formacion-300x150.jpg 300w, https:\/\/apice.org.co\/site\/wp-content\/uploads\/2023\/11\/CREDUEMPRENDER-Programas-Formacion-320x160.jpg 320w, https:\/\/apice.org.co\/site\/wp-content\/uploads\/2023\/11\/CREDUEMPRENDER-Programas-Formacion-480x240.jpg 480w, https:\/\/apice.org.co\/site\/wp-content\/uploads\/2023\/11\/CREDUEMPRENDER-Programas-Formacion.jpg 600w\" sizes=\"(max-width: 300px) 100vw, 300px\" \/><\/p><p>\u00a0<\/p><p><span style=\"font-size: 14pt; font-family: helvetica, arial, sans-serif; color: rgba(60, 60, 60, 0.99);\">Si estas interesado en ser beneficiario del cr\u00e9dito educativo que ofrece el\u00a0<strong>PROGRAMA CREDUEMPRENDER<\/strong>, puedes acceder a programas de capacitaci\u00f3n en \u00e1reas de formaci\u00f3n como las siguientes, entre otras:\u00a0<\/span><\/p><p>\u00a0<\/p><table style=\"border-collapse: collapse; width: 100%;\"><tbody><tr style=\"background-color: edf0ff; border-style: solid; border-color: EDF0FF;\"><td style=\"width: 50%; border-color: #edf0ff; background-color: #edf0ff; text-align: left;\"><span style=\"font-family: helvetica, arial, sans-serif; font-size: 14pt; color: rgba(60, 60, 60, 0.99);\"><strong>Administraci\u00f3n y finanzas<\/strong><\/span><\/td><td style=\"width: 50%; border-color: #edf0ff; background-color: #edf0ff; text-align: left;\"><span style=\"font-family: helvetica, arial, sans-serif; font-size: 14pt; color: rgba(60, 60, 60, 0.99);\"><strong>Mercadeo<\/strong><\/span><\/td><\/tr><tr><td style=\"width: 50%; text-align: center;\"><p style=\"text-align: left;\"><span style=\"font-family: helvetica, arial, sans-serif; font-size: 14pt; color: rgba(60, 60, 60, 0.99);\">&#8211; Modelo y plan de negocios.<\/span><\/p><p style=\"text-align: left;\"><span style=\"font-family: helvetica, arial, sans-serif; font-size: 14pt; color: rgba(60, 60, 60, 0.99);\">&#8211; Contabilidad y finanzas.<\/span><\/p><p style=\"text-align: left;\"><span style=\"font-family: helvetica, arial, sans-serif; font-size: 14pt; color: rgba(60, 60, 60, 0.99);\">&#8211; Creatividad estrat\u00e9gica.<\/span><\/p><p style=\"text-align: left;\"><span style=\"font-family: helvetica, arial, sans-serif; font-size: 14pt; color: rgba(60, 60, 60, 0.99);\">&#8211; Alta gerencia.<\/span><\/p><p style=\"text-align: left;\"><span style=\"font-family: helvetica, arial, sans-serif; font-size: 14pt; color: rgba(60, 60, 60, 0.99);\">&#8211; Gesti\u00f3n de datos.<\/span><\/p><p style=\"text-align: left;\"><span style=\"font-family: helvetica, arial, sans-serif; font-size: 14pt; color: rgba(60, 60, 60, 0.99);\">&#8211; Direcci\u00f3n y gesti\u00f3n de proyectos.<\/span><\/p><p>\u00a0<\/p><\/td><td style=\"width: 50%; text-align: center;\"><p style=\"text-align: left;\"><span style=\"font-size: 14pt; font-family: helvetica, arial, sans-serif; color: rgba(60, 60, 60, 0.99);\">&#8211; Marketing digital (redes sociales).<\/span><\/p><p style=\"text-align: left;\"><span style=\"font-size: 14pt; font-family: helvetica, arial, sans-serif; color: rgba(60, 60, 60, 0.99);\">&#8211; Dise\u00f1o de p\u00e1ginas web.<\/span><\/p><p style=\"text-align: left;\"><span style=\"font-size: 14pt; font-family: helvetica, arial, sans-serif; color: rgba(60, 60, 60, 0.99);\">&#8211; Comercio electr\u00f3nico.<\/span><\/p><p style=\"text-align: left;\"><span style=\"font-size: 14pt; font-family: helvetica, arial, sans-serif; color: rgba(60, 60, 60, 0.99);\">&#8211; Log\u00edstica.<\/span><\/p><p style=\"text-align: left;\"><span style=\"font-size: 14pt; font-family: helvetica, arial, sans-serif; color: rgba(60, 60, 60, 0.99);\">&#8211; Ventas.<\/span><\/p><\/td><\/tr><tr style=\"border-color: #EDF0FF; background-color: #edf0ff;\"><td style=\"width: 50%; text-align: center;\"><span style=\"font-family: helvetica, arial, sans-serif; font-size: 14pt; color: rgba(60, 60, 60, 0.99);\"><strong>Tecnolog\u00eda<\/strong><\/span><\/td><td style=\"width: 50%; text-align: center;\"><span style=\"font-family: helvetica, arial, sans-serif; font-size: 14pt; color: rgba(60, 60, 60, 0.99);\"><strong>Dise\u00f1o de modas<\/strong><\/span><\/td><\/tr><tr><td style=\"width: 50%; text-align: center;\"><p style=\"text-align: left;\"><span style=\"font-family: helvetica, arial, sans-serif; font-size: 14pt; color: rgba(60, 60, 60, 0.99);\">Redes.<\/span><\/p><p style=\"text-align: left;\"><span style=\"font-family: helvetica, arial, sans-serif; font-size: 14pt; color: rgba(60, 60, 60, 0.99);\">&#8211; Soporte de equipos de computo.<\/span><\/p><p style=\"text-align: left;\"><span style=\"font-family: helvetica, arial, sans-serif; font-size: 14pt; color: rgba(60, 60, 60, 0.99);\">&#8211; Excel b\u00e1sico y avanzado.<\/span><\/p><p>\u00a0<\/p><\/td><td style=\"width: 50%; text-align: center;\"><p style=\"text-align: left;\"><span style=\"font-family: helvetica, arial, sans-serif; font-size: 14pt; color: rgba(60, 60, 60, 0.99);\">&#8211; Dise\u00f1o.<\/span><\/p><p style=\"text-align: left;\"><span style=\"font-family: helvetica, arial, sans-serif; font-size: 14pt; color: rgba(60, 60, 60, 0.99);\">&#8211; Patronaje.<\/span><\/p><p style=\"text-align: left;\"><span style=\"font-family: helvetica, arial, sans-serif; font-size: 14pt; color: rgba(60, 60, 60, 0.99);\">&#8211; Confecci\u00f3n.<\/span><\/p><\/td><\/tr><tr><td style=\"width: 50%; border-color: #edf0ff; background-color: #edf0ff; text-align: center;\"><span style=\"font-family: helvetica, arial, sans-serif; font-size: 14pt; color: rgba(60, 60, 60, 0.99);\"><strong>Gastronom\u00eda<\/strong><\/span><\/td><td style=\"width: 50%; border-color: #edf0ff; background-color: #edf0ff; text-align: center;\"><span style=\"font-family: helvetica, arial, sans-serif; font-size: 14pt; color: rgba(60, 60, 60, 0.99);\"><strong>Otras\u00a0<\/strong><b>\u00c1reas<\/b><\/span><\/td><\/tr><tr><td style=\"width: 50%;\"><p><span style=\"font-family: helvetica, arial, sans-serif; font-size: 14pt; color: rgba(60, 60, 60, 0.99);\">&#8211; Manipulaci\u00f3n de alimentos.<\/span><\/p><p><span style=\"font-family: helvetica, arial, sans-serif; font-size: 14pt; color: rgba(60, 60, 60, 0.99);\">&#8211; Panader\u00eda y reposter\u00eda.<\/span><\/p><p><span style=\"font-family: helvetica, arial, sans-serif; font-size: 14pt; color: rgba(60, 60, 60, 0.99);\">&#8211; Alimentos y bebidas.<\/span><\/p><p>\u00a0<\/p><\/td><td style=\"width: 50%;\"><p><span style=\"font-size: 14pt; font-family: helvetica, arial, sans-serif; color: rgba(60, 60, 60, 0.99);\">&#8211; Arreglos Florales.<\/span><\/p><p><span style=\"font-size: 14pt; font-family: helvetica, arial, sans-serif; color: rgba(60, 60, 60, 0.99);\">&#8211; Peluquer\u00eda.<\/span><\/p><p><span style=\"color: rgba(60, 60, 60, 0.99);\"><span style=\"font-size: 14pt; font-family: helvetica, arial, sans-serif;\">&#8211; Mu\u00f1equer\u00eda<\/span>.<\/span><\/p><\/td><\/tr><\/tbody><\/table><\/div>\n\t\t\t\t<\/div>\n\t\t\t\t\t\t\t<div class=\"elementor-accordion-item\">\n\t\t\t\t\t<div id=\"elementor-tab-title-5122\" class=\"elementor-tab-title\" data-tab=\"2\" role=\"button\" aria-controls=\"elementor-tab-content-5122\" aria-expanded=\"false\">\n\t\t\t\t\t\t\t\t\t\t\t\t\t<span class=\"elementor-accordion-icon elementor-accordion-icon-left\" aria-hidden=\"true\">\n\t\t\t\t\t\t\t\t\t\t\t\t\t\t\t<span class=\"elementor-accordion-icon-closed\"><i class=\"fas fa-plus\"><\/i><\/span>\n\t\t\t\t\t\t\t\t<span class=\"elementor-accordion-icon-opened\"><i class=\"fas fa-minus\"><\/i><\/span>\n\t\t\t\t\t\t\t\t\t\t\t\t\t\t<\/span>\n\t\t\t\t\t\t\t\t\t\t\t\t<a class=\"elementor-accordion-title\" tabindex=\"0\">Instituciones Educativas participantes<\/a>\n\t\t\t\t\t<\/div>\n\t\t\t\t\t<div id=\"elementor-tab-content-5122\" class=\"elementor-tab-content elementor-clearfix\" data-tab=\"2\" role=\"region\" aria-labelledby=\"elementor-tab-title-5122\"><p style=\"text-align: center;\"><img loading=\"lazy\" decoding=\"async\" src=\"https:\/\/apice.org.co\/site\/wp-content\/uploads\/2023\/11\/CREDUEMPRENDER-Instituciones-Educativas-300x150.png\" alt=\"\" width=\"300\" height=\"150\" \/><\/p><p>\u00a0<\/p><p><span style=\"font-family: helvetica, arial, sans-serif; font-size: 14pt; color: rgba(60, 60, 60, 0.99);\">El\u00a0<strong>PROGRAMA CREDUEMPRENDER<\/strong>\u00a0establece alianzas con instituciones educativas que permitir\u00e1n atender a la poblaci\u00f3n beneficiaria mediante una amplia oferta de oportunidades de acceso a formaci\u00f3n y educaci\u00f3n de calidad a bajo costo, lo cual dinamizar\u00e1 los proyectos de emprendimiento y contribuir\u00e1 a mejorar la calidad de vida de los emprendedores y sus familias.<\/span><\/p><p>\u00a0<\/p><p><span style=\"font-family: helvetica, arial, sans-serif; font-size: 14pt; color: rgba(60, 60, 60, 0.99);\">Conoce la oferta educativa de las siguientes Instituciones Educativas que se han sumado al programa:<\/span><\/p><p><span style=\"font-family: helvetica, arial, sans-serif; font-size: 14pt; color: rgba(60, 60, 60, 0.99);\">\u00a0<\/span><\/p><p style=\"text-align: center;\"><img loading=\"lazy\" decoding=\"async\" class=\"aligncenter\" src=\"https:\/\/apice.org.co\/site\/wp-content\/uploads\/2023\/11\/Logo-CEDINSI.png\" alt=\"\" width=\"238\" height=\"61\" \/><\/p><p style=\"text-align: center;\"><span style=\"font-family: helvetica, arial, sans-serif; font-size: 14pt; color: #006699;\">\u00a0<\/span><\/p><p style=\"text-align: center;\"><span style=\"font-family: helvetica, arial, sans-serif; font-size: 14pt; color: #006699;\"><strong><a style=\"color: #006699;\" href=\"https:\/\/www.cedinsi.edu.co\/\" target=\"_blank\" rel=\"noopener\">Escuela de Entrenamiento en Herramientas Digitales \u2013 CEDINSI<\/a><\/strong><\/span><\/p><p>\u00a0<\/p><p><span style=\"font-family: helvetica, arial, sans-serif; font-size: 14pt; color: rgba(60, 60, 60, 0.99);\"><b>I<\/b>nstituci\u00f3n de Educaci\u00f3n para el Trabajo y el Desarrollo Humano, ofrece programas de\u00a0capacitaci\u00f3n acordes con las necesidades empresariales, cuenta con m\u00e1s de 20 a\u00f1os de experiencia en servicios de formaci\u00f3n, adem\u00e1s de contar con solidez econ\u00f3mica, tecnol\u00f3gica y talento humano competente que garantiza la excelencia y calidad acad\u00e9mica. E<\/span><span style=\"font-family: helvetica, arial, sans-serif; font-size: 14pt; color: rgba(60, 60, 60, 0.99);\">n alianza con\u00a0<strong>\u00c1PICE<\/strong>\u00a0ofrecen un descuento especial a los beneficiarios del\u00a0<strong>PROGRAMA CREDUEMPRENDER<\/strong>, comun\u00edquese con un asesor para obtener los descuentos y promociones vigentes. <\/span><a style=\"font-family: var( --e-global-typography-text-font-family ), Sans-serif;\" href=\"https:\/\/cedinsi.co\/\" target=\"_blank\" rel=\"noopener\"><strong><span style=\"color: #006699; font-family: helvetica, arial, sans-serif;\"><span style=\"font-size: 18.6667px;\">www.cedinsi.co<\/span><\/span><\/strong><\/a><\/p><p style=\"text-align: center;\"><span style=\"font-size: 14pt; font-family: helvetica, arial, sans-serif; color: #006699;\">\u00a0<\/span><\/p><p style=\"text-align: center;\"><span style=\"font-size: 14pt; font-family: helvetica, arial, sans-serif; color: #006699;\"><strong><a style=\"color: #006699;\" href=\"https:\/\/drive.google.com\/file\/d\/1JLt_BBWuj3WtFrD8Z6HUhIh_Cev73MEF\/view\" target=\"_blank\" rel=\"noopener\">Ver portafolio de programas ofrecidos por CEDINSI<\/a><\/strong><\/span><\/p><p>\u00a0<\/p><hr \/><p style=\"text-align: center;\">\u00a0<\/p><p style=\"text-align: center;\"><span style=\"font-family: helvetica, arial, sans-serif; font-size: 14pt; color: #006699;\"><img loading=\"lazy\" decoding=\"async\" class=\"wp-image-6592 aligncenter\" src=\"https:\/\/apice.org.co\/site\/wp-content\/uploads\/2023\/11\/Logo-Academia-Bogotana.jpg\" alt=\"\" width=\"110\" height=\"105\" \/><\/span><\/p><p>\u00a0<\/p><p style=\"text-align: center;\"><span style=\"font-family: helvetica, arial, sans-serif; font-size: 14pt; color: #006699;\"><strong><a style=\"color: #006699;\" href=\"https:\/\/academiabogotana.edu.co\/\" target=\"_blank\" rel=\"noopener\">Centro de Ense\u00f1anza Automovil\u00edstica CEA &#8211; Academia Bogotana<\/a><\/strong><\/span><\/p><p>\u00a0<\/p><p style=\"text-align: left;\"><span class=\"Y2IQFc\" lang=\"es\" style=\"font-family: helvetica, arial, sans-serif; font-size: 14pt; color: rgba(60, 60, 60, 0.99);\">Centro educativo para el Trabajo y Desarrollo Humano EDTH, con resoluci\u00f3n 10-2442 de la Secretaria de Educaci\u00f3n Distrital de Bogot\u00e1, D.C., presencial y on line, fundamentado en aprender \u2013 haciendo, buscando que las personas obtengan <strong>\u00a1Herramientas para su vida!<\/strong>\u00a0y puedan ingresar al campo laboral de manera r\u00e1pida;\u00a0\u00a0<span style=\"color: #006699;\"><a style=\"color: #006699;\" href=\"https:\/\/academiabogotana.edu.co\/\" target=\"_blank\" rel=\"noopener\"><strong>conozca el portafolio de ense\u00f1anza. <\/strong><\/a><\/span>Programas de T\u00e9cnicos laborales por competencias, educaci\u00f3n continua, escuela de artes y oficios e ingl\u00e9s le brindar\u00e1n todas las oportunidades que usted necesita para ingresar al campo laboral.<\/span><\/p><p>\u00a0<\/p><hr \/><p><img loading=\"lazy\" decoding=\"async\" class=\"wp-image-6599 aligncenter\" style=\"color: var(--color-gblack); font-family: var( --e-global-typography-text-font-family ), Sans-serif;\" src=\"https:\/\/apice.org.co\/site\/wp-content\/uploads\/2023\/11\/Logo_TecMD.png\" alt=\"\" width=\"155\" height=\"93\" \/><\/p><p style=\"text-align: center;\"><a style=\"font-family: var( --e-global-typography-text-font-family ), Sans-serif; text-align: center;\" href=\"https:\/\/tecmd.edu.co\/\" target=\"_blank\" rel=\"noopener\"><strong><span style=\"color: #006699; font-family: helvetica, arial, sans-serif; font-size: 14pt;\">Fundaci\u00f3n Polit\u00e9cnico Minuto de Dios &#8211; TECMD<\/span><\/strong><\/a><\/p><p>\u00a0<\/p><p style=\"text-align: left;\"><span style=\"font-family: helvetica, arial, sans-serif; font-size: 14pt; color: rgba(60, 60, 60, 0.99);\"><strong>Despliega tu talento:<\/strong> <\/span><span style=\"font-size: 14pt; font-family: helvetica, arial, sans-serif; color: rgba(60, 60, 60, 0.99);\">Programas t\u00e9cnico profesionales enfocados en desarrollar y formar en competencias.<\/span><\/p><p>\u00a0<\/p><p style=\"text-align: left;\"><span style=\"font-family: helvetica, arial, sans-serif; font-size: 14pt; color: rgba(60, 60, 60, 0.99);\"><strong>Alta demanda laboral:<\/strong> <\/span><span style=\"font-family: helvetica, arial, sans-serif; font-size: 14pt; color: rgba(60, 60, 60, 0.99);\">Programas acad\u00e9micos alineados con los sectores de mayor crecimiento en el mercado laboral.<\/span><\/p><p>\u00a0<\/p><p style=\"text-align: left;\"><strong><span style=\"font-family: helvetica, arial, sans-serif; font-size: 14pt; color: rgba(60, 60, 60, 0.99);\">Metodolog\u00eda innovadora: <\/span><\/strong><span style=\"font-family: helvetica, arial, sans-serif; font-size: 14pt; color: rgba(60, 60, 60, 0.99);\">Modelo flexible que te permite estudiar a tu ritmo, desde cualquier lugar y dispositivo.<\/span><\/p><p>\u00a0<\/p><p style=\"text-align: center;\"><span style=\"color: #006699;\"><strong><a style=\"color: #006699;\" href=\"https:\/\/tecmd.edu.co\/\" target=\"_blank\" rel=\"noopener sponsored\"><span style=\"font-family: helvetica, arial, sans-serif; font-size: 14pt;\">www.tecmd.edu.co\/<\/span><\/a><\/strong><\/span><\/p><p>\u00a0<\/p><\/div>\n\t\t\t\t<\/div>\n\t\t\t\t\t\t\t<div class=\"elementor-accordion-item\">\n\t\t\t\t\t<div id=\"elementor-tab-title-5123\" class=\"elementor-tab-title\" data-tab=\"3\" role=\"button\" aria-controls=\"elementor-tab-content-5123\" aria-expanded=\"false\">\n\t\t\t\t\t\t\t\t\t\t\t\t\t<span class=\"elementor-accordion-icon elementor-accordion-icon-left\" aria-hidden=\"true\">\n\t\t\t\t\t\t\t\t\t\t\t\t\t\t\t<span class=\"elementor-accordion-icon-closed\"><i class=\"fas fa-plus\"><\/i><\/span>\n\t\t\t\t\t\t\t\t<span class=\"elementor-accordion-icon-opened\"><i class=\"fas fa-minus\"><\/i><\/span>\n\t\t\t\t\t\t\t\t\t\t\t\t\t\t<\/span>\n\t\t\t\t\t\t\t\t\t\t\t\t<a class=\"elementor-accordion-title\" tabindex=\"0\">Caracter\u00edsticas de los programas de formaci\u00f3n<\/a>\n\t\t\t\t\t<\/div>\n\t\t\t\t\t<div id=\"elementor-tab-content-5123\" class=\"elementor-tab-content elementor-clearfix\" data-tab=\"3\" role=\"region\" aria-labelledby=\"elementor-tab-title-5123\"><p>\u00a0<\/p><p style=\"text-align: center;\"><img loading=\"lazy\" decoding=\"async\" class=\"alignnone size-medium wp-image-6539\" src=\"https:\/\/apice.org.co\/site\/wp-content\/uploads\/2023\/11\/CREDUEMPRENDER-Caracteristicas-Programas-Formacion-300x150.jpg\" alt=\"\" width=\"300\" height=\"150\" srcset=\"https:\/\/apice.org.co\/site\/wp-content\/uploads\/2023\/11\/CREDUEMPRENDER-Caracteristicas-Programas-Formacion-300x150.jpg 300w, https:\/\/apice.org.co\/site\/wp-content\/uploads\/2023\/11\/CREDUEMPRENDER-Caracteristicas-Programas-Formacion-320x160.jpg 320w, https:\/\/apice.org.co\/site\/wp-content\/uploads\/2023\/11\/CREDUEMPRENDER-Caracteristicas-Programas-Formacion-480x240.jpg 480w, https:\/\/apice.org.co\/site\/wp-content\/uploads\/2023\/11\/CREDUEMPRENDER-Caracteristicas-Programas-Formacion.jpg 600w\" sizes=\"(max-width: 300px) 100vw, 300px\" \/><\/p><p>\u00a0<\/p><p><span style=\"font-family: helvetica, arial, sans-serif; font-size: 14pt; color: rgba(60, 60, 60, 0.99);\">El<strong>\u00a0PROGRAMA CREDUEMPRENDER<\/strong> financiar\u00e1 el pago de la matr\u00edcula de programas de formaci\u00f3n pr\u00e1ctica, seg\u00fan la voluntad y necesidad de los emprendedores, que potencien sus capacidades emprendedoras; fortalezcan sus unidades productivas; y abran oportunidades laborales y emprendimientos a los beneficiaros del programa.<\/span><\/p><p>\u00a0<\/p><hr \/><p>\u00a0<\/p><p><span style=\"font-family: helvetica, arial, sans-serif; font-size: 14pt; color: rgba(60, 60, 60, 0.99);\"><b>Duraci\u00f3n:\u00a0<\/b>Programas de formaci\u00f3n con una duraci\u00f3n de hasta cuatro (4) meses.<\/span><\/p><p>\u00a0<\/p><p><span style=\"font-family: helvetica, arial, sans-serif; font-size: 14pt; color: rgba(60, 60, 60, 0.99);\"><strong>Modalidad:\u00a0<\/strong>Presencial, semipresencial, y virtual.<\/span><\/p><p>\u00a0<\/p><\/div>\n\t\t\t\t<\/div>\n\t\t\t\t\t\t\t<div class=\"elementor-accordion-item\">\n\t\t\t\t\t<div id=\"elementor-tab-title-5124\" class=\"elementor-tab-title\" data-tab=\"4\" role=\"button\" aria-controls=\"elementor-tab-content-5124\" aria-expanded=\"false\">\n\t\t\t\t\t\t\t\t\t\t\t\t\t<span class=\"elementor-accordion-icon elementor-accordion-icon-left\" aria-hidden=\"true\">\n\t\t\t\t\t\t\t\t\t\t\t\t\t\t\t<span class=\"elementor-accordion-icon-closed\"><i class=\"fas fa-plus\"><\/i><\/span>\n\t\t\t\t\t\t\t\t<span class=\"elementor-accordion-icon-opened\"><i class=\"fas fa-minus\"><\/i><\/span>\n\t\t\t\t\t\t\t\t\t\t\t\t\t\t<\/span>\n\t\t\t\t\t\t\t\t\t\t\t\t<a class=\"elementor-accordion-title\" tabindex=\"0\">inscripciones<\/a>\n\t\t\t\t\t<\/div>\n\t\t\t\t\t<div id=\"elementor-tab-content-5124\" class=\"elementor-tab-content elementor-clearfix\" data-tab=\"4\" role=\"region\" aria-labelledby=\"elementor-tab-title-5124\"><p>\u00a0<\/p><p style=\"text-align: center;\"><img loading=\"lazy\" decoding=\"async\" class=\"alignnone size-full wp-image-6546\" src=\"https:\/\/apice.org.co\/site\/wp-content\/uploads\/2023\/11\/CREDUEMPRENDER-Inscripciones.png\" alt=\"\" width=\"300\" height=\"272\" \/><\/p><p>\u00a0<\/p><p style=\"text-align: center;\"><span style=\"font-family: helvetica, arial, sans-serif; font-size: 14pt; color: rgba(60, 60, 60, 0.99);\">Si deseas ser beneficiario del Programa CREDUEMPRENDER puedes inscribirte\u00a0<span style=\"color: #006699;\"><a style=\"color: #006699;\" href=\"https:\/\/creatorapp.zohopublic.com\/miguelspina2\/apice\/form-embed\/Prospecto\/Mse37V9qaOdWr6Majx6AEXa1M2ksv4zZ0xGxzuPGT0ZWyePZ6DO1kdp07YYxvU8e0UJSxsJw9HMm39WBxOfqXR3wa6ZgVJAjR5pd\" target=\"_blank\" rel=\"noopener\"><strong>aqu\u00ed<\/strong><\/a><\/span><\/span><\/p><\/div>\n\t\t\t\t<\/div>\n\t\t\t\t\t\t\t\t<\/div>\n\t\t\t\t\t\t<\/div>\n\t\t\t\t<\/div>\n\t\t\t\t\t<\/div>\n\t\t<\/div>\n\t\t\t\t\t<\/div>\n\t\t<\/section>\n\t\t\t\t<section class=\"elementor-section elementor-top-section elementor-element elementor-element-523daf7 elementor-section-boxed elementor-section-height-default elementor-section-height-default\" data-id=\"523daf7\" data-element_type=\"section\" data-e-type=\"section\">\n\t\t\t\t\t\t<div class=\"elementor-container elementor-column-gap-default\">\n\t\t\t\t\t<div class=\"elementor-column elementor-col-100 elementor-top-column elementor-element elementor-element-8649ef3\" data-id=\"8649ef3\" data-element_type=\"column\" data-e-type=\"column\">\n\t\t\t<div class=\"elementor-widget-wrap elementor-element-populated\">\n\t\t\t\t\t\t<div class=\"elementor-element elementor-element-7215881 elementor-widget elementor-widget-text-editor\" data-id=\"7215881\" data-element_type=\"widget\" data-e-type=\"widget\" data-widget_type=\"text-editor.default\">\n\t\t\t\t<div class=\"elementor-widget-container\">\n\t\t\t\t\t\t\t\t\t<p style=\"text-align: center;\"><span style=\"font-family: helvetica, arial, sans-serif; font-size: 14pt; color: rgba(60, 60, 60, 0.99);\"><strong>\u00a0<\/strong><\/span><\/p><p style=\"text-align: center;\"><span style=\"font-family: helvetica, arial, sans-serif; font-size: 14pt; color: rgba(60, 60, 60, 0.99);\"><strong>Mayor Informaci\u00f3n:<\/strong><\/span><\/p><p style=\"text-align: center;\"><span style=\"font-family: helvetica, arial, sans-serif; font-size: 14pt; color: rgba(60, 60, 60, 0.99);\"><strong><a style=\"color: rgba(60, 60, 60, 0.99);\" href=\"mailto:avargas@apice.org.co\"><span style=\"color: #006699;\">creduemprender@apice.org.co<\/span><\/a><\/strong>\u00a0\u2013<span style=\"color: #006699;\">\u00a0<strong><a style=\"color: #006699;\" href=\"mailto:iarcia@apice.org.co\">iarcia@apice.org.co<\/a><\/strong><\/span><\/span><\/p><hr \/><p style=\"text-align: center;\"><span style=\"font-family: helvetica, arial, sans-serif; font-size: 14pt; color: rgba(60, 60, 60, 0.99);\">Si deseas comunicarte con alguno de nuestros asesores puedes hacerlo en los siguientes horarios:<\/span><\/p><p style=\"text-align: center;\"><span style=\"font-family: helvetica, arial, sans-serif; font-size: 14pt; color: rgba(60, 60, 60, 0.99);\"><strong>Lunes a Viernes de 8:00 a.m. a 1:00 pm y de 2:00 p.m. a 5:00 pm<\/strong><\/span><\/p><hr \/><p style=\"text-align: center;\"><span style=\"font-family: helvetica, arial, sans-serif; font-size: 14pt; color: rgba(60, 60, 60, 0.99);\"><strong>\u00a0<\/strong><\/span><\/p><p style=\"text-align: center;\"><span style=\"font-family: helvetica, arial, sans-serif; font-size: 14pt; color: rgba(60, 60, 60, 0.99);\"><strong>\u00a0 \u00a0<\/strong><\/span><\/p><p style=\"text-align: center;\"><span style=\"font-family: helvetica, arial, sans-serif; font-size: 14pt; color: rgba(60, 60, 60, 0.99);\"><strong>Tel\u00e9fonos y\u00a0WhatsApp:<\/strong>\u00a0<\/span><\/p><p style=\"text-align: center;\"><span style=\"font-family: helvetica, arial, sans-serif; font-size: 14pt; color: rgba(60, 60, 60, 0.99);\">322 &#8211; 8319721 \/ 316 &#8211; 2861769<\/span><\/p>\t\t\t\t\t\t\t\t<\/div>\n\t\t\t\t<\/div>\n\t\t\t\t\t<\/div>\n\t\t<\/div>\n\t\t\t\t\t<\/div>\n\t\t<\/section>\n\t\t\t\t<section class=\"elementor-section elementor-top-section elementor-element elementor-element-41254ed elementor-section-boxed elementor-section-height-default elementor-section-height-default\" data-id=\"41254ed\" data-element_type=\"section\" data-e-type=\"section\">\n\t\t\t\t\t\t<div class=\"elementor-container elementor-column-gap-default\">\n\t\t\t\t\t<div class=\"elementor-column elementor-col-100 elementor-top-column elementor-element elementor-element-1974ce6\" data-id=\"1974ce6\" data-element_type=\"column\" data-e-type=\"column\">\n\t\t\t<div class=\"elementor-widget-wrap elementor-element-populated\">\n\t\t\t\t\t\t<div class=\"elementor-element elementor-element-424e46c elementor-widget elementor-widget-spacer\" data-id=\"424e46c\" data-element_type=\"widget\" data-e-type=\"widget\" data-widget_type=\"spacer.default\">\n\t\t\t\t<div class=\"elementor-widget-container\">\n\t\t\t\t\t\t\t<div class=\"elementor-spacer\">\n\t\t\t<div class=\"elementor-spacer-inner\"><\/div>\n\t\t<\/div>\n\t\t\t\t\t\t<\/div>\n\t\t\t\t<\/div>\n\t\t\t\t\t<\/div>\n\t\t<\/div>\n\t\t\t\t\t<\/div>\n\t\t<\/section>\n\t\t\t\t<\/div>\n\t\t","protected":false},"excerpt":{"rendered":"<p>Cr\u00e9dito educativo para emprendedores Programa CREDUEMPRENDER \u00a0 \u00a0 Programa de Acceso a Educaci\u00f3n, mediante Cr\u00e9dito Educativo, para Emprendedores Colombianos y para Venezolanos Migrantes Residentes en Colombia \u00a0 En Alianza con: \u00a0 Con el apoyo de: \u00bfQu\u00e9 es CREDUEMPRENDER? \u00a0 Es un programa de cr\u00e9dito educativo que busca brindar acceso a la educaci\u00f3n para emprendedores colombianos [&hellip;]<\/p>\n","protected":false},"author":7,"featured_media":0,"parent":0,"menu_order":0,"comment_status":"closed","ping_status":"closed","template":"","meta":{"_acf_changed":false,"om_disable_all_campaigns":false,"_exactmetrics_skip_tracking":false,"_exactmetrics_sitenote_active":false,"_exactmetrics_sitenote_note":"","_exactmetrics_sitenote_category":0,"_uf_show_specific_survey":0,"_uf_disable_surveys":false,"footnotes":""},"class_list":["post-5392","page","type-page","status-publish","hentry"],"acf":[],"aioseo_notices":[],"_links":{"self":[{"href":"https:\/\/apice.org.co\/site\/wp-json\/wp\/v2\/pages\/5392","targetHints":{"allow":["GET"]}}],"collection":[{"href":"https:\/\/apice.org.co\/site\/wp-json\/wp\/v2\/pages"}],"about":[{"href":"https:\/\/apice.org.co\/site\/wp-json\/wp\/v2\/types\/page"}],"author":[{"embeddable":true,"href":"https:\/\/apice.org.co\/site\/wp-json\/wp\/v2\/users\/7"}],"replies":[{"embeddable":true,"href":"https:\/\/apice.org.co\/site\/wp-json\/wp\/v2\/comments?post=5392"}],"version-history":[{"count":274,"href":"https:\/\/apice.org.co\/site\/wp-json\/wp\/v2\/pages\/5392\/revisions"}],"predecessor-version":[{"id":11451,"href":"https:\/\/apice.org.co\/site\/wp-json\/wp\/v2\/pages\/5392\/revisions\/11451"}],"wp:attachment":[{"href":"https:\/\/apice.org.co\/site\/wp-json\/wp\/v2\/media?parent=5392"}],"curies":[{"name":"wp","href":"https:\/\/api.w.org\/{rel}","templated":true}]}}