{"id":6172,"date":"2023-10-30T20:15:54","date_gmt":"2023-10-31T01:15:54","guid":{"rendered":"https:\/\/apice.org.co\/site\/?page_id=6172"},"modified":"2026-04-27T08:33:17","modified_gmt":"2026-04-27T13:33:17","slug":"dia-internacional-credito-educativo","status":"publish","type":"page","link":"https:\/\/apice.org.co\/site\/dia-internacional-credito-educativo\/","title":{"rendered":"Dia internacional credito educativo"},"content":{"rendered":"\t\t<div data-elementor-type=\"wp-page\" data-elementor-id=\"6172\" class=\"elementor elementor-6172\" data-elementor-post-type=\"page\">\n\t\t\t\t\t\t<section class=\"elementor-section elementor-top-section elementor-element elementor-element-2fa91de elementor-section-boxed elementor-section-height-default elementor-section-height-default\" data-id=\"2fa91de\" data-element_type=\"section\" data-e-type=\"section\">\n\t\t\t\t\t\t<div class=\"elementor-container elementor-column-gap-default\">\n\t\t\t\t\t<div class=\"elementor-column elementor-col-100 elementor-top-column elementor-element elementor-element-157b74b\" data-id=\"157b74b\" data-element_type=\"column\" data-e-type=\"column\">\n\t\t\t<div class=\"elementor-widget-wrap elementor-element-populated\">\n\t\t\t\t\t\t<div class=\"elementor-element elementor-element-8dabab7 elementor-widget elementor-widget-spacer\" data-id=\"8dabab7\" data-element_type=\"widget\" data-e-type=\"widget\" data-widget_type=\"spacer.default\">\n\t\t\t\t<div class=\"elementor-widget-container\">\n\t\t\t\t\t\t\t<div class=\"elementor-spacer\">\n\t\t\t<div class=\"elementor-spacer-inner\"><\/div>\n\t\t<\/div>\n\t\t\t\t\t\t<\/div>\n\t\t\t\t<\/div>\n\t\t\t\t\t<\/div>\n\t\t<\/div>\n\t\t\t\t\t<\/div>\n\t\t<\/section>\n\t\t\t\t<section class=\"elementor-section elementor-top-section elementor-element elementor-element-85c4e9c elementor-section-boxed elementor-section-height-default elementor-section-height-default\" data-id=\"85c4e9c\" data-element_type=\"section\" data-e-type=\"section\">\n\t\t\t\t\t\t<div class=\"elementor-container elementor-column-gap-default\">\n\t\t\t\t\t<div class=\"elementor-column elementor-col-100 elementor-top-column elementor-element elementor-element-d86ba18\" data-id=\"d86ba18\" data-element_type=\"column\" data-e-type=\"column\">\n\t\t\t<div class=\"elementor-widget-wrap elementor-element-populated\">\n\t\t\t\t\t\t<div class=\"elementor-element elementor-element-02170b8 elementor-widget elementor-widget-heading\" data-id=\"02170b8\" data-element_type=\"widget\" data-e-type=\"widget\" data-widget_type=\"heading.default\">\n\t\t\t\t<div class=\"elementor-widget-container\">\n\t\t\t\t\t<h2 class=\"elementor-heading-title elementor-size-default\">27 de abril:<\/h2>\t\t\t\t<\/div>\n\t\t\t\t<\/div>\n\t\t\t\t<div class=\"elementor-element elementor-element-48573f8 elementor-widget elementor-widget-heading\" data-id=\"48573f8\" data-element_type=\"widget\" data-e-type=\"widget\" data-widget_type=\"heading.default\">\n\t\t\t\t<div class=\"elementor-widget-container\">\n\t\t\t\t\t<h2 class=\"elementor-heading-title elementor-size-default\">D\u00eda Internacional del Cr\u00e9dito Educativo<\/h2>\t\t\t\t<\/div>\n\t\t\t\t<\/div>\n\t\t\t\t<div class=\"elementor-element elementor-element-9457d6d elementor-widget elementor-widget-image\" data-id=\"9457d6d\" data-element_type=\"widget\" data-e-type=\"widget\" data-widget_type=\"image.default\">\n\t\t\t\t<div class=\"elementor-widget-container\">\n\t\t\t\t\t\t\t\t\t\t\t\t\t\t\t<img fetchpriority=\"high\" decoding=\"async\" width=\"640\" height=\"348\" src=\"https:\/\/apice.org.co\/site\/wp-content\/uploads\/2026\/04\/Tarjeta-APICE-2026-Celebracion-del-dia-del-credito-educativo-768x417.png\" class=\"attachment-medium_large size-medium_large wp-image-15031\" alt=\"\" srcset=\"https:\/\/apice.org.co\/site\/wp-content\/uploads\/2026\/04\/Tarjeta-APICE-2026-Celebracion-del-dia-del-credito-educativo-768x417.png 768w, https:\/\/apice.org.co\/site\/wp-content\/uploads\/2026\/04\/Tarjeta-APICE-2026-Celebracion-del-dia-del-credito-educativo-300x163.png 300w, https:\/\/apice.org.co\/site\/wp-content\/uploads\/2026\/04\/Tarjeta-APICE-2026-Celebracion-del-dia-del-credito-educativo-1024x556.png 1024w, https:\/\/apice.org.co\/site\/wp-content\/uploads\/2026\/04\/Tarjeta-APICE-2026-Celebracion-del-dia-del-credito-educativo-1536x834.png 1536w, https:\/\/apice.org.co\/site\/wp-content\/uploads\/2026\/04\/Tarjeta-APICE-2026-Celebracion-del-dia-del-credito-educativo-320x174.png 320w, https:\/\/apice.org.co\/site\/wp-content\/uploads\/2026\/04\/Tarjeta-APICE-2026-Celebracion-del-dia-del-credito-educativo-480x261.png 480w, https:\/\/apice.org.co\/site\/wp-content\/uploads\/2026\/04\/Tarjeta-APICE-2026-Celebracion-del-dia-del-credito-educativo-800x434.png 800w, https:\/\/apice.org.co\/site\/wp-content\/uploads\/2026\/04\/Tarjeta-APICE-2026-Celebracion-del-dia-del-credito-educativo.png 1689w\" sizes=\"(max-width: 640px) 100vw, 640px\" \/>\t\t\t\t\t\t\t\t\t\t\t\t\t\t\t<\/div>\n\t\t\t\t<\/div>\n\t\t\t\t<div class=\"elementor-element elementor-element-58fcd41 elementor-widget elementor-widget-spacer\" data-id=\"58fcd41\" data-element_type=\"widget\" data-e-type=\"widget\" data-widget_type=\"spacer.default\">\n\t\t\t\t<div class=\"elementor-widget-container\">\n\t\t\t\t\t\t\t<div class=\"elementor-spacer\">\n\t\t\t<div class=\"elementor-spacer-inner\"><\/div>\n\t\t<\/div>\n\t\t\t\t\t\t<\/div>\n\t\t\t\t<\/div>\n\t\t\t\t\t<\/div>\n\t\t<\/div>\n\t\t\t\t\t<\/div>\n\t\t<\/section>\n\t\t\t\t<section class=\"elementor-section elementor-top-section elementor-element elementor-element-1fbcd3c elementor-section-boxed elementor-section-height-default elementor-section-height-default\" data-id=\"1fbcd3c\" data-element_type=\"section\" data-e-type=\"section\">\n\t\t\t\t\t\t<div class=\"elementor-container elementor-column-gap-default\">\n\t\t\t\t\t<div class=\"elementor-column elementor-col-50 elementor-top-column elementor-element elementor-element-735f524\" data-id=\"735f524\" data-element_type=\"column\" data-e-type=\"column\">\n\t\t\t<div class=\"elementor-widget-wrap elementor-element-populated\">\n\t\t\t\t\t\t<div class=\"elementor-element elementor-element-7665588 elementor-widget elementor-widget-text-editor\" data-id=\"7665588\" data-element_type=\"widget\" data-e-type=\"widget\" data-widget_type=\"text-editor.default\">\n\t\t\t\t<div class=\"elementor-widget-container\">\n\t\t\t\t\t\t\t\t\t<p><span style=\"font-family: helvetica, arial, sans-serif; font-size: 14pt; color: rgba(60, 60, 60, 0.99);\">Todos los a\u00f1os, el 27 de abril, la Asociaci\u00f3n Panamericana de Instituciones de Cr\u00e9dito Educativo, \u00c1PICE, y la comunidad educativa\u00a0Panamericana y mundial se unen para celebrar el\u00a0<b>D\u00eda Internacional del Cr\u00e9dito Educativo<\/b>.<\/span><\/p><p>\u00a0<\/p><p><span style=\"font-size: 14pt; font-family: helvetica, arial, sans-serif; color: rgba(60, 60, 60, 0.99);\">La Junta Directiva de \u00c1PICE, por Resoluci\u00f3n No. 0007 de 1995 adoptada en Quito, Ecuador, estableci\u00f3 el 27 de abril, fecha de nacimiento del Doctor Gabriel Betancur Mej\u00eda, Padre del Cr\u00e9dito Educativo, como fecha anual para conmemorar el D\u00eda Internacional del Cr\u00e9dito Educativo.\u00a0<\/span><\/p><p>\u00a0<\/p><p><span style=\"color: rgba(60, 60, 60, 0.99); font-size: 14pt; font-family: helvetica, arial, sans-serif;\">Los esfuerzos de los gobiernos, las fundaciones, las instituciones de educaci\u00f3n superior, las familias, las instituciones y las empresas de los pa\u00edses, que desde hace d\u00e9cadas apoyan financieramente a estudiantes de escasos recursos y comprobada capacidad acad\u00e9mica, dan como resultado que varios millones de ciudadanos ostenten hoy t\u00edtulos profesionales que respaldan la formaci\u00f3n con la cual est\u00e1n contribuyendo al desarrollo de sus respectivos pa\u00edses. A modo de ejemplo, en la regi\u00f3n,\u00a0<b>m\u00e1s de cinco millones de latinoamericanos han podido culminar sus estudios con \u00e9xito gracias, en gran parte, a este mecanismo financiero.<\/b><\/span><\/p>\t\t\t\t\t\t\t\t<\/div>\n\t\t\t\t<\/div>\n\t\t\t\t\t<\/div>\n\t\t<\/div>\n\t\t\t\t<div class=\"elementor-column elementor-col-50 elementor-top-column elementor-element elementor-element-160e3dc\" data-id=\"160e3dc\" data-element_type=\"column\" data-e-type=\"column\">\n\t\t\t<div class=\"elementor-widget-wrap elementor-element-populated\">\n\t\t\t\t\t\t<div class=\"elementor-element elementor-element-e5a4a85 elementor-widget elementor-widget-image\" data-id=\"e5a4a85\" data-element_type=\"widget\" data-e-type=\"widget\" data-widget_type=\"image.default\">\n\t\t\t\t<div class=\"elementor-widget-container\">\n\t\t\t\t\t\t\t\t\t\t\t\t\t\t\t<img decoding=\"async\" width=\"400\" height=\"496\" src=\"https:\/\/apice.org.co\/site\/wp-content\/uploads\/2023\/10\/Gabriel-Betancur-Mejia-2.jpg\" class=\"attachment-large size-large wp-image-6176\" alt=\"\" srcset=\"https:\/\/apice.org.co\/site\/wp-content\/uploads\/2023\/10\/Gabriel-Betancur-Mejia-2.jpg 400w, https:\/\/apice.org.co\/site\/wp-content\/uploads\/2023\/10\/Gabriel-Betancur-Mejia-2-242x300.jpg 242w, https:\/\/apice.org.co\/site\/wp-content\/uploads\/2023\/10\/Gabriel-Betancur-Mejia-2-320x397.jpg 320w\" sizes=\"(max-width: 400px) 100vw, 400px\" \/>\t\t\t\t\t\t\t\t\t\t\t\t\t\t\t<\/div>\n\t\t\t\t<\/div>\n\t\t\t\t\t<\/div>\n\t\t<\/div>\n\t\t\t\t\t<\/div>\n\t\t<\/section>\n\t\t\t\t<section class=\"elementor-section elementor-top-section elementor-element elementor-element-12acad7 elementor-section-boxed elementor-section-height-default elementor-section-height-default\" data-id=\"12acad7\" data-element_type=\"section\" data-e-type=\"section\">\n\t\t\t\t\t\t<div class=\"elementor-container elementor-column-gap-default\">\n\t\t\t\t\t<div class=\"elementor-column elementor-col-100 elementor-top-column elementor-element elementor-element-597cf65\" data-id=\"597cf65\" data-element_type=\"column\" data-e-type=\"column\">\n\t\t\t<div class=\"elementor-widget-wrap elementor-element-populated\">\n\t\t\t\t\t\t<div class=\"elementor-element elementor-element-139f0ba elementor-widget elementor-widget-spacer\" data-id=\"139f0ba\" data-element_type=\"widget\" data-e-type=\"widget\" data-widget_type=\"spacer.default\">\n\t\t\t\t<div class=\"elementor-widget-container\">\n\t\t\t\t\t\t\t<div class=\"elementor-spacer\">\n\t\t\t<div class=\"elementor-spacer-inner\"><\/div>\n\t\t<\/div>\n\t\t\t\t\t\t<\/div>\n\t\t\t\t<\/div>\n\t\t\t\t<div class=\"elementor-element elementor-element-4317c94 elementor-widget elementor-widget-text-editor\" data-id=\"4317c94\" data-element_type=\"widget\" data-e-type=\"widget\" data-widget_type=\"text-editor.default\">\n\t\t\t\t<div class=\"elementor-widget-container\">\n\t\t\t\t\t\t\t\t\t<p><span style=\"color: rgba(60, 60, 60, 0.99);\"><span style=\"font-family: helvetica, arial, sans-serif; font-size: 14pt;\">Para destacar este hecho, por iniciativa de \u00c1PICE, con el apoyo de sus instituciones afiliadas\u00a0 en los diferentes pa\u00edses de la Regi\u00f3n Panamericana, y de todos aqu\u00e9llos que comparten los mismos prop\u00f3sitos, cada a\u00f1o se celebra el\u00a0<b>D\u00eda Internacional del Cr\u00e9dito Educativo<\/b>. Dicha <span style=\"color: rgba(60, 60, 60, 0.99);\">celebraci\u00f3n conjuga varios factores que conviene resaltar porque destacan la importancia de este evento.<\/span><\/span><\/span><\/p><p>\u00a0<\/p><p><span style=\"font-family: helvetica, arial, sans-serif; font-size: 14pt; color: rgba(60, 60, 60, 0.99);\">Este d\u00eda fue establecido por \u00c1PICE en virtud de que el 27 de abril de 1918 naci\u00f3 en Bogot\u00e1, Colombia, Gabriel Betancur Mej\u00eda, abogado, economista, administrador, diplom\u00e1tico y educador, hombre de profunda visi\u00f3n social, que intuy\u00f3 la importancia vital de invertir en educaci\u00f3n como fuente de desarrollo de los ciudadanos y de las naciones.<\/span><\/p><p>\u00a0<\/p><p><span style=\"font-family: helvetica, arial, sans-serif; font-size: 14pt; color: rgba(60, 60, 60, 0.99);\">Ante las enormes dificultades que \u00e9l mismo soport\u00f3 cuando deseaba acceder a la educaci\u00f3n superior, y que pudo observar tambi\u00e9n en los j\u00f3venes de diferentes pa\u00edses, ide\u00f3 en 1944 un mecanismo financiero encaminado a apoyar a los estudiantes, deseosos de formarse acad\u00e9micamente y carentes de recursos financieros:\u00a0<b>el cr\u00e9dito educativo<\/b>.<\/span><\/p><p>\u00a0<\/p><p><span style=\"font-size: 14pt; font-family: helvetica, arial, sans-serif; color: rgba(60, 60, 60, 0.99);\">En torno a esta idea, y como fruto de ese impulso, durante casi 7 d\u00e9cadas han surgido gran variedad de iniciativas en todo el mundo: Entidades, programas y servicios de cr\u00e9dito educativo orientados por Gobiernos, Organismos Multilaterales, Fundaciones, Instituciones de Educaci\u00f3n Superior, Cooperativas, Bancos, y organizaciones de la m\u00e1s diversa \u00edndole. De esta manera los pa\u00edses han conjugado esfuerzos para enfrentar el problema financiero que impide el acceso de los estudiantes a la educaci\u00f3n superior, su permanencia en este nivel y la culminaci\u00f3n exitosa de su formaci\u00f3n profesional.<\/span><\/p><p>\u00a0<\/p><p class=\"Default\"><span style=\"font-family: helvetica, arial, sans-serif; font-size: 14pt; color: rgba(60, 60, 60, 0.99);\">El alcance de este mecanismo es, a todas luces, sorprendente por su car\u00e1cter eminentemente financiero y social.<\/span><\/p><p>\u00a0<\/p><p class=\"Default\"><span style=\"font-family: helvetica, arial, sans-serif; font-size: 14pt; color: rgba(60, 60, 60, 0.99);\">Por una parte, el cr\u00e9dito educativo estimula la responsabilidad social porque motiva al profesional a sentirse comprometido con su obligaci\u00f3n de cubrir su deuda, porque sabe que, de esta manera, retorna beneficios a la sociedad que le dio la oportunidad de estudiar. Por otra parte, estimula su solidaridad intergeneracional porque, cuando el profesional paga, es consciente de que el dinero recaudado sirve para financiar a estudiantes de la siguiente generaci\u00f3n tan necesitados como \u00e9l lo fue.<\/span><\/p><p>\u00a0<\/p><p class=\"Default\"><span style=\"font-family: helvetica, arial, sans-serif; font-size: 14pt; color: rgba(60, 60, 60, 0.99);\">Con cr\u00e9dito educativo es posible financiar pregrados, postgrados, maestr\u00edas, doctorados, al igual que cursos de corta, mediana, y larga duraci\u00f3n, tanto en el pa\u00eds como en el extranjero. Su prioridad es atender a los estudiantes provenientes de las poblaciones m\u00e1s necesitadas. Es com\u00fan escuchar, entre quienes han sido beneficiados, su experiencia de haber logrado estudiar gracias a la oportunidad que les brind\u00f3 este mecanismo.<\/span><\/p><p>\u00a0<\/p><table><tbody><tr><td><span style=\"font-size: 14pt; font-family: helvetica, arial, sans-serif; color: rgba(60, 60, 60, 0.99);\">Los gobiernos de los diferentes pa\u00edses, convencidos de la importancia de invertir en educaci\u00f3n como una prioridad de la m\u00e1s alta\u00a0rentabilidad social, encuentran en el cr\u00e9dito educativo un mecanismo pr\u00e1ctico, \u00fatil y multiplicador de los escasos recursos financieros. A las instituciones dedicadas a esta labor les corresponde administrar los dineros de manera eficaz, eficiente y efectiva para hacerlos rendir al m\u00e1ximo.<\/span><\/td><\/tr><\/tbody><\/table><p>\u00a0<\/p><p><span style=\"font-family: helvetica, arial, sans-serif; font-size: 14pt; color: rgba(60, 60, 60, 0.99);\">Por todo lo anterior, en el\u00a0<strong>D\u00eda Internacional del Cr\u00e9dito Educativo\u00a0<\/strong>\u00c1PICE, en nombre de los millones de personas que se han formado gracias a este mecanismo, rinde homenaje al doctor\u00a0<strong>Gabriel Betancur Mej\u00eda, Padre del cr\u00e9dito educativo<\/strong>, y a todos los fundadores e impulsores de las instituciones, programas y servicios dedicados a esta labor en todo el mundo. Para todos ellos nuestro profundo y sentido reconocimiento.<\/span><\/p><p>\u00a0<\/p><p><span style=\"font-family: helvetica, arial, sans-serif; font-size: 14pt; color: rgba(60, 60, 60, 0.99);\">Igualmente, los que compartimos el mismo ideal,\u00a0<strong>invitamos\u00a0<\/strong>a todos los ciudadanos, a las familias, a las entidades, a los gobiernos y a la sociedad global, a aglutinar esfuerzos para ofrecer igualdad de oportunidades de acceso, permanencia y culminaci\u00f3n de estudios superiores para toda la humanidad.<\/span><\/p><p>\u00a0<\/p><p><span style=\"font-family: helvetica, arial, sans-serif; font-size: 14pt; color: rgba(60, 60, 60, 0.99);\">La historia ser\u00e1 la encargada de rubricar los frutos de esta iniciativa que surgi\u00f3 de la creatividad, la tenacidad y el deseo eficaz de un hombre dedicado a encontrar soluciones para lograr la equidad, la promoci\u00f3n de la justicia, la superaci\u00f3n de la pobreza y la construcci\u00f3n de la paz.<\/span><\/p><p>\u00a0<\/p><p style=\"text-align: right;\"><span style=\"font-family: helvetica, arial, sans-serif; font-size: 14pt; color: rgba(60, 60, 60, 0.99);\"><strong>Por: Jorge T\u00e9llez Fuentes, Director Ejecutivo de \u00c1PICE<\/strong><\/span><\/p><p style=\"text-align: right;\"><span style=\"font-family: helvetica, arial, sans-serif; font-size: 14pt; color: rgba(60, 60, 236, 0.99);\"><a style=\"color: rgba(60, 60, 236, 0.99);\" href=\"mailto:jtellez@apice.edu.co\"><strong>jtellez@apice.edu.co<\/strong><\/a><\/span><\/p>\t\t\t\t\t\t\t\t<\/div>\n\t\t\t\t<\/div>\n\t\t\t\t\t<\/div>\n\t\t<\/div>\n\t\t\t\t\t<\/div>\n\t\t<\/section>\n\t\t\t\t<section class=\"elementor-section elementor-top-section elementor-element elementor-element-eeb4b1e elementor-section-boxed elementor-section-height-default elementor-section-height-default\" data-id=\"eeb4b1e\" data-element_type=\"section\" data-e-type=\"section\">\n\t\t\t\t\t\t<div class=\"elementor-container elementor-column-gap-default\">\n\t\t\t\t\t<div class=\"elementor-column elementor-col-100 elementor-top-column elementor-element elementor-element-7ea9618\" data-id=\"7ea9618\" data-element_type=\"column\" data-e-type=\"column\">\n\t\t\t<div class=\"elementor-widget-wrap elementor-element-populated\">\n\t\t\t\t\t\t<div class=\"elementor-element elementor-element-d39dd47 elementor-widget elementor-widget-spacer\" data-id=\"d39dd47\" data-element_type=\"widget\" data-e-type=\"widget\" data-widget_type=\"spacer.default\">\n\t\t\t\t<div class=\"elementor-widget-container\">\n\t\t\t\t\t\t\t<div class=\"elementor-spacer\">\n\t\t\t<div class=\"elementor-spacer-inner\"><\/div>\n\t\t<\/div>\n\t\t\t\t\t\t<\/div>\n\t\t\t\t<\/div>\n\t\t\t\t<div class=\"elementor-element elementor-element-26425fdc elementor-align-right elementor-invisible elementor-widget elementor-widget-button\" data-id=\"26425fdc\" data-element_type=\"widget\" data-e-type=\"widget\" data-settings=\"{&quot;_animation&quot;:&quot;fadeIn&quot;}\" data-widget_type=\"button.default\">\n\t\t\t\t<div class=\"elementor-widget-container\">\n\t\t\t\t\t\t\t\t\t<div class=\"elementor-button-wrapper\">\n\t\t\t\t\t<a class=\"elementor-button elementor-button-link elementor-size-md elementor-animation-pop\" href=\"https:\/\/apice.org.co\/site\/gabriel-betancur\/\">\n\t\t\t\t\t\t<span class=\"elementor-button-content-wrapper\">\n\t\t\t\t\t\t<span class=\"elementor-button-icon\">\n\t\t\t\t<i aria-hidden=\"true\" class=\"fas fa-reply\"><\/i>\t\t\t<\/span>\n\t\t\t\t\t\t\t\t\t<span class=\"elementor-button-text\">Regresar<\/span>\n\t\t\t\t\t<\/span>\n\t\t\t\t\t<\/a>\n\t\t\t\t<\/div>\n\t\t\t\t\t\t\t\t<\/div>\n\t\t\t\t<\/div>\n\t\t\t\t\t<\/div>\n\t\t<\/div>\n\t\t\t\t\t<\/div>\n\t\t<\/section>\n\t\t\t\t<section class=\"elementor-section elementor-top-section elementor-element elementor-element-3f019fc3 elementor-section-boxed elementor-section-height-default elementor-section-height-default\" data-id=\"3f019fc3\" data-element_type=\"section\" data-e-type=\"section\">\n\t\t\t\t\t\t<div class=\"elementor-container elementor-column-gap-default\">\n\t\t\t\t\t<div class=\"elementor-column elementor-col-100 elementor-top-column elementor-element elementor-element-60a39e97\" data-id=\"60a39e97\" data-element_type=\"column\" data-e-type=\"column\">\n\t\t\t<div class=\"elementor-widget-wrap\">\n\t\t\t\t\t\t\t<\/div>\n\t\t<\/div>\n\t\t\t\t\t<\/div>\n\t\t<\/section>\n\t\t\t\t<\/div>\n\t\t","protected":false},"excerpt":{"rendered":"<p>27 de abril: D\u00eda Internacional del Cr\u00e9dito Educativo Todos los a\u00f1os, el 27 de abril, la Asociaci\u00f3n Panamericana de Instituciones de Cr\u00e9dito Educativo, \u00c1PICE, y la comunidad educativa\u00a0Panamericana y mundial se unen para celebrar el\u00a0D\u00eda Internacional del Cr\u00e9dito Educativo. \u00a0 La Junta Directiva de \u00c1PICE, por Resoluci\u00f3n No. 0007 de 1995 adoptada en Quito, Ecuador, [&hellip;]<\/p>\n","protected":false},"author":4,"featured_media":0,"parent":0,"menu_order":0,"comment_status":"closed","ping_status":"closed","template":"","meta":{"_acf_changed":false,"om_disable_all_campaigns":false,"_exactmetrics_skip_tracking":false,"_exactmetrics_sitenote_active":false,"_exactmetrics_sitenote_note":"","_exactmetrics_sitenote_category":0,"_uf_show_specific_survey":0,"_uf_disable_surveys":false,"footnotes":""},"class_list":["post-6172","page","type-page","status-publish","hentry"],"acf":[],"aioseo_notices":[],"_links":{"self":[{"href":"https:\/\/apice.org.co\/site\/wp-json\/wp\/v2\/pages\/6172","targetHints":{"allow":["GET"]}}],"collection":[{"href":"https:\/\/apice.org.co\/site\/wp-json\/wp\/v2\/pages"}],"about":[{"href":"https:\/\/apice.org.co\/site\/wp-json\/wp\/v2\/types\/page"}],"author":[{"embeddable":true,"href":"https:\/\/apice.org.co\/site\/wp-json\/wp\/v2\/users\/4"}],"replies":[{"embeddable":true,"href":"https:\/\/apice.org.co\/site\/wp-json\/wp\/v2\/comments?post=6172"}],"version-history":[{"count":45,"href":"https:\/\/apice.org.co\/site\/wp-json\/wp\/v2\/pages\/6172\/revisions"}],"predecessor-version":[{"id":15034,"href":"https:\/\/apice.org.co\/site\/wp-json\/wp\/v2\/pages\/6172\/revisions\/15034"}],"wp:attachment":[{"href":"https:\/\/apice.org.co\/site\/wp-json\/wp\/v2\/media?parent=6172"}],"curies":[{"name":"wp","href":"https:\/\/api.w.org\/{rel}","templated":true}]}}