{"id":6314,"date":"2023-10-31T13:10:41","date_gmt":"2023-10-31T18:10:41","guid":{"rendered":"https:\/\/apice.org.co\/site\/?page_id=6314"},"modified":"2026-04-28T11:34:54","modified_gmt":"2026-04-28T16:34:54","slug":"junta-directiva","status":"publish","type":"page","link":"https:\/\/apice.org.co\/site\/junta-directiva\/","title":{"rendered":"Junta directiva"},"content":{"rendered":"\t\t<div data-elementor-type=\"wp-page\" data-elementor-id=\"6314\" class=\"elementor elementor-6314\" data-elementor-post-type=\"page\">\n\t\t\t\t\t\t<section class=\"elementor-section elementor-top-section elementor-element elementor-element-632d4f2 elementor-section-boxed elementor-section-height-default elementor-section-height-default\" data-id=\"632d4f2\" data-element_type=\"section\" data-e-type=\"section\">\n\t\t\t\t\t\t<div class=\"elementor-container elementor-column-gap-default\">\n\t\t\t\t\t<div class=\"elementor-column elementor-col-100 elementor-top-column elementor-element elementor-element-89fa777\" data-id=\"89fa777\" data-element_type=\"column\" data-e-type=\"column\">\n\t\t\t<div class=\"elementor-widget-wrap elementor-element-populated\">\n\t\t\t\t\t\t<div class=\"elementor-element elementor-element-f2bd820 elementor-widget elementor-widget-spacer\" data-id=\"f2bd820\" data-element_type=\"widget\" data-e-type=\"widget\" data-widget_type=\"spacer.default\">\n\t\t\t\t<div class=\"elementor-widget-container\">\n\t\t\t\t\t\t\t<div class=\"elementor-spacer\">\n\t\t\t<div class=\"elementor-spacer-inner\"><\/div>\n\t\t<\/div>\n\t\t\t\t\t\t<\/div>\n\t\t\t\t<\/div>\n\t\t\t\t\t<\/div>\n\t\t<\/div>\n\t\t\t\t\t<\/div>\n\t\t<\/section>\n\t\t\t\t<section class=\"elementor-section elementor-top-section elementor-element elementor-element-496d334 elementor-section-boxed elementor-section-height-default elementor-section-height-default\" data-id=\"496d334\" data-element_type=\"section\" data-e-type=\"section\">\n\t\t\t\t\t\t<div class=\"elementor-container elementor-column-gap-default\">\n\t\t\t\t\t<div class=\"elementor-column elementor-col-100 elementor-top-column elementor-element elementor-element-0bab179\" data-id=\"0bab179\" data-element_type=\"column\" data-e-type=\"column\">\n\t\t\t<div class=\"elementor-widget-wrap elementor-element-populated\">\n\t\t\t\t\t\t<div class=\"elementor-element elementor-element-9412663 elementor-widget elementor-widget-heading\" data-id=\"9412663\" data-element_type=\"widget\" data-e-type=\"widget\" data-widget_type=\"heading.default\">\n\t\t\t\t<div class=\"elementor-widget-container\">\n\t\t\t\t\t<h2 class=\"elementor-heading-title elementor-size-default\">Junta Directiva \u00c1PICE<\/h2>\t\t\t\t<\/div>\n\t\t\t\t<\/div>\n\t\t\t\t<div class=\"elementor-element elementor-element-1e09e79 elementor-widget elementor-widget-heading\" data-id=\"1e09e79\" data-element_type=\"widget\" data-e-type=\"widget\" data-widget_type=\"heading.default\">\n\t\t\t\t<div class=\"elementor-widget-container\">\n\t\t\t\t\t<h2 class=\"elementor-heading-title elementor-size-default\">Septiembre 2023 - Septiembre 2025<\/h2>\t\t\t\t<\/div>\n\t\t\t\t<\/div>\n\t\t\t\t<div class=\"elementor-element elementor-element-95733df elementor-widget elementor-widget-spacer\" data-id=\"95733df\" data-element_type=\"widget\" data-e-type=\"widget\" data-widget_type=\"spacer.default\">\n\t\t\t\t<div class=\"elementor-widget-container\">\n\t\t\t\t\t\t\t<div class=\"elementor-spacer\">\n\t\t\t<div class=\"elementor-spacer-inner\"><\/div>\n\t\t<\/div>\n\t\t\t\t\t\t<\/div>\n\t\t\t\t<\/div>\n\t\t\t\t\t<\/div>\n\t\t<\/div>\n\t\t\t\t\t<\/div>\n\t\t<\/section>\n\t\t\t\t<section class=\"elementor-section elementor-top-section elementor-element elementor-element-3fdb401 elementor-section-boxed elementor-section-height-default elementor-section-height-default\" data-id=\"3fdb401\" data-element_type=\"section\" data-e-type=\"section\">\n\t\t\t\t\t\t<div class=\"elementor-container elementor-column-gap-default\">\n\t\t\t\t\t<div class=\"elementor-column elementor-col-100 elementor-top-column elementor-element elementor-element-b678ac3\" data-id=\"b678ac3\" data-element_type=\"column\" data-e-type=\"column\">\n\t\t\t<div class=\"elementor-widget-wrap elementor-element-populated\">\n\t\t\t\t\t\t<div class=\"elementor-element elementor-element-db2878f elementor-widget elementor-widget-image\" data-id=\"db2878f\" data-element_type=\"widget\" data-e-type=\"widget\" data-widget_type=\"image.default\">\n\t\t\t\t<div class=\"elementor-widget-container\">\n\t\t\t\t\t\t\t\t\t\t\t\t\t\t\t<img fetchpriority=\"high\" decoding=\"async\" width=\"640\" height=\"360\" src=\"https:\/\/apice.org.co\/site\/wp-content\/uploads\/2023\/11\/JD-APICE-2023-2025-768x432.jpg\" class=\"attachment-medium_large size-medium_large wp-image-6876\" alt=\"\" srcset=\"https:\/\/apice.org.co\/site\/wp-content\/uploads\/2023\/11\/JD-APICE-2023-2025-768x432.jpg 768w, https:\/\/apice.org.co\/site\/wp-content\/uploads\/2023\/11\/JD-APICE-2023-2025-300x169.jpg 300w, https:\/\/apice.org.co\/site\/wp-content\/uploads\/2023\/11\/JD-APICE-2023-2025-1024x576.jpg 1024w, https:\/\/apice.org.co\/site\/wp-content\/uploads\/2023\/11\/JD-APICE-2023-2025-320x180.jpg 320w, https:\/\/apice.org.co\/site\/wp-content\/uploads\/2023\/11\/JD-APICE-2023-2025-480x270.jpg 480w, https:\/\/apice.org.co\/site\/wp-content\/uploads\/2023\/11\/JD-APICE-2023-2025-800x450.jpg 800w, https:\/\/apice.org.co\/site\/wp-content\/uploads\/2023\/11\/JD-APICE-2023-2025.jpg 1080w\" sizes=\"(max-width: 640px) 100vw, 640px\" \/>\t\t\t\t\t\t\t\t\t\t\t\t\t\t\t<\/div>\n\t\t\t\t<\/div>\n\t\t\t\t<div class=\"elementor-element elementor-element-2ed643e elementor-widget elementor-widget-text-editor\" data-id=\"2ed643e\" data-element_type=\"widget\" data-e-type=\"widget\" data-widget_type=\"text-editor.default\">\n\t\t\t\t<div class=\"elementor-widget-container\">\n\t\t\t\t\t\t\t\t\t<p><span style=\"font-size: 10pt; font-family: helvetica, arial, sans-serif; color: rgba(60, 60, 60, 0.99);\">En la foto aparecen de izquierda a derecha: Jorge T\u00e9llez Fuentes; Enrique Prieto Flores; Regla Brito de Vargas; Efra\u00edn Miranda Carballo; Antonio Fonseca; Jorge Enrique Hern\u00e1ndez Meza; Mauricio Andr\u00e9s Toro Orjuela.<\/span><\/p>\t\t\t\t\t\t\t\t<\/div>\n\t\t\t\t<\/div>\n\t\t\t\t<div class=\"elementor-element elementor-element-af30b56 elementor-widget elementor-widget-spacer\" data-id=\"af30b56\" data-element_type=\"widget\" data-e-type=\"widget\" data-widget_type=\"spacer.default\">\n\t\t\t\t<div class=\"elementor-widget-container\">\n\t\t\t\t\t\t\t<div class=\"elementor-spacer\">\n\t\t\t<div class=\"elementor-spacer-inner\"><\/div>\n\t\t<\/div>\n\t\t\t\t\t\t<\/div>\n\t\t\t\t<\/div>\n\t\t\t\t<div class=\"elementor-element elementor-element-e5d3924 elementor-widget elementor-widget-text-editor\" data-id=\"e5d3924\" data-element_type=\"widget\" data-e-type=\"widget\" data-widget_type=\"text-editor.default\">\n\t\t\t\t<div class=\"elementor-widget-container\">\n\t\t\t\t\t\t\t\t\t<p style=\"text-align: left;\"><span style=\"font-size: 14pt; font-family: helvetica, arial, sans-serif; color: rgba(60, 60, 60, 0.99);\">La Asamblea General de \u00c1PICE, reunida en la sesi\u00f3n No. 41, eligi\u00f3 a los nuevos miembros de su Junta Directiva.<\/span><\/p>\t\t\t\t\t\t\t\t<\/div>\n\t\t\t\t<\/div>\n\t\t\t\t<div class=\"elementor-element elementor-element-2dfaa64 elementor-widget elementor-widget-spacer\" data-id=\"2dfaa64\" data-element_type=\"widget\" data-e-type=\"widget\" data-widget_type=\"spacer.default\">\n\t\t\t\t<div class=\"elementor-widget-container\">\n\t\t\t\t\t\t\t<div class=\"elementor-spacer\">\n\t\t\t<div class=\"elementor-spacer-inner\"><\/div>\n\t\t<\/div>\n\t\t\t\t\t\t<\/div>\n\t\t\t\t<\/div>\n\t\t\t\t\t<\/div>\n\t\t<\/div>\n\t\t\t\t\t<\/div>\n\t\t<\/section>\n\t\t\t\t<section class=\"elementor-section elementor-top-section elementor-element elementor-element-978a481 elementor-section-boxed elementor-section-height-default elementor-section-height-default\" data-id=\"978a481\" data-element_type=\"section\" data-e-type=\"section\">\n\t\t\t\t\t\t<div class=\"elementor-container elementor-column-gap-default\">\n\t\t\t\t\t<div class=\"elementor-column elementor-col-100 elementor-top-column elementor-element elementor-element-c60e221\" data-id=\"c60e221\" data-element_type=\"column\" data-e-type=\"column\">\n\t\t\t<div class=\"elementor-widget-wrap elementor-element-populated\">\n\t\t\t\t\t\t<div class=\"elementor-element elementor-element-14d7bbc elementor-widget elementor-widget-toggle\" data-id=\"14d7bbc\" data-element_type=\"widget\" data-e-type=\"widget\" data-widget_type=\"toggle.default\">\n\t\t\t\t<div class=\"elementor-widget-container\">\n\t\t\t\t\t\t\t<div class=\"elementor-toggle\">\n\t\t\t\t\t\t\t<div class=\"elementor-toggle-item\">\n\t\t\t\t\t<div id=\"elementor-tab-title-2181\" class=\"elementor-tab-title\" data-tab=\"1\" role=\"button\" aria-controls=\"elementor-tab-content-2181\" aria-expanded=\"false\">\n\t\t\t\t\t\t\t\t\t\t\t\t<span class=\"elementor-toggle-icon elementor-toggle-icon-left\" aria-hidden=\"true\">\n\t\t\t\t\t\t\t\t\t\t\t\t\t\t\t<span class=\"elementor-toggle-icon-closed\"><i class=\"fas fa-caret-right\"><\/i><\/span>\n\t\t\t\t\t\t\t\t<span class=\"elementor-toggle-icon-opened\"><i class=\"elementor-toggle-icon-opened fas fa-caret-up\"><\/i><\/span>\n\t\t\t\t\t\t\t\t\t\t\t\t\t<\/span>\n\t\t\t\t\t\t\t\t\t\t\t\t<a class=\"elementor-toggle-title\" tabindex=\"0\">Presidente<\/a>\n\t\t\t\t\t<\/div>\n\n\t\t\t\t\t<div id=\"elementor-tab-content-2181\" class=\"elementor-tab-content elementor-clearfix\" data-tab=\"1\" role=\"region\" aria-labelledby=\"elementor-tab-title-2181\"><p><span style=\"color: rgba(60, 60, 60, 0.99);\"><span style=\"font-family: helvetica, arial, sans-serif; font-size: 14pt;\"><a style=\"color: rgba(60, 60, 60, 0.99);\" href=\"http:\/\/juventudesgto.com\/\" target=\"_blank\" rel=\"noopener\">Instituto para el Desarrollo y Atenci\u00f3n a las Juventudes del Estado de Guanajuato \u2013 JuventudEsGto<\/a>,\u00a0M\u00e9xico.<\/span><\/span><\/p><p><span style=\"color: rgba(60, 60, 60, 0.99);\"><strong><span style=\"font-family: helvetica, arial, sans-serif; font-size: 14pt;\">Representado por el Lic. Enrique Prieto Flores, Presidente del Consejo Directivo.<\/span><\/strong><\/span><\/p><p><span style=\"color: #006699;\"><span style=\"font-family: helvetica, arial, sans-serif; font-size: 14pt;\"><a style=\"color: #006699;\" href=\"mailto:enrique@keycapital.com.mx\">enrique@keycapital.com.mx<\/a><\/span><\/span><\/p><\/div>\n\t\t\t\t<\/div>\n\t\t\t\t\t\t\t<div class=\"elementor-toggle-item\">\n\t\t\t\t\t<div id=\"elementor-tab-title-2182\" class=\"elementor-tab-title\" data-tab=\"2\" role=\"button\" aria-controls=\"elementor-tab-content-2182\" aria-expanded=\"false\">\n\t\t\t\t\t\t\t\t\t\t\t\t<span class=\"elementor-toggle-icon elementor-toggle-icon-left\" aria-hidden=\"true\">\n\t\t\t\t\t\t\t\t\t\t\t\t\t\t\t<span class=\"elementor-toggle-icon-closed\"><i class=\"fas fa-caret-right\"><\/i><\/span>\n\t\t\t\t\t\t\t\t<span class=\"elementor-toggle-icon-opened\"><i class=\"elementor-toggle-icon-opened fas fa-caret-up\"><\/i><\/span>\n\t\t\t\t\t\t\t\t\t\t\t\t\t<\/span>\n\t\t\t\t\t\t\t\t\t\t\t\t<a class=\"elementor-toggle-title\" tabindex=\"0\">Primer Vicepresidente<\/a>\n\t\t\t\t\t<\/div>\n\n\t\t\t\t\t<div id=\"elementor-tab-content-2182\" class=\"elementor-tab-content elementor-clearfix\" data-tab=\"2\" role=\"region\" aria-labelledby=\"elementor-tab-title-2182\"><h4><span style=\"font-family: helvetica, arial, sans-serif; font-size: 14pt; color: rgba(60, 60, 60, 0.99);\"><a style=\"color: rgba(60, 60, 60, 0.99);\" href=\"https:\/\/www.conape.go.cr\/\" target=\"_blank\" rel=\"noopener\">Comisi\u00f3n Nacional de Pr\u00e9stamos para Educaci\u00f3n CONAPE<\/a>,\u00a0Costa Rica.<\/span><\/h4><h4><span style=\"color: rgba(60, 60, 60, 0.99);\"><strong><span style=\"font-family: helvetica, arial, sans-serif; font-size: 14pt;\">Representada por el Lic. Efra\u00edn Miranda Carballo, Secretario Ejecutivo.<\/span><\/strong><\/span><\/h4><h4><span style=\"font-family: helvetica, arial, sans-serif; font-size: 14pt; color: #006699;\"><a style=\"color: #006699;\" href=\"mailto:emiranda@conape.go.cr\">emiranda@conape.go.cr<\/a><\/span><\/h4><\/div>\n\t\t\t\t<\/div>\n\t\t\t\t\t\t\t\t<\/div>\n\t\t\t\t\t\t<\/div>\n\t\t\t\t<\/div>\n\t\t\t\t\t<\/div>\n\t\t<\/div>\n\t\t\t\t\t<\/div>\n\t\t<\/section>\n\t\t\t\t<section class=\"elementor-section elementor-top-section elementor-element elementor-element-0846512 elementor-section-boxed elementor-section-height-default elementor-section-height-default\" data-id=\"0846512\" data-element_type=\"section\" data-e-type=\"section\">\n\t\t\t\t\t\t<div class=\"elementor-container elementor-column-gap-default\">\n\t\t\t\t\t<div class=\"elementor-column elementor-col-100 elementor-top-column elementor-element elementor-element-22ac387\" data-id=\"22ac387\" data-element_type=\"column\" data-e-type=\"column\">\n\t\t\t<div class=\"elementor-widget-wrap elementor-element-populated\">\n\t\t\t\t\t\t<div class=\"elementor-element elementor-element-d4238e2 elementor-widget elementor-widget-toggle\" data-id=\"d4238e2\" data-element_type=\"widget\" data-e-type=\"widget\" data-widget_type=\"toggle.default\">\n\t\t\t\t<div class=\"elementor-widget-container\">\n\t\t\t\t\t\t\t<div class=\"elementor-toggle\">\n\t\t\t\t\t\t\t<div class=\"elementor-toggle-item\">\n\t\t\t\t\t<div id=\"elementor-tab-title-2221\" class=\"elementor-tab-title\" data-tab=\"1\" role=\"button\" aria-controls=\"elementor-tab-content-2221\" aria-expanded=\"false\">\n\t\t\t\t\t\t\t\t\t\t\t\t<span class=\"elementor-toggle-icon elementor-toggle-icon-left\" aria-hidden=\"true\">\n\t\t\t\t\t\t\t\t\t\t\t\t\t\t\t<span class=\"elementor-toggle-icon-closed\"><i class=\"fas fa-caret-right\"><\/i><\/span>\n\t\t\t\t\t\t\t\t<span class=\"elementor-toggle-icon-opened\"><i class=\"elementor-toggle-icon-opened fas fa-caret-up\"><\/i><\/span>\n\t\t\t\t\t\t\t\t\t\t\t\t\t<\/span>\n\t\t\t\t\t\t\t\t\t\t\t\t<a class=\"elementor-toggle-title\" tabindex=\"0\">Segundo Vicepresidente<\/a>\n\t\t\t\t\t<\/div>\n\n\t\t\t\t\t<div id=\"elementor-tab-content-2221\" class=\"elementor-tab-content elementor-clearfix\" data-tab=\"1\" role=\"region\" aria-labelledby=\"elementor-tab-title-2221\"><h4><span style=\"font-family: helvetica, arial, sans-serif; font-size: 14pt; color: rgba(60, 60, 60, 0.99);\"><a style=\"color: rgba(60, 60, 60, 0.99);\" href=\"https:\/\/educredito.org.ve\/\" target=\"_blank\" rel=\"noopener\">EDUCR\u00c9DITO A.C.<\/a>, Venezuela.<\/span><\/h4><h4><span style=\"color: rgba(60, 60, 60, 0.99);\"><strong><span style=\"font-family: helvetica, arial, sans-serif; font-size: 14pt;\">Representado por el Dr. Antonio Fonseca, Miembro de la Junta Directiva de EDUCR\u00c9DITO A.C.<\/span><\/strong><\/span><\/h4><h4><span style=\"font-family: helvetica, arial, sans-serif; font-size: 14pt; color: #006699;\"><a style=\"color: #006699;\" href=\"mailto:amendoza@mdt.com.ve\">amendoza@mdt.com.ve<\/a><\/span><\/h4><h4>\u00a0<\/h4><\/div>\n\t\t\t\t<\/div>\n\t\t\t\t\t\t\t<div class=\"elementor-toggle-item\">\n\t\t\t\t\t<div id=\"elementor-tab-title-2222\" class=\"elementor-tab-title\" data-tab=\"2\" role=\"button\" aria-controls=\"elementor-tab-content-2222\" aria-expanded=\"false\">\n\t\t\t\t\t\t\t\t\t\t\t\t<span class=\"elementor-toggle-icon elementor-toggle-icon-left\" aria-hidden=\"true\">\n\t\t\t\t\t\t\t\t\t\t\t\t\t\t\t<span class=\"elementor-toggle-icon-closed\"><i class=\"fas fa-caret-right\"><\/i><\/span>\n\t\t\t\t\t\t\t\t<span class=\"elementor-toggle-icon-opened\"><i class=\"elementor-toggle-icon-opened fas fa-caret-up\"><\/i><\/span>\n\t\t\t\t\t\t\t\t\t\t\t\t\t<\/span>\n\t\t\t\t\t\t\t\t\t\t\t\t<a class=\"elementor-toggle-title\" tabindex=\"0\">Tercer Vicepresidente<\/a>\n\t\t\t\t\t<\/div>\n\n\t\t\t\t\t<div id=\"elementor-tab-content-2222\" class=\"elementor-tab-content elementor-clearfix\" data-tab=\"2\" role=\"region\" aria-labelledby=\"elementor-tab-title-2222\"><h4><span style=\"font-family: helvetica, arial, sans-serif; font-size: 14pt; color: rgba(60, 60, 60, 0.99);\"><a style=\"color: rgba(60, 60, 60, 0.99);\" href=\"https:\/\/www.uniminuto.edu\/\" target=\"_blank\" rel=\"noopener\">Corporaci\u00f3n Universitaria Minuto de Dios, UNIMINUTO<\/a>,\u00a0Colombia.<\/span><\/h4><h4><span style=\"color: rgba(60, 60, 60, 0.99);\"><strong><span style=\"font-family: helvetica, arial, sans-serif; font-size: 14pt;\">Representada por el Dr. Jefferson Arias, Rector de la Sede Principal.<\/span><\/strong><\/span><\/h4><h4><span style=\"font-family: helvetica, arial, sans-serif; font-size: 14pt; color: #006699;\"><a style=\"color: #006699;\" href=\"mailto:jarias@uniminuto.edu\">jarias@uniminuto.edu<\/a><\/span><\/h4><\/div>\n\t\t\t\t<\/div>\n\t\t\t\t\t\t\t\t<\/div>\n\t\t\t\t\t\t<\/div>\n\t\t\t\t<\/div>\n\t\t\t\t<div class=\"elementor-element elementor-element-a970de6 elementor-widget elementor-widget-toggle\" data-id=\"a970de6\" data-element_type=\"widget\" data-e-type=\"widget\" data-widget_type=\"toggle.default\">\n\t\t\t\t<div class=\"elementor-widget-container\">\n\t\t\t\t\t\t\t<div class=\"elementor-toggle\">\n\t\t\t\t\t\t\t<div class=\"elementor-toggle-item\">\n\t\t\t\t\t<div id=\"elementor-tab-title-1771\" class=\"elementor-tab-title\" data-tab=\"1\" role=\"button\" aria-controls=\"elementor-tab-content-1771\" aria-expanded=\"false\">\n\t\t\t\t\t\t\t\t\t\t\t\t<span class=\"elementor-toggle-icon elementor-toggle-icon-left\" aria-hidden=\"true\">\n\t\t\t\t\t\t\t\t\t\t\t\t\t\t\t<span class=\"elementor-toggle-icon-closed\"><i class=\"fas fa-caret-right\"><\/i><\/span>\n\t\t\t\t\t\t\t\t<span class=\"elementor-toggle-icon-opened\"><i class=\"elementor-toggle-icon-opened fas fa-caret-up\"><\/i><\/span>\n\t\t\t\t\t\t\t\t\t\t\t\t\t<\/span>\n\t\t\t\t\t\t\t\t\t\t\t\t<a class=\"elementor-toggle-title\" tabindex=\"0\">Primer vocal<\/a>\n\t\t\t\t\t<\/div>\n\n\t\t\t\t\t<div id=\"elementor-tab-content-1771\" class=\"elementor-tab-content elementor-clearfix\" data-tab=\"1\" role=\"region\" aria-labelledby=\"elementor-tab-title-1771\"><h4>\u00a0<\/h4><p><span style=\"font-family: helvetica, arial, sans-serif; font-size: 14pt; color: rgba(60, 60, 60, 0.99);\"><a style=\"color: rgba(60, 60, 60, 0.99);\" href=\"http:\/\/www.icetex.gov.co\/dnnpro5\/inicio\">Instituto Colombiano de Cr\u00e9dito Educativo y Estudios T\u00e9cnicos en el Exterior, ICETEX<\/a>,\u00a0Colombia.<\/span><\/p><p><span style=\"color: rgba(60, 60, 60, 0.99);\"><strong><span style=\"font-family: helvetica, arial, sans-serif; font-size: 14pt;\">Representado por el Dr. \u00c1lvaro Hern\u00e1n Urquijo G\u00f3mez, Presidente.\u00a0<\/span><\/strong><\/span><\/p><h4><span style=\"font-family: helvetica, arial, sans-serif; font-size: 14pt; color: #006699;\"><a style=\"color: #006699;\" href=\"mailto:presidencia@icetex.gov.co\">presidencia@icetex.gov.co<\/a><\/span><\/h4><h4>\u00a0<\/h4><\/div>\n\t\t\t\t<\/div>\n\t\t\t\t\t\t\t<div class=\"elementor-toggle-item\">\n\t\t\t\t\t<div id=\"elementor-tab-title-1772\" class=\"elementor-tab-title\" data-tab=\"2\" role=\"button\" aria-controls=\"elementor-tab-content-1772\" aria-expanded=\"false\">\n\t\t\t\t\t\t\t\t\t\t\t\t<span class=\"elementor-toggle-icon elementor-toggle-icon-left\" aria-hidden=\"true\">\n\t\t\t\t\t\t\t\t\t\t\t\t\t\t\t<span class=\"elementor-toggle-icon-closed\"><i class=\"fas fa-caret-right\"><\/i><\/span>\n\t\t\t\t\t\t\t\t<span class=\"elementor-toggle-icon-opened\"><i class=\"elementor-toggle-icon-opened fas fa-caret-up\"><\/i><\/span>\n\t\t\t\t\t\t\t\t\t\t\t\t\t<\/span>\n\t\t\t\t\t\t\t\t\t\t\t\t<a class=\"elementor-toggle-title\" tabindex=\"0\">segundo vocal<\/a>\n\t\t\t\t\t<\/div>\n\n\t\t\t\t\t<div id=\"elementor-tab-content-1772\" class=\"elementor-tab-content elementor-clearfix\" data-tab=\"2\" role=\"region\" aria-labelledby=\"elementor-tab-title-1772\"><h3><span style=\"font-family: helvetica, arial, sans-serif; font-size: 14pt; color: rgba(60, 60, 60, 0.99);\"><a style=\"color: rgba(60, 60, 60, 0.99);\" href=\"https:\/\/portal.fundacred.org.br\/\" target=\"_blank\" rel=\"noopener\">Fundaci\u00f3n de Cr\u00e9dito Educativo, FUNDACRED<\/a>, Brasil.<\/span><\/h3><h3><span style=\"color: rgba(60, 60, 60, 0.99);\"><strong><span style=\"font-family: helvetica, arial, sans-serif; font-size: 14pt;\">Representada por el Dr. Nivio Junior Lewis Delgado, Presidente.<\/span><\/strong><\/span><\/h3><h3><span style=\"font-family: helvetica, arial, sans-serif; font-size: 14pt; color: #006699;\"><a style=\"color: #006699;\" href=\"mailto:nivio.delgado@fundacred.org.br\" target=\"_blank\" rel=\"noopener\">nivio.delgado@fundacred.org.br<\/a><\/span><\/h3><\/div>\n\t\t\t\t<\/div>\n\t\t\t\t\t\t\t\t<\/div>\n\t\t\t\t\t\t<\/div>\n\t\t\t\t<\/div>\n\t\t\t\t<div class=\"elementor-element elementor-element-379bf7f elementor-widget elementor-widget-toggle\" data-id=\"379bf7f\" data-element_type=\"widget\" data-e-type=\"widget\" data-widget_type=\"toggle.default\">\n\t\t\t\t<div class=\"elementor-widget-container\">\n\t\t\t\t\t\t\t<div class=\"elementor-toggle\">\n\t\t\t\t\t\t\t<div class=\"elementor-toggle-item\">\n\t\t\t\t\t<div id=\"elementor-tab-title-5831\" class=\"elementor-tab-title\" data-tab=\"1\" role=\"button\" aria-controls=\"elementor-tab-content-5831\" aria-expanded=\"false\">\n\t\t\t\t\t\t\t\t\t\t\t\t<span class=\"elementor-toggle-icon elementor-toggle-icon-left\" aria-hidden=\"true\">\n\t\t\t\t\t\t\t\t\t\t\t\t\t\t\t<span class=\"elementor-toggle-icon-closed\"><i class=\"fas fa-caret-right\"><\/i><\/span>\n\t\t\t\t\t\t\t\t<span class=\"elementor-toggle-icon-opened\"><i class=\"elementor-toggle-icon-opened fas fa-caret-up\"><\/i><\/span>\n\t\t\t\t\t\t\t\t\t\t\t\t\t<\/span>\n\t\t\t\t\t\t\t\t\t\t\t\t<a class=\"elementor-toggle-title\" tabindex=\"0\">Tercer vocal<\/a>\n\t\t\t\t\t<\/div>\n\n\t\t\t\t\t<div id=\"elementor-tab-content-5831\" class=\"elementor-tab-content elementor-clearfix\" data-tab=\"1\" role=\"region\" aria-labelledby=\"elementor-tab-title-5831\"><p><span style=\"font-family: helvetica, arial, sans-serif; font-size: 14pt; color: rgba(60, 60, 60, 0.99);\"><a style=\"color: rgba(60, 60, 60, 0.99);\" href=\"https:\/\/www.escuelaing.edu.co\/es\/\" target=\"_blank\" rel=\"noopener\">Escuela Colombiana de Ingenier\u00eda Julio Garavito<\/a>, Colombia.<\/span><\/p><p><strong><span style=\"font-family: helvetica, arial, sans-serif; font-size: 14pt; color: rgba(60, 60, 60, 0.99);\">Representada por la Dra. Miryam Astrid Angarita G\u00f3mez, Rectora.<\/span><\/strong><\/p><p><a href=\"mailto:rector@escuelaing.edu.co\"><span style=\"font-family: helvetica, arial, sans-serif; font-size: 14pt; color: rgba(60, 60, 60, 0.99);\">rector<span style=\"color: #006699;\">@escuelaing.edu.co<\/span><\/span><\/a><\/p><\/div>\n\t\t\t\t<\/div>\n\t\t\t\t\t\t\t<div class=\"elementor-toggle-item\">\n\t\t\t\t\t<div id=\"elementor-tab-title-5832\" class=\"elementor-tab-title\" data-tab=\"2\" role=\"button\" aria-controls=\"elementor-tab-content-5832\" aria-expanded=\"false\">\n\t\t\t\t\t\t\t\t\t\t\t\t<span class=\"elementor-toggle-icon elementor-toggle-icon-left\" aria-hidden=\"true\">\n\t\t\t\t\t\t\t\t\t\t\t\t\t\t\t<span class=\"elementor-toggle-icon-closed\"><i class=\"fas fa-caret-right\"><\/i><\/span>\n\t\t\t\t\t\t\t\t<span class=\"elementor-toggle-icon-opened\"><i class=\"elementor-toggle-icon-opened fas fa-caret-up\"><\/i><\/span>\n\t\t\t\t\t\t\t\t\t\t\t\t\t<\/span>\n\t\t\t\t\t\t\t\t\t\t\t\t<a class=\"elementor-toggle-title\" tabindex=\"0\">Miembro honorario<\/a>\n\t\t\t\t\t<\/div>\n\n\t\t\t\t\t<div id=\"elementor-tab-content-5832\" class=\"elementor-tab-content elementor-clearfix\" data-tab=\"2\" role=\"region\" aria-labelledby=\"elementor-tab-title-5832\"><h4><span style=\"font-family: helvetica, arial, sans-serif; font-size: 14pt; color: rgba(60, 60, 60, 0.99);\"><a style=\"color: rgba(60, 60, 60, 0.99);\" href=\"https:\/\/www.fundapec.edu.do\/\" target=\"_blank\" rel=\"noopener\">Fundaci\u00f3n APEC de Cr\u00e9dito Educativo, FUNDAPEC<\/a>, Rep\u00fablica Dominicana.<\/span><\/h4><p><span style=\"color: rgba(60, 60, 60, 0.99);\"><strong><span style=\"font-family: helvetica, arial, sans-serif; font-size: 14pt;\">Representada por la Lic. Regla Brito de Vargas, Directora Ejecutiva.<\/span><\/strong><\/span><\/p><h4><span style=\"font-family: helvetica, arial, sans-serif; font-size: 14pt; color: #006699;\"><a style=\"color: #006699;\" href=\"mailto:rbrito@fundapec.edu.do\">rbrito@fundapec.edu.do<\/a><\/span><\/h4><\/div>\n\t\t\t\t<\/div>\n\t\t\t\t\t\t\t\t<\/div>\n\t\t\t\t\t\t<\/div>\n\t\t\t\t<\/div>\n\t\t\t\t<div class=\"elementor-element elementor-element-03308f7 elementor-widget elementor-widget-toggle\" data-id=\"03308f7\" data-element_type=\"widget\" data-e-type=\"widget\" data-widget_type=\"toggle.default\">\n\t\t\t\t<div class=\"elementor-widget-container\">\n\t\t\t\t\t\t\t<div class=\"elementor-toggle\">\n\t\t\t\t\t\t\t<div class=\"elementor-toggle-item\">\n\t\t\t\t\t<div id=\"elementor-tab-title-3341\" class=\"elementor-tab-title\" data-tab=\"1\" role=\"button\" aria-controls=\"elementor-tab-content-3341\" aria-expanded=\"false\">\n\t\t\t\t\t\t\t\t\t\t\t\t<span class=\"elementor-toggle-icon elementor-toggle-icon-left\" aria-hidden=\"true\">\n\t\t\t\t\t\t\t\t\t\t\t\t\t\t\t<span class=\"elementor-toggle-icon-closed\"><i class=\"fas fa-caret-right\"><\/i><\/span>\n\t\t\t\t\t\t\t\t<span class=\"elementor-toggle-icon-opened\"><i class=\"elementor-toggle-icon-opened fas fa-caret-up\"><\/i><\/span>\n\t\t\t\t\t\t\t\t\t\t\t\t\t<\/span>\n\t\t\t\t\t\t\t\t\t\t\t\t<a class=\"elementor-toggle-title\" tabindex=\"0\">Asesor<\/a>\n\t\t\t\t\t<\/div>\n\n\t\t\t\t\t<div id=\"elementor-tab-content-3341\" class=\"elementor-tab-content elementor-clearfix\" data-tab=\"1\" role=\"region\" aria-labelledby=\"elementor-tab-title-3341\"><p><span style=\"font-family: helvetica, arial, sans-serif; font-size: 14pt; color: rgba(60, 60, 60, 0.99);\"><strong>Jorge Enrique Hern\u00e1ndez Meza, M\u00e9xico<\/strong><\/span><\/p><p>\u00a0<\/p><p><a href=\"mailto:jhernandez@seg.guanajuato.gob.mx\"><span style=\"font-size: 14pt; font-family: helvetica, arial, sans-serif; color: #006699;\">jhernandez@seg.guanajuato.gob.mx<\/span><\/a><\/p><\/div>\n\t\t\t\t<\/div>\n\t\t\t\t\t\t\t<div class=\"elementor-toggle-item\">\n\t\t\t\t\t<div id=\"elementor-tab-title-3342\" class=\"elementor-tab-title\" data-tab=\"2\" role=\"button\" aria-controls=\"elementor-tab-content-3342\" aria-expanded=\"false\">\n\t\t\t\t\t\t\t\t\t\t\t\t<span class=\"elementor-toggle-icon elementor-toggle-icon-left\" aria-hidden=\"true\">\n\t\t\t\t\t\t\t\t\t\t\t\t\t\t\t<span class=\"elementor-toggle-icon-closed\"><i class=\"fas fa-caret-right\"><\/i><\/span>\n\t\t\t\t\t\t\t\t<span class=\"elementor-toggle-icon-opened\"><i class=\"elementor-toggle-icon-opened fas fa-caret-up\"><\/i><\/span>\n\t\t\t\t\t\t\t\t\t\t\t\t\t<\/span>\n\t\t\t\t\t\t\t\t\t\t\t\t<a class=\"elementor-toggle-title\" tabindex=\"0\">Asesor<\/a>\n\t\t\t\t\t<\/div>\n\n\t\t\t\t\t<div id=\"elementor-tab-content-3342\" class=\"elementor-tab-content elementor-clearfix\" data-tab=\"2\" role=\"region\" aria-labelledby=\"elementor-tab-title-3342\"><table><tbody><tr><td><p><span style=\"color: rgba(60, 60, 60, 0.99);\"><strong><span style=\"font-family: helvetica, arial, sans-serif; font-size: 14pt;\">Alejandro Antonioli Delucchi,\u00a0<a style=\"color: rgba(60, 60, 60, 0.99);\" href=\"https:\/\/www.pucp.edu.pe\/\" target=\"_blank\" rel=\"noopener\">Pontificia Universidad Cat\u00f3lica del Per\u00fa.<\/a><\/span><\/strong><\/span><\/p><h4><span style=\"font-family: helvetica, arial, sans-serif; font-size: 14pt; color: #006699;\"><a style=\"color: #006699;\" href=\"mailto:aantoni@pucp.edu.pe\">aantoni@pucp.edu.pe<\/a><\/span><\/h4><\/td><\/tr><\/tbody><\/table><\/div>\n\t\t\t\t<\/div>\n\t\t\t\t\t\t\t\t<\/div>\n\t\t\t\t\t\t<\/div>\n\t\t\t\t<\/div>\n\t\t\t\t<div class=\"elementor-element elementor-element-b1138af elementor-widget elementor-widget-toggle\" data-id=\"b1138af\" data-element_type=\"widget\" data-e-type=\"widget\" data-widget_type=\"toggle.default\">\n\t\t\t\t<div class=\"elementor-widget-container\">\n\t\t\t\t\t\t\t<div class=\"elementor-toggle\">\n\t\t\t\t\t\t\t<div class=\"elementor-toggle-item\">\n\t\t\t\t\t<div id=\"elementor-tab-title-1851\" class=\"elementor-tab-title\" data-tab=\"1\" role=\"button\" aria-controls=\"elementor-tab-content-1851\" aria-expanded=\"false\">\n\t\t\t\t\t\t\t\t\t\t\t\t<span class=\"elementor-toggle-icon elementor-toggle-icon-left\" aria-hidden=\"true\">\n\t\t\t\t\t\t\t\t\t\t\t\t\t\t\t<span class=\"elementor-toggle-icon-closed\"><i class=\"fas fa-caret-right\"><\/i><\/span>\n\t\t\t\t\t\t\t\t<span class=\"elementor-toggle-icon-opened\"><i class=\"elementor-toggle-icon-opened fas fa-caret-up\"><\/i><\/span>\n\t\t\t\t\t\t\t\t\t\t\t\t\t<\/span>\n\t\t\t\t\t\t\t\t\t\t\t\t<a class=\"elementor-toggle-title\" tabindex=\"0\">Secretario<\/a>\n\t\t\t\t\t<\/div>\n\n\t\t\t\t\t<div id=\"elementor-tab-content-1851\" class=\"elementor-tab-content elementor-clearfix\" data-tab=\"1\" role=\"region\" aria-labelledby=\"elementor-tab-title-1851\"><h4><span style=\"color: rgba(60, 60, 60, 0.99);\"><strong><span style=\"font-family: helvetica, arial, sans-serif; font-size: 14pt;\">Jorge T\u00e9llez Fuentes, Director Ejecutivo \u00c1PICE.<\/span><\/strong><\/span><\/h4><h4><span style=\"font-family: helvetica, arial, sans-serif; font-size: 14pt; color: #006699;\"><a style=\"color: #006699;\" href=\"mailto:jtellez@apice.edu.co\">jtellez@apice.edu.co<\/a><\/span><\/h4><\/div>\n\t\t\t\t<\/div>\n\t\t\t\t\t\t\t\t<\/div>\n\t\t\t\t\t\t<\/div>\n\t\t\t\t<\/div>\n\t\t\t\t\t<\/div>\n\t\t<\/div>\n\t\t\t\t\t<\/div>\n\t\t<\/section>\n\t\t\t\t<section class=\"elementor-section elementor-top-section elementor-element elementor-element-5816592 elementor-section-boxed elementor-section-height-default elementor-section-height-default\" data-id=\"5816592\" data-element_type=\"section\" data-e-type=\"section\">\n\t\t\t\t\t\t<div class=\"elementor-container elementor-column-gap-default\">\n\t\t\t\t\t<div class=\"elementor-column elementor-col-100 elementor-top-column elementor-element elementor-element-4e70301\" data-id=\"4e70301\" data-element_type=\"column\" data-e-type=\"column\">\n\t\t\t<div class=\"elementor-widget-wrap\">\n\t\t\t\t\t\t\t<\/div>\n\t\t<\/div>\n\t\t\t\t\t<\/div>\n\t\t<\/section>\n\t\t\t\t<section class=\"elementor-section elementor-top-section elementor-element elementor-element-5675faa elementor-section-boxed elementor-section-height-default elementor-section-height-default\" data-id=\"5675faa\" data-element_type=\"section\" data-e-type=\"section\">\n\t\t\t\t\t\t<div class=\"elementor-container elementor-column-gap-default\">\n\t\t\t\t\t<div class=\"elementor-column elementor-col-100 elementor-top-column elementor-element elementor-element-0ca0dde\" data-id=\"0ca0dde\" data-element_type=\"column\" data-e-type=\"column\">\n\t\t\t<div class=\"elementor-widget-wrap elementor-element-populated\">\n\t\t\t\t\t\t<div class=\"elementor-element elementor-element-a87f196 elementor-widget elementor-widget-spacer\" data-id=\"a87f196\" data-element_type=\"widget\" data-e-type=\"widget\" data-widget_type=\"spacer.default\">\n\t\t\t\t<div class=\"elementor-widget-container\">\n\t\t\t\t\t\t\t<div class=\"elementor-spacer\">\n\t\t\t<div class=\"elementor-spacer-inner\"><\/div>\n\t\t<\/div>\n\t\t\t\t\t\t<\/div>\n\t\t\t\t<\/div>\n\t\t\t\t\t<\/div>\n\t\t<\/div>\n\t\t\t\t\t<\/div>\n\t\t<\/section>\n\t\t\t\t<\/div>\n\t\t","protected":false},"excerpt":{"rendered":"<p>Junta Directiva \u00c1PICE Septiembre 2023 \u2013 Septiembre 2025 En la foto aparecen de izquierda a derecha: Jorge T\u00e9llez Fuentes; Enrique Prieto Flores; Regla Brito de Vargas; Efra\u00edn Miranda Carballo; Antonio Fonseca; Jorge Enrique Hern\u00e1ndez Meza; Mauricio Andr\u00e9s Toro Orjuela. La Asamblea General de \u00c1PICE, reunida en la sesi\u00f3n No. 41, eligi\u00f3 a los nuevos miembros [&hellip;]<\/p>\n","protected":false},"author":4,"featured_media":0,"parent":0,"menu_order":0,"comment_status":"closed","ping_status":"closed","template":"","meta":{"_acf_changed":false,"om_disable_all_campaigns":false,"_exactmetrics_skip_tracking":false,"_exactmetrics_sitenote_active":false,"_exactmetrics_sitenote_note":"","_exactmetrics_sitenote_category":0,"_uf_show_specific_survey":0,"_uf_disable_surveys":false,"footnotes":""},"class_list":["post-6314","page","type-page","status-publish","hentry"],"acf":[],"aioseo_notices":[],"_links":{"self":[{"href":"https:\/\/apice.org.co\/site\/wp-json\/wp\/v2\/pages\/6314","targetHints":{"allow":["GET"]}}],"collection":[{"href":"https:\/\/apice.org.co\/site\/wp-json\/wp\/v2\/pages"}],"about":[{"href":"https:\/\/apice.org.co\/site\/wp-json\/wp\/v2\/types\/page"}],"author":[{"embeddable":true,"href":"https:\/\/apice.org.co\/site\/wp-json\/wp\/v2\/users\/4"}],"replies":[{"embeddable":true,"href":"https:\/\/apice.org.co\/site\/wp-json\/wp\/v2\/comments?post=6314"}],"version-history":[{"count":190,"href":"https:\/\/apice.org.co\/site\/wp-json\/wp\/v2\/pages\/6314\/revisions"}],"predecessor-version":[{"id":15073,"href":"https:\/\/apice.org.co\/site\/wp-json\/wp\/v2\/pages\/6314\/revisions\/15073"}],"wp:attachment":[{"href":"https:\/\/apice.org.co\/site\/wp-json\/wp\/v2\/media?parent=6314"}],"curies":[{"name":"wp","href":"https:\/\/api.w.org\/{rel}","templated":true}]}}