{"id":6657,"date":"2023-11-03T15:07:51","date_gmt":"2023-11-03T20:07:51","guid":{"rendered":"https:\/\/apice.org.co\/site\/?page_id=6657"},"modified":"2024-06-20T08:42:58","modified_gmt":"2024-06-20T13:42:58","slug":"creduemprender-convocatoria-credito-educativo","status":"publish","type":"page","link":"https:\/\/apice.org.co\/site\/creduemprender-convocatoria-credito-educativo\/","title":{"rendered":"creduemprender-convocatoria-credito-educativo"},"content":{"rendered":"\t\t<div data-elementor-type=\"wp-page\" data-elementor-id=\"6657\" class=\"elementor elementor-6657\" data-elementor-post-type=\"page\">\n\t\t\t\t\t\t<section class=\"elementor-section elementor-top-section elementor-element elementor-element-4e962bf elementor-section-boxed elementor-section-height-default elementor-section-height-default\" data-id=\"4e962bf\" data-element_type=\"section\" data-e-type=\"section\">\n\t\t\t\t\t\t<div class=\"elementor-container elementor-column-gap-default\">\n\t\t\t\t\t<div class=\"elementor-column elementor-col-100 elementor-top-column elementor-element elementor-element-e885b08\" data-id=\"e885b08\" data-element_type=\"column\" data-e-type=\"column\">\n\t\t\t<div class=\"elementor-widget-wrap elementor-element-populated\">\n\t\t\t\t\t\t<div class=\"elementor-element elementor-element-c88eea1 elementor-widget elementor-widget-spacer\" data-id=\"c88eea1\" data-element_type=\"widget\" data-e-type=\"widget\" data-widget_type=\"spacer.default\">\n\t\t\t\t<div class=\"elementor-widget-container\">\n\t\t\t\t\t\t\t<div class=\"elementor-spacer\">\n\t\t\t<div class=\"elementor-spacer-inner\"><\/div>\n\t\t<\/div>\n\t\t\t\t\t\t<\/div>\n\t\t\t\t<\/div>\n\t\t\t\t\t<\/div>\n\t\t<\/div>\n\t\t\t\t\t<\/div>\n\t\t<\/section>\n\t\t\t\t<section class=\"elementor-section elementor-top-section elementor-element elementor-element-83a24f0 elementor-section-boxed elementor-section-height-default elementor-section-height-default\" data-id=\"83a24f0\" data-element_type=\"section\" data-e-type=\"section\">\n\t\t\t\t\t\t<div class=\"elementor-container elementor-column-gap-default\">\n\t\t\t\t\t<div class=\"elementor-column elementor-col-100 elementor-top-column elementor-element elementor-element-48ec9d4\" data-id=\"48ec9d4\" data-element_type=\"column\" data-e-type=\"column\">\n\t\t\t<div class=\"elementor-widget-wrap elementor-element-populated\">\n\t\t\t\t\t\t<div class=\"elementor-element elementor-element-2084e52 elementor-widget elementor-widget-heading\" data-id=\"2084e52\" data-element_type=\"widget\" data-e-type=\"widget\" data-widget_type=\"heading.default\">\n\t\t\t\t<div class=\"elementor-widget-container\">\n\t\t\t\t\t<h2 class=\"elementor-heading-title elementor-size-default\">Cr\u00e9dito educativo para emprendedores<\/h2>\t\t\t\t<\/div>\n\t\t\t\t<\/div>\n\t\t\t\t<div class=\"elementor-element elementor-element-f76326d elementor-widget elementor-widget-heading\" data-id=\"f76326d\" data-element_type=\"widget\" data-e-type=\"widget\" data-widget_type=\"heading.default\">\n\t\t\t\t<div class=\"elementor-widget-container\">\n\t\t\t\t\t<h2 class=\"elementor-heading-title elementor-size-default\">Convocatoria Fondo \u00c1PICE - CFC<\/h2>\t\t\t\t<\/div>\n\t\t\t\t<\/div>\n\t\t\t\t<div class=\"elementor-element elementor-element-89017ee elementor-widget elementor-widget-spacer\" data-id=\"89017ee\" data-element_type=\"widget\" data-e-type=\"widget\" data-widget_type=\"spacer.default\">\n\t\t\t\t<div class=\"elementor-widget-container\">\n\t\t\t\t\t\t\t<div class=\"elementor-spacer\">\n\t\t\t<div class=\"elementor-spacer-inner\"><\/div>\n\t\t<\/div>\n\t\t\t\t\t\t<\/div>\n\t\t\t\t<\/div>\n\t\t\t\t\t<\/div>\n\t\t<\/div>\n\t\t\t\t\t<\/div>\n\t\t<\/section>\n\t\t\t\t<section class=\"elementor-section elementor-top-section elementor-element elementor-element-9bc0cab elementor-section-boxed elementor-section-height-default elementor-section-height-default\" data-id=\"9bc0cab\" data-element_type=\"section\" data-e-type=\"section\">\n\t\t\t\t\t\t<div class=\"elementor-container elementor-column-gap-default\">\n\t\t\t\t\t<div class=\"elementor-column elementor-col-25 elementor-top-column elementor-element elementor-element-5e957d1\" data-id=\"5e957d1\" data-element_type=\"column\" data-e-type=\"column\">\n\t\t\t<div class=\"elementor-widget-wrap elementor-element-populated\">\n\t\t\t\t\t\t<div class=\"elementor-element elementor-element-af9c7f6 elementor-widget elementor-widget-text-editor\" data-id=\"af9c7f6\" data-element_type=\"widget\" data-e-type=\"widget\" data-widget_type=\"text-editor.default\">\n\t\t\t\t<div class=\"elementor-widget-container\">\n\t\t\t\t\t\t\t\t\t<p style=\"text-align: center;\"><img decoding=\"async\" class=\"wp-image-6658 aligncenter\" src=\"https:\/\/apice.org.co\/site\/wp-content\/uploads\/2023\/11\/Logo-CREDUEMPRENDER-300x121-1.png\" alt=\"\" width=\"200\" height=\"81\" \/><\/p>\t\t\t\t\t\t\t\t<\/div>\n\t\t\t\t<\/div>\n\t\t\t\t\t<\/div>\n\t\t<\/div>\n\t\t\t\t<div class=\"elementor-column elementor-col-25 elementor-top-column elementor-element elementor-element-ec1fa91\" data-id=\"ec1fa91\" data-element_type=\"column\" data-e-type=\"column\">\n\t\t\t<div class=\"elementor-widget-wrap elementor-element-populated\">\n\t\t\t\t\t\t<div class=\"elementor-element elementor-element-6da1542 elementor-widget elementor-widget-text-editor\" data-id=\"6da1542\" data-element_type=\"widget\" data-e-type=\"widget\" data-widget_type=\"text-editor.default\">\n\t\t\t\t<div class=\"elementor-widget-container\">\n\t\t\t\t\t\t\t\t\t<p style=\"text-align: center;\"><img decoding=\"async\" class=\"alignnone  wp-image-5407\" src=\"https:\/\/apice.org.co\/site\/wp-content\/uploads\/2023\/10\/Logo-FEM-300x107-1.png\" alt=\"\" width=\"200\" height=\"71\" \/><\/p>\t\t\t\t\t\t\t\t<\/div>\n\t\t\t\t<\/div>\n\t\t\t\t\t<\/div>\n\t\t<\/div>\n\t\t\t\t<div class=\"elementor-column elementor-col-25 elementor-top-column elementor-element elementor-element-5bea7e7\" data-id=\"5bea7e7\" data-element_type=\"column\" data-e-type=\"column\">\n\t\t\t<div class=\"elementor-widget-wrap elementor-element-populated\">\n\t\t\t\t\t\t<div class=\"elementor-element elementor-element-a89cd4c elementor-widget elementor-widget-text-editor\" data-id=\"a89cd4c\" data-element_type=\"widget\" data-e-type=\"widget\" data-widget_type=\"text-editor.default\">\n\t\t\t\t<div class=\"elementor-widget-container\">\n\t\t\t\t\t\t\t\t\t<p style=\"text-align: center;\"><img decoding=\"async\" class=\" wp-image-5408 aligncenter\" src=\"https:\/\/apice.org.co\/site\/wp-content\/uploads\/2023\/10\/Logo-CFC-260x300-1.png\" alt=\"\" width=\"83\" height=\"96\" \/><\/p>\t\t\t\t\t\t\t\t<\/div>\n\t\t\t\t<\/div>\n\t\t\t\t\t<\/div>\n\t\t<\/div>\n\t\t\t\t<div class=\"elementor-column elementor-col-25 elementor-top-column elementor-element elementor-element-c5b93e4\" data-id=\"c5b93e4\" data-element_type=\"column\" data-e-type=\"column\">\n\t\t\t<div class=\"elementor-widget-wrap elementor-element-populated\">\n\t\t\t\t\t\t<div class=\"elementor-element elementor-element-457116d elementor-widget elementor-widget-text-editor\" data-id=\"457116d\" data-element_type=\"widget\" data-e-type=\"widget\" data-widget_type=\"text-editor.default\">\n\t\t\t\t<div class=\"elementor-widget-container\">\n\t\t\t\t\t\t\t\t\t<p style=\"text-align: center;\"><img loading=\"lazy\" decoding=\"async\" class=\"wp-image-9122 aligncenter\" src=\"https:\/\/apice.org.co\/site\/wp-content\/uploads\/2023\/11\/logo-APICE-54-con-lema-azul-300x138.png\" alt=\"\" width=\"283\" height=\"130\" srcset=\"https:\/\/apice.org.co\/site\/wp-content\/uploads\/2023\/11\/logo-APICE-54-con-lema-azul-300x138.png 300w, https:\/\/apice.org.co\/site\/wp-content\/uploads\/2023\/11\/logo-APICE-54-con-lema-azul-320x148.png 320w, https:\/\/apice.org.co\/site\/wp-content\/uploads\/2023\/11\/logo-APICE-54-con-lema-azul.png 384w\" sizes=\"(max-width: 283px) 100vw, 283px\" \/><\/p>\t\t\t\t\t\t\t\t<\/div>\n\t\t\t\t<\/div>\n\t\t\t\t\t<\/div>\n\t\t<\/div>\n\t\t\t\t\t<\/div>\n\t\t<\/section>\n\t\t\t\t<section class=\"elementor-section elementor-top-section elementor-element elementor-element-5e8e3b3 elementor-section-boxed elementor-section-height-default elementor-section-height-default\" data-id=\"5e8e3b3\" data-element_type=\"section\" data-e-type=\"section\">\n\t\t\t\t\t\t<div class=\"elementor-container elementor-column-gap-default\">\n\t\t\t\t\t<div class=\"elementor-column elementor-col-50 elementor-top-column elementor-element elementor-element-35c798c\" data-id=\"35c798c\" data-element_type=\"column\" data-e-type=\"column\">\n\t\t\t<div class=\"elementor-widget-wrap elementor-element-populated\">\n\t\t\t\t\t\t<div class=\"elementor-element elementor-element-8d99da8 elementor-widget elementor-widget-spacer\" data-id=\"8d99da8\" data-element_type=\"widget\" data-e-type=\"widget\" data-widget_type=\"spacer.default\">\n\t\t\t\t<div class=\"elementor-widget-container\">\n\t\t\t\t\t\t\t<div class=\"elementor-spacer\">\n\t\t\t<div class=\"elementor-spacer-inner\"><\/div>\n\t\t<\/div>\n\t\t\t\t\t\t<\/div>\n\t\t\t\t<\/div>\n\t\t\t\t<div class=\"elementor-element elementor-element-122627e elementor-widget elementor-widget-image\" data-id=\"122627e\" data-element_type=\"widget\" data-e-type=\"widget\" data-widget_type=\"image.default\">\n\t\t\t\t<div class=\"elementor-widget-container\">\n\t\t\t\t\t\t\t\t\t\t\t\t\t\t\t<img loading=\"lazy\" decoding=\"async\" width=\"540\" height=\"433\" src=\"https:\/\/apice.org.co\/site\/wp-content\/uploads\/2023\/10\/Portada-emprendedor-ed.png\" class=\"attachment-medium_large size-medium_large wp-image-5434\" alt=\"\" srcset=\"https:\/\/apice.org.co\/site\/wp-content\/uploads\/2023\/10\/Portada-emprendedor-ed.png 540w, https:\/\/apice.org.co\/site\/wp-content\/uploads\/2023\/10\/Portada-emprendedor-ed-300x241.png 300w, https:\/\/apice.org.co\/site\/wp-content\/uploads\/2023\/10\/Portada-emprendedor-ed-320x257.png 320w, https:\/\/apice.org.co\/site\/wp-content\/uploads\/2023\/10\/Portada-emprendedor-ed-480x385.png 480w\" sizes=\"(max-width: 540px) 100vw, 540px\" \/>\t\t\t\t\t\t\t\t\t\t\t\t\t\t\t<\/div>\n\t\t\t\t<\/div>\n\t\t\t\t\t<\/div>\n\t\t<\/div>\n\t\t\t\t<div class=\"elementor-column elementor-col-50 elementor-top-column elementor-element elementor-element-9e890fa\" data-id=\"9e890fa\" data-element_type=\"column\" data-e-type=\"column\">\n\t\t\t<div class=\"elementor-widget-wrap elementor-element-populated\">\n\t\t\t\t\t\t<div class=\"elementor-element elementor-element-463b946 elementor-widget elementor-widget-spacer\" data-id=\"463b946\" data-element_type=\"widget\" data-e-type=\"widget\" data-widget_type=\"spacer.default\">\n\t\t\t\t<div class=\"elementor-widget-container\">\n\t\t\t\t\t\t\t<div class=\"elementor-spacer\">\n\t\t\t<div class=\"elementor-spacer-inner\"><\/div>\n\t\t<\/div>\n\t\t\t\t\t\t<\/div>\n\t\t\t\t<\/div>\n\t\t\t\t<div class=\"elementor-element elementor-element-cf9b525 elementor-widget elementor-widget-text-editor\" data-id=\"cf9b525\" data-element_type=\"widget\" data-e-type=\"widget\" data-widget_type=\"text-editor.default\">\n\t\t\t\t<div class=\"elementor-widget-container\">\n\t\t\t\t\t\t\t\t\t<p><span style=\"font-family: helvetica, arial, sans-serif; font-size: 14pt; color: rgba(60, 60, 60, 0.99);\"><b>\u00bfQu\u00e9 es el Fondo \u00c1PICE \/ CFC?<\/b><\/span><\/p><p>\u00a0<\/p><p style=\"text-align: left;\"><span style=\"font-family: helvetica, arial, sans-serif; font-size: 14pt; color: rgba(60, 60, 60, 0.99);\">Es una l\u00ednea de apoyo del\u00a0<b>PROGRAMA CREDUEMPRENDER<\/b>, que busca alcanzar y beneficiar, mediante financiamiento, a emprendedores Colombianos y Venezolanos migrantes en estado de legalidad e Colombia, y sus familias.<\/span><\/p><p>\u00a0<\/p><p><span style=\"font-family: helvetica, arial, sans-serif; font-size: 14pt; color: rgba(60, 60, 60, 0.99);\">El\u00a0<b>PROGRAMA CREDUEMPRENDER\u00a0<\/b>es una iniciativa de Alianza establecida entre<b>\u00a0\u00c1PICE\u00a0<\/b>y la\u00a0<b>Fundaci\u00f3n Eugenio Mendoza \u2013 FEM<\/b>, de Venezuela, y que cuenta con el apoyo de la <b>Fundaci\u00f3n\u00a0<\/b><\/span><span style=\"font-family: helvetica, arial, sans-serif; font-size: 14pt; color: rgba(60, 60, 60, 0.99);\"><b>Caring<\/b>\u00a0<\/span><span style=\"font-family: helvetica, arial, sans-serif; font-size: 14pt; color: rgba(60, 60, 60, 0.99);\"><b>For<\/b><b>\u00a0<\/b><\/span><span style=\"font-family: helvetica, arial, sans-serif; font-size: 14pt; color: rgba(60, 60, 60, 0.99);\"><b>Colombia \u2013 CFC<\/b>; cuyo objetivo principal es ofrecer opciones de financiamiento para que los beneficiarios del programa puedan capacitarse, poner en marcha sus ideas de negocio, fortalecer sus capacidades personales y profesionales y mejorar su calidad de vida.<\/span><\/p><p>\u00a0<\/p><p>\u00a0<\/p>\t\t\t\t\t\t\t\t<\/div>\n\t\t\t\t<\/div>\n\t\t\t\t\t<\/div>\n\t\t<\/div>\n\t\t\t\t\t<\/div>\n\t\t<\/section>\n\t\t\t\t<section class=\"elementor-section elementor-top-section elementor-element elementor-element-0d4aa14 elementor-section-boxed elementor-section-height-default elementor-section-height-default\" data-id=\"0d4aa14\" data-element_type=\"section\" data-e-type=\"section\">\n\t\t\t\t\t\t<div class=\"elementor-container elementor-column-gap-default\">\n\t\t\t\t\t<div class=\"elementor-column elementor-col-100 elementor-top-column elementor-element elementor-element-78823c8\" data-id=\"78823c8\" data-element_type=\"column\" data-e-type=\"column\">\n\t\t\t<div class=\"elementor-widget-wrap elementor-element-populated\">\n\t\t\t\t\t\t<div class=\"elementor-element elementor-element-051c778 elementor-widget elementor-widget-text-editor\" data-id=\"051c778\" data-element_type=\"widget\" data-e-type=\"widget\" data-widget_type=\"text-editor.default\">\n\t\t\t\t<div class=\"elementor-widget-container\">\n\t\t\t\t\t\t\t\t\t<div class=\"wpb_text_column wpb_content_element  vc_custom_1667576363683\"><div class=\"wpb_wrapper\"><p><span style=\"color: rgba(60, 60, 60, 0.99); font-size: 14pt; font-family: helvetica, arial, sans-serif;\"><b>\u00bf<\/b><b>A quienes queremos alcanzar y apoyar?<\/b><\/span><\/p><p>\u00a0<\/p><\/div><\/div><p><span style=\"color: rgba(60, 60, 60, 0.99); font-size: 14pt; font-family: helvetica, arial, sans-serif;\">&#8211; Colombianos, y venezolanos migrantes en estado de legalidad en Colombia, y sus familias, que actualmente tengan residencia en la ciudad de Bogot\u00e1, D.C., o poblaciones colindantes.<\/span><\/p><p>\u00a0<\/p><hr \/><p>\u00a0<\/p><p><span style=\"color: rgba(60, 60, 60, 0.99); font-size: 14pt; font-family: helvetica, arial, sans-serif;\">&#8211; Personas con esp\u00edritu emprendedor que desean tener o tienen un emprendimiento como base de su sustento.<\/span><\/p><p>\u00a0<\/p><hr \/><p>\u00a0<\/p><p><span style=\"color: rgba(60, 60, 60, 0.99); font-size: 14pt; font-family: helvetica, arial, sans-serif;\">&#8211; <\/span><span style=\"color: rgba(60, 60, 60, 0.99); font-size: 14pt; font-family: helvetica, arial, sans-serif;\">Personas que tengan la voluntad de formarse, para desarrollar habilidades para el trabajo y desarrollo humano, y que actualmente no cuentan con oportunidades econ\u00f3micas para fortalecer su formaci\u00f3n.<\/span><\/p><hr \/><p>\u00a0<\/p><p style=\"text-align: center;\"><span style=\"color: rgba(60, 60, 60, 0.99); font-size: 14pt; font-family: helvetica, arial, sans-serif;\"><b>\u00a1Si esa es tu situaci\u00f3n, esta convocatoria es para\u00a0ti!<\/b><\/span><\/p><div class=\"wpb_text_column wpb_content_element  vc_custom_1667576363683\"><div class=\"wpb_wrapper\"><p>\u00a0<\/p><table><tbody><tr><td>\u00a0<\/td><td>\u00a0<\/td><\/tr><\/tbody><\/table><\/div><\/div><div class=\"wpb_text_column wpb_content_element \"><div class=\"wpb_wrapper\">\u00a0<\/div><\/div>\t\t\t\t\t\t\t\t<\/div>\n\t\t\t\t<\/div>\n\t\t\t\t\t<\/div>\n\t\t<\/div>\n\t\t\t\t\t<\/div>\n\t\t<\/section>\n\t\t\t\t<section class=\"elementor-section elementor-top-section elementor-element elementor-element-b46251a elementor-section-boxed elementor-section-height-default elementor-section-height-default\" data-id=\"b46251a\" data-element_type=\"section\" data-e-type=\"section\">\n\t\t\t\t\t\t<div class=\"elementor-container elementor-column-gap-default\">\n\t\t\t\t\t<div class=\"elementor-column elementor-col-50 elementor-top-column elementor-element elementor-element-d2f04c5\" data-id=\"d2f04c5\" data-element_type=\"column\" data-e-type=\"column\">\n\t\t\t<div class=\"elementor-widget-wrap elementor-element-populated\">\n\t\t\t\t\t\t<div class=\"elementor-element elementor-element-d8a31d4 elementor-widget elementor-widget-text-editor\" data-id=\"d8a31d4\" data-element_type=\"widget\" data-e-type=\"widget\" data-widget_type=\"text-editor.default\">\n\t\t\t\t<div class=\"elementor-widget-container\">\n\t\t\t\t\t\t\t\t\t<table class=\" aligncenter\"><tbody><tr><td><hr \/><p><span style=\"font-size: 14pt; font-family: helvetica, arial, sans-serif; color: rgba(60, 60, 60, 0.99);\"><b>Requisitos Generales<\/b><\/span><\/p><hr \/><\/td><\/tr><tr><td><p>\u00a0<\/p><p><span style=\"font-size: 14pt; font-family: helvetica, arial, sans-serif; color: rgba(60, 60, 60, 0.99);\">&#8211; Tener voluntad de acceder a un programa de capacitaci\u00f3n.<\/span><\/p><p>\u00a0<\/p><p><span style=\"font-size: 14pt; font-family: helvetica, arial, sans-serif; color: rgba(60, 60, 60, 0.99);\">&#8211; Desear emprender.<\/span><\/p><p>\u00a0<\/p><p><span style=\"font-size: 14pt; font-family: helvetica, arial, sans-serif; color: rgba(60, 60, 60, 0.99);\">&#8211; Demostrar residencia en la ciudad de Bogot\u00e1, D.C., o poblaciones colindantes.<\/span><\/p><p>\u00a0<\/p><p><span style=\"font-size: 14pt; font-family: helvetica, arial, sans-serif; color: rgba(60, 60, 60, 0.99);\">&#8211; Demostrar capacidad de pago (Si no cuentas con ingresos fijos o demostrables, puedes hacer la solicitud mediante la presentaci\u00f3n de un deudor solidario).<\/span><\/p><p>\u00a0<\/p><p><span style=\"font-size: 14pt; font-family: helvetica, arial, sans-serif; color: rgba(60, 60, 60, 0.99);\">&#8211; Informar referencias personales, familiares y comerciales.<\/span><\/p><\/td><\/tr><\/tbody><\/table>\t\t\t\t\t\t\t\t<\/div>\n\t\t\t\t<\/div>\n\t\t\t\t\t<\/div>\n\t\t<\/div>\n\t\t\t\t<div class=\"elementor-column elementor-col-50 elementor-top-column elementor-element elementor-element-95efeb5\" data-id=\"95efeb5\" data-element_type=\"column\" data-e-type=\"column\">\n\t\t\t<div class=\"elementor-widget-wrap elementor-element-populated\">\n\t\t\t\t\t\t<div class=\"elementor-element elementor-element-8b6ad8c elementor-widget elementor-widget-text-editor\" data-id=\"8b6ad8c\" data-element_type=\"widget\" data-e-type=\"widget\" data-widget_type=\"text-editor.default\">\n\t\t\t\t<div class=\"elementor-widget-container\">\n\t\t\t\t\t\t\t\t\t<table><tbody><tr><td><hr \/><p><span style=\"font-size: 14pt; color: rgba(60, 60, 60, 0.99); font-family: helvetica, arial, sans-serif;\"><span style=\"font-size: 14pt; color: rgba(60, 60, 60, 0.99); font-family: helvetica, arial, sans-serif;\"><b>Documentos<\/b><\/span><\/span><\/p><hr \/><p>\u00a0<\/p><\/td><\/tr><tr><td><p><span style=\"font-size: 14pt; color: rgba(60, 60, 60, 0.99); font-family: helvetica, arial, sans-serif;\">&#8211; Documento de identidad:<\/span><\/p><p><span style=\"font-size: 14pt; color: rgba(60, 60, 60, 0.99); font-family: helvetica, arial, sans-serif;\"><b>Colombianos: <\/b>C\u00e9dula de Ciudadan\u00eda.<\/span><\/p><p><span style=\"font-size: 14pt; color: rgba(60, 60, 60, 0.99); font-family: helvetica, arial, sans-serif;\"><b>Venezolanos:<\/b>\u00a0Permiso Especial de Permanencia, PEP.<\/span><\/p><p>\u00a0<\/p><p><span style=\"font-size: 14pt; color: rgba(60, 60, 60, 0.99); font-family: helvetica, arial, sans-serif;\">&#8211; Recibo p\u00fablico del lugar de residencia.<\/span><\/p><p>\u00a0<\/p><p><span style=\"font-size: 14pt; color: rgba(60, 60, 60, 0.99); font-family: helvetica, arial, sans-serif;\">&#8211; Recibo de matr\u00edcula o carta de presentaci\u00f3n de la Instituci\u00f3n Educativa en donde adelantar\u00e1s tu programa de formaci\u00f3n.<\/span><\/p><p>\u00a0<\/p><p><span style=\"font-size: 14pt; color: rgba(60, 60, 60, 0.99); font-family: helvetica, arial, sans-serif;\">&#8211; Soportes de ingresos que demuestren capacidad de pago.<\/span><\/p><\/td><\/tr><\/tbody><\/table>\t\t\t\t\t\t\t\t<\/div>\n\t\t\t\t<\/div>\n\t\t\t\t\t<\/div>\n\t\t<\/div>\n\t\t\t\t\t<\/div>\n\t\t<\/section>\n\t\t\t\t<section class=\"elementor-section elementor-top-section elementor-element elementor-element-09dc49f elementor-section-boxed elementor-section-height-default elementor-section-height-default\" data-id=\"09dc49f\" data-element_type=\"section\" data-e-type=\"section\">\n\t\t\t\t\t\t<div class=\"elementor-container elementor-column-gap-default\">\n\t\t\t\t\t<div class=\"elementor-column elementor-col-100 elementor-top-column elementor-element elementor-element-799f963\" data-id=\"799f963\" data-element_type=\"column\" data-e-type=\"column\">\n\t\t\t<div class=\"elementor-widget-wrap elementor-element-populated\">\n\t\t\t\t\t\t<div class=\"elementor-element elementor-element-2ab09b1 elementor-widget elementor-widget-text-editor\" data-id=\"2ab09b1\" data-element_type=\"widget\" data-e-type=\"widget\" data-widget_type=\"text-editor.default\">\n\t\t\t\t<div class=\"elementor-widget-container\">\n\t\t\t\t\t\t\t\t\t<p><span style=\"font-family: helvetica, arial, sans-serif; color: rgba(60, 60, 60, 0.99);\"><strong>Nota:\u00a0<\/strong>La informaci\u00f3n y los documentos presentados como soporte para la solicitud del cr\u00e9dito educativo, son de estricto cumplimiento y ser\u00e1n responsabilidad del solicitante y su deudor solidario. Para el an\u00e1lisis de la solicitud del cr\u00e9dito educativo, la informaci\u00f3n y los documentos presentados, ser\u00e1n\u00a0revisados y sujetos a\u00a0validaci\u00f3n por parte de \u00c1PICE.<\/span><\/p>\t\t\t\t\t\t\t\t<\/div>\n\t\t\t\t<\/div>\n\t\t\t\t\t<\/div>\n\t\t<\/div>\n\t\t\t\t\t<\/div>\n\t\t<\/section>\n\t\t\t\t<section class=\"elementor-section elementor-top-section elementor-element elementor-element-0079753 elementor-section-boxed elementor-section-height-default elementor-section-height-default\" data-id=\"0079753\" data-element_type=\"section\" data-e-type=\"section\">\n\t\t\t\t\t\t<div class=\"elementor-container elementor-column-gap-default\">\n\t\t\t\t\t<div class=\"elementor-column elementor-col-100 elementor-top-column elementor-element elementor-element-b8a3afa\" data-id=\"b8a3afa\" data-element_type=\"column\" data-e-type=\"column\">\n\t\t\t<div class=\"elementor-widget-wrap elementor-element-populated\">\n\t\t\t\t\t\t<div class=\"elementor-element elementor-element-30156eb elementor-widget elementor-widget-text-editor\" data-id=\"30156eb\" data-element_type=\"widget\" data-e-type=\"widget\" data-widget_type=\"text-editor.default\">\n\t\t\t\t<div class=\"elementor-widget-container\">\n\t\t\t\t\t\t\t\t\t<p style=\"text-align: center;\"><span style=\"font-size: 14pt; font-family: helvetica, arial, sans-serif; color: #ffffff;\"><b>Ca<\/b><b><\/b><b>racter\u00edsticas de la l\u00ednea de cr\u00e9dito educativo para emprendedores<\/b><\/span><\/p>\t\t\t\t\t\t\t\t<\/div>\n\t\t\t\t<\/div>\n\t\t\t\t\t<\/div>\n\t\t<\/div>\n\t\t\t\t\t<\/div>\n\t\t<\/section>\n\t\t\t\t<section class=\"elementor-section elementor-top-section elementor-element elementor-element-812f88c elementor-section-boxed elementor-section-height-default elementor-section-height-default\" data-id=\"812f88c\" data-element_type=\"section\" data-e-type=\"section\">\n\t\t\t\t\t\t<div class=\"elementor-container elementor-column-gap-default\">\n\t\t\t\t\t<div class=\"elementor-column elementor-col-100 elementor-top-column elementor-element elementor-element-0cfa229\" data-id=\"0cfa229\" data-element_type=\"column\" data-e-type=\"column\">\n\t\t\t<div class=\"elementor-widget-wrap elementor-element-populated\">\n\t\t\t\t\t\t<div class=\"elementor-element elementor-element-965ad49 elementor-widget elementor-widget-text-editor\" data-id=\"965ad49\" data-element_type=\"widget\" data-e-type=\"widget\" data-widget_type=\"text-editor.default\">\n\t\t\t\t<div class=\"elementor-widget-container\">\n\t\t\t\t\t\t\t\t\t<p><span style=\"color: rgba(60, 60, 60, 0.99); font-family: helvetica, arial, sans-serif; font-size: 14pt;\"><b>Rubro que se financia con cr\u00e9dito educativo:<\/b>\u00a0Matr\u00edcula.<\/span><\/p><p><span style=\"color: rgba(60, 60, 60, 0.99); font-family: helvetica, arial, sans-serif; font-size: 14pt;\"><b>Monto que se financia con cr\u00e9dito educativo:<\/b> Hasta un mill\u00f3n trescientos mil pesos mcte. ($1.300.000.oo).<\/span><\/p><p><span style=\"color: rgba(60, 60, 60, 0.99); font-family: helvetica, arial, sans-serif; font-size: 14pt;\"><b>Desembolso del cr\u00e9dito educativo:<\/b>\u00a0Se har\u00e1 directamente a la Instituci\u00f3n Educativa.<\/span><\/p><p><span style=\"color: rgba(60, 60, 60, 0.99); font-family: helvetica, arial, sans-serif; font-size: 14pt;\"><b>Beneficio:\u00a0<\/b>L\u00ednea corto plazo sin intereses<b>*<\/b><\/span><\/p><p><span style=\"color: rgba(60, 60, 60, 0.99); font-family: helvetica, arial, sans-serif; font-size: 14pt;\"><b>Periodicidad de pago:\u00a0<\/b>Mensual.<\/span><\/p><p><span style=\"color: rgba(60, 60, 60, 0.99); font-family: helvetica, arial, sans-serif; font-size: 14pt;\"><b>N\u00famero de cuotas:\u00a0<\/b>Hasta 6 cuotas <span style=\"color: rgba(60, 60, 60, 0.99);\">fija<\/span>s de hasta $244.900<strong>**<\/strong><\/span><\/p>\t\t\t\t\t\t\t\t<\/div>\n\t\t\t\t<\/div>\n\t\t\t\t\t<\/div>\n\t\t<\/div>\n\t\t\t\t\t<\/div>\n\t\t<\/section>\n\t\t\t\t<section class=\"elementor-section elementor-top-section elementor-element elementor-element-31e1b9a elementor-section-boxed elementor-section-height-default elementor-section-height-default\" data-id=\"31e1b9a\" data-element_type=\"section\" data-e-type=\"section\">\n\t\t\t\t\t\t<div class=\"elementor-container elementor-column-gap-default\">\n\t\t\t\t\t<div class=\"elementor-column elementor-col-100 elementor-top-column elementor-element elementor-element-ff7479d\" data-id=\"ff7479d\" data-element_type=\"column\" data-e-type=\"column\">\n\t\t\t<div class=\"elementor-widget-wrap elementor-element-populated\">\n\t\t\t\t\t\t<div class=\"elementor-element elementor-element-196d30e elementor-widget elementor-widget-text-editor\" data-id=\"196d30e\" data-element_type=\"widget\" data-e-type=\"widget\" data-widget_type=\"text-editor.default\">\n\t\t\t\t<div class=\"elementor-widget-container\">\n\t\t\t\t\t\t\t\t\t<p><span style=\"font-size: 12pt; font-family: helvetica, arial, sans-serif; color: rgba(60, 60, 60, 0.99);\"><strong>*<\/strong>\u00a0 \u00a0En caso de presentar mora en el pago de las cuotas pactadas se aplicar\u00e1 un inter\u00e9s del 1,2% mensual sobre el capital adeudado.<\/span><\/p><p>\u00a0<\/p><p><span style=\"font-size: 12pt; font-family: helvetica, arial, sans-serif; color: rgba(60, 60, 60, 0.99);\"><b>**\u00a0<\/b>El pago de las cuotas del cr\u00e9dito educativo incluye el valor del capital financiado y los gastos operativos relacionados con la revisi\u00f3n, validaci\u00f3n y el an\u00e1lisis de la solicitud; legalizaci\u00f3n; y gesti\u00f3n tecnol\u00f3gica, administrativa, operativa y financiera del cr\u00e9dito educativo.<\/span><\/p>\t\t\t\t\t\t\t\t<\/div>\n\t\t\t\t<\/div>\n\t\t\t\t\t<\/div>\n\t\t<\/div>\n\t\t\t\t\t<\/div>\n\t\t<\/section>\n\t\t\t\t<section class=\"elementor-section elementor-top-section elementor-element elementor-element-e13e56b elementor-section-boxed elementor-section-height-default elementor-section-height-default\" data-id=\"e13e56b\" data-element_type=\"section\" data-e-type=\"section\">\n\t\t\t\t\t\t<div class=\"elementor-container elementor-column-gap-default\">\n\t\t\t\t\t<div class=\"elementor-column elementor-col-100 elementor-top-column elementor-element elementor-element-8c74736\" data-id=\"8c74736\" data-element_type=\"column\" data-e-type=\"column\">\n\t\t\t<div class=\"elementor-widget-wrap elementor-element-populated\">\n\t\t\t\t\t\t<div class=\"elementor-element elementor-element-0ea7e2b elementor-align-center elementor-widget elementor-widget-button\" data-id=\"0ea7e2b\" data-element_type=\"widget\" data-e-type=\"widget\" data-widget_type=\"button.default\">\n\t\t\t\t<div class=\"elementor-widget-container\">\n\t\t\t\t\t\t\t\t\t<div class=\"elementor-button-wrapper\">\n\t\t\t\t\t<a class=\"elementor-button elementor-button-link elementor-size-sm\" href=\"https:\/\/creatorapp.zohopublic.com\/miguelspina2\/apice\/form-embed\/Prospecto\/Mse37V9qaOdWr6Majx6AEXa1M2ksv4zZ0xGxzuPGT0ZWyePZ6DO1kdp07YYxvU8e0UJSxsJw9HMm39WBxOfqXR3wa6ZgVJAjR5pd\" target=\"_blank\">\n\t\t\t\t\t\t<span class=\"elementor-button-content-wrapper\">\n\t\t\t\t\t\t\t\t\t<span class=\"elementor-button-text\">Inscr\u00edbase aqu\u00ed<\/span>\n\t\t\t\t\t<\/span>\n\t\t\t\t\t<\/a>\n\t\t\t\t<\/div>\n\t\t\t\t\t\t\t\t<\/div>\n\t\t\t\t<\/div>\n\t\t\t\t\t<\/div>\n\t\t<\/div>\n\t\t\t\t\t<\/div>\n\t\t<\/section>\n\t\t\t\t<section class=\"elementor-section elementor-top-section elementor-element elementor-element-1c8110f elementor-section-boxed elementor-section-height-default elementor-section-height-default\" data-id=\"1c8110f\" data-element_type=\"section\" data-e-type=\"section\">\n\t\t\t\t\t\t<div class=\"elementor-container elementor-column-gap-default\">\n\t\t\t\t\t<div class=\"elementor-column elementor-col-100 elementor-top-column elementor-element elementor-element-6f4bfe6\" data-id=\"6f4bfe6\" data-element_type=\"column\" data-e-type=\"column\">\n\t\t\t<div class=\"elementor-widget-wrap elementor-element-populated\">\n\t\t\t\t\t\t<div class=\"elementor-element elementor-element-873412b elementor-widget elementor-widget-text-editor\" data-id=\"873412b\" data-element_type=\"widget\" data-e-type=\"widget\" data-widget_type=\"text-editor.default\">\n\t\t\t\t<div class=\"elementor-widget-container\">\n\t\t\t\t\t\t\t\t\t<div class=\"wpb_row vc_row-fluid\"><div class=\"container \"><div class=\"wpb_column vc_column_container none Default vc_col-sm-12\"><div class=\"vc_column-inner \"><div class=\"vc_style\"><div class=\"wpb_wrapper\"><div class=\"wpb_text_column wpb_content_element \"><div class=\"wpb_wrapper\"><table><tbody><tr><td><p><span style=\"font-size: 14pt; font-family: helvetica, arial, sans-serif; color: rgba(60, 60, 60, 0.99);\">Esta convocatoria estar\u00e1 abierta hasta agotar los recursos existentes.<\/span><\/p><\/td><\/tr><\/tbody><\/table><\/div><\/div><div class=\"ww-gap gap\">\u00a0<\/div><\/div><\/div><\/div><\/div><\/div><\/div><div class=\"wpb_row vc_row-fluid\"><div class=\"container \"><div class=\"wpb_column vc_column_container none Default vc_col-sm-12\"><div class=\"vc_column-inner \"><div class=\"vc_style\"><div class=\"wpb_wrapper\"><div class=\"wpb_text_column wpb_content_element \"><div class=\"wpb_wrapper\"><hr \/><p><span style=\"font-size: 14pt; font-family: helvetica, arial, sans-serif; color: rgba(60, 60, 60, 0.99);\"><b>Si tienes\u00a0<\/b><b>inter\u00e9s<\/b><b>\u00a0en el cr\u00e9dito educativo solicita tu simulaci\u00f3n o\u00a0<\/b><b>cont\u00e1ctate<\/b><b>\u00a0a:<\/b><\/span><\/p><hr \/><table style=\"width: 116.292%;\"><tbody><tr><td style=\"width: 1.37931%;\"><p>\u00a0<\/p><p>\u00a0<\/p><\/td><td style=\"width: 96.5517%;\"><p>\u00a0<\/p><p><span style=\"font-size: 14pt; font-family: helvetica, arial, sans-serif; color: rgba(60, 60, 60, 0.99);\"><strong>322-8319721 \/ 316-2861769\u00a0\u00a0\u2013 <span style=\"color: #006699;\"><a style=\"color: #006699;\" href=\"mailto:creduemprender@apice.org.co\">creduemprender@apice.org.co<\/a><\/span><\/strong><\/span><\/p><\/td><\/tr><\/tbody><\/table><\/div><\/div><\/div><\/div><\/div><\/div><\/div><\/div>\t\t\t\t\t\t\t\t<\/div>\n\t\t\t\t<\/div>\n\t\t\t\t\t<\/div>\n\t\t<\/div>\n\t\t\t\t\t<\/div>\n\t\t<\/section>\n\t\t\t\t<section class=\"elementor-section elementor-top-section elementor-element elementor-element-06608b9 elementor-section-boxed elementor-section-height-default elementor-section-height-default\" data-id=\"06608b9\" data-element_type=\"section\" data-e-type=\"section\">\n\t\t\t\t\t\t<div class=\"elementor-container elementor-column-gap-default\">\n\t\t\t\t\t<div class=\"elementor-column elementor-col-100 elementor-top-column elementor-element elementor-element-5159bf8\" data-id=\"5159bf8\" data-element_type=\"column\" data-e-type=\"column\">\n\t\t\t<div class=\"elementor-widget-wrap elementor-element-populated\">\n\t\t\t\t\t\t<div class=\"elementor-element elementor-element-2e1dc19 elementor-widget elementor-widget-spacer\" data-id=\"2e1dc19\" data-element_type=\"widget\" data-e-type=\"widget\" data-widget_type=\"spacer.default\">\n\t\t\t\t<div class=\"elementor-widget-container\">\n\t\t\t\t\t\t\t<div class=\"elementor-spacer\">\n\t\t\t<div class=\"elementor-spacer-inner\"><\/div>\n\t\t<\/div>\n\t\t\t\t\t\t<\/div>\n\t\t\t\t<\/div>\n\t\t\t\t\t<\/div>\n\t\t<\/div>\n\t\t\t\t\t<\/div>\n\t\t<\/section>\n\t\t\t\t<section class=\"elementor-section elementor-top-section elementor-element elementor-element-4a9c11cd elementor-section-boxed elementor-section-height-default elementor-section-height-default\" data-id=\"4a9c11cd\" data-element_type=\"section\" data-e-type=\"section\">\n\t\t\t\t\t\t<div class=\"elementor-container elementor-column-gap-default\">\n\t\t\t\t\t<div class=\"elementor-column elementor-col-100 elementor-top-column elementor-element elementor-element-65789a90\" data-id=\"65789a90\" data-element_type=\"column\" data-e-type=\"column\">\n\t\t\t<div class=\"elementor-widget-wrap elementor-element-populated\">\n\t\t\t\t\t\t<div class=\"elementor-element elementor-element-1c90c8ca elementor-align-right elementor-invisible elementor-widget elementor-widget-button\" data-id=\"1c90c8ca\" data-element_type=\"widget\" data-e-type=\"widget\" data-settings=\"{&quot;_animation&quot;:&quot;fadeIn&quot;}\" data-widget_type=\"button.default\">\n\t\t\t\t<div class=\"elementor-widget-container\">\n\t\t\t\t\t\t\t\t\t<div class=\"elementor-button-wrapper\">\n\t\t\t\t\t<a class=\"elementor-button elementor-button-link elementor-size-md elementor-animation-pop\" href=\"https:\/\/apice.org.co\/site\/creduemprender\/\">\n\t\t\t\t\t\t<span class=\"elementor-button-content-wrapper\">\n\t\t\t\t\t\t<span class=\"elementor-button-icon\">\n\t\t\t\t<i aria-hidden=\"true\" class=\"fas fa-reply\"><\/i>\t\t\t<\/span>\n\t\t\t\t\t\t\t\t\t<span class=\"elementor-button-text\">Regresar<\/span>\n\t\t\t\t\t<\/span>\n\t\t\t\t\t<\/a>\n\t\t\t\t<\/div>\n\t\t\t\t\t\t\t\t<\/div>\n\t\t\t\t<\/div>\n\t\t\t\t\t<\/div>\n\t\t<\/div>\n\t\t\t\t\t<\/div>\n\t\t<\/section>\n\t\t\t\t<\/div>\n\t\t","protected":false},"excerpt":{"rendered":"<p>Cr\u00e9dito educativo para emprendedores Convocatoria Fondo \u00c1PICE &#8211; CFC \u00bfQu\u00e9 es el Fondo \u00c1PICE \/ CFC? \u00a0 Es una l\u00ednea de apoyo del\u00a0PROGRAMA CREDUEMPRENDER, que busca alcanzar y beneficiar, mediante financiamiento, a emprendedores Colombianos y Venezolanos migrantes en estado de legalidad e Colombia, y sus familias. \u00a0 El\u00a0PROGRAMA CREDUEMPRENDER\u00a0es una iniciativa de Alianza establecida entre\u00a0\u00c1PICE\u00a0y [&hellip;]<\/p>\n","protected":false},"author":7,"featured_media":0,"parent":0,"menu_order":0,"comment_status":"closed","ping_status":"closed","template":"","meta":{"_acf_changed":false,"om_disable_all_campaigns":false,"_exactmetrics_skip_tracking":false,"_exactmetrics_sitenote_active":false,"_exactmetrics_sitenote_note":"","_exactmetrics_sitenote_category":0,"_uf_show_specific_survey":0,"_uf_disable_surveys":false,"footnotes":""},"class_list":["post-6657","page","type-page","status-publish","hentry"],"acf":[],"aioseo_notices":[],"_links":{"self":[{"href":"https:\/\/apice.org.co\/site\/wp-json\/wp\/v2\/pages\/6657","targetHints":{"allow":["GET"]}}],"collection":[{"href":"https:\/\/apice.org.co\/site\/wp-json\/wp\/v2\/pages"}],"about":[{"href":"https:\/\/apice.org.co\/site\/wp-json\/wp\/v2\/types\/page"}],"author":[{"embeddable":true,"href":"https:\/\/apice.org.co\/site\/wp-json\/wp\/v2\/users\/7"}],"replies":[{"embeddable":true,"href":"https:\/\/apice.org.co\/site\/wp-json\/wp\/v2\/comments?post=6657"}],"version-history":[{"count":102,"href":"https:\/\/apice.org.co\/site\/wp-json\/wp\/v2\/pages\/6657\/revisions"}],"predecessor-version":[{"id":11460,"href":"https:\/\/apice.org.co\/site\/wp-json\/wp\/v2\/pages\/6657\/revisions\/11460"}],"wp:attachment":[{"href":"https:\/\/apice.org.co\/site\/wp-json\/wp\/v2\/media?parent=6657"}],"curies":[{"name":"wp","href":"https:\/\/api.w.org\/{rel}","templated":true}]}}