{"id":8483,"date":"2023-11-14T07:51:19","date_gmt":"2023-11-14T12:51:19","guid":{"rendered":"https:\/\/apice.org.co\/site\/?page_id=8483"},"modified":"2026-01-22T09:06:57","modified_gmt":"2026-01-22T14:06:57","slug":"afiliados-colombia","status":"publish","type":"page","link":"https:\/\/apice.org.co\/site\/afiliados-colombia\/","title":{"rendered":"afiliados colombia"},"content":{"rendered":"\t\t<div data-elementor-type=\"wp-page\" data-elementor-id=\"8483\" class=\"elementor elementor-8483\" data-elementor-post-type=\"page\">\n\t\t\t\t\t\t<section class=\"elementor-section elementor-top-section elementor-element elementor-element-687fafd elementor-section-boxed elementor-section-height-default elementor-section-height-default\" data-id=\"687fafd\" data-element_type=\"section\" data-e-type=\"section\">\n\t\t\t\t\t\t<div class=\"elementor-container elementor-column-gap-default\">\n\t\t\t\t\t<div class=\"elementor-column elementor-col-100 elementor-top-column elementor-element elementor-element-e9d8e5a\" data-id=\"e9d8e5a\" data-element_type=\"column\" data-e-type=\"column\">\n\t\t\t<div class=\"elementor-widget-wrap elementor-element-populated\">\n\t\t\t\t\t\t<div class=\"elementor-element elementor-element-92ed902 elementor-widget elementor-widget-spacer\" data-id=\"92ed902\" data-element_type=\"widget\" data-e-type=\"widget\" data-widget_type=\"spacer.default\">\n\t\t\t\t<div class=\"elementor-widget-container\">\n\t\t\t\t\t\t\t<div class=\"elementor-spacer\">\n\t\t\t<div class=\"elementor-spacer-inner\"><\/div>\n\t\t<\/div>\n\t\t\t\t\t\t<\/div>\n\t\t\t\t<\/div>\n\t\t\t\t\t<\/div>\n\t\t<\/div>\n\t\t\t\t\t<\/div>\n\t\t<\/section>\n\t\t\t\t<section class=\"elementor-section elementor-top-section elementor-element elementor-element-e890f42 elementor-section-boxed elementor-section-height-default elementor-section-height-default\" data-id=\"e890f42\" data-element_type=\"section\" data-e-type=\"section\">\n\t\t\t\t\t\t<div class=\"elementor-container elementor-column-gap-default\">\n\t\t\t\t\t<div class=\"elementor-column elementor-col-100 elementor-top-column elementor-element elementor-element-6aba6a2\" data-id=\"6aba6a2\" data-element_type=\"column\" data-e-type=\"column\">\n\t\t\t<div class=\"elementor-widget-wrap elementor-element-populated\">\n\t\t\t\t\t\t<div class=\"elementor-element elementor-element-9ad2dc8 elementor-widget elementor-widget-heading\" data-id=\"9ad2dc8\" data-element_type=\"widget\" data-e-type=\"widget\" data-widget_type=\"heading.default\">\n\t\t\t\t<div class=\"elementor-widget-container\">\n\t\t\t\t\t<h2 class=\"elementor-heading-title elementor-size-default\">Afiliados \u00e1pice<\/h2>\t\t\t\t<\/div>\n\t\t\t\t<\/div>\n\t\t\t\t<div class=\"elementor-element elementor-element-0b20e35 elementor-widget elementor-widget-heading\" data-id=\"0b20e35\" data-element_type=\"widget\" data-e-type=\"widget\" data-widget_type=\"heading.default\">\n\t\t\t\t<div class=\"elementor-widget-container\">\n\t\t\t\t\t<h2 class=\"elementor-heading-title elementor-size-default\">Colombia<\/h2>\t\t\t\t<\/div>\n\t\t\t\t<\/div>\n\t\t\t\t\t<\/div>\n\t\t<\/div>\n\t\t\t\t\t<\/div>\n\t\t<\/section>\n\t\t\t\t<section class=\"elementor-section elementor-top-section elementor-element elementor-element-7433068 elementor-section-boxed elementor-section-height-default elementor-section-height-default\" data-id=\"7433068\" data-element_type=\"section\" data-e-type=\"section\">\n\t\t\t\t\t\t<div class=\"elementor-container elementor-column-gap-default\">\n\t\t\t\t\t<div class=\"elementor-column elementor-col-100 elementor-top-column elementor-element elementor-element-4fb6726\" data-id=\"4fb6726\" data-element_type=\"column\" data-e-type=\"column\">\n\t\t\t<div class=\"elementor-widget-wrap elementor-element-populated\">\n\t\t\t\t\t\t<div class=\"elementor-element elementor-element-d2f3db1 elementor-widget elementor-widget-image\" data-id=\"d2f3db1\" data-element_type=\"widget\" data-e-type=\"widget\" data-widget_type=\"image.default\">\n\t\t\t\t<div class=\"elementor-widget-container\">\n\t\t\t\t\t\t\t\t\t\t\t\t\t\t\t<img decoding=\"async\" src=\"https:\/\/apice.org.co\/site\/wp-content\/uploads\/elementor\/thumbs\/27125-scaled-qemt0v5j38jkk1qef58ftqpmsqlan38pgh1784tmhs.jpg\" title=\"Basic RGB\" alt=\"Colombia\" loading=\"lazy\" \/>\t\t\t\t\t\t\t\t\t\t\t\t\t\t\t<\/div>\n\t\t\t\t<\/div>\n\t\t\t\t\t<\/div>\n\t\t<\/div>\n\t\t\t\t\t<\/div>\n\t\t<\/section>\n\t\t\t\t<section class=\"elementor-section elementor-top-section elementor-element elementor-element-fd93874 elementor-section-boxed elementor-section-height-default elementor-section-height-default\" data-id=\"fd93874\" data-element_type=\"section\" data-e-type=\"section\">\n\t\t\t\t\t\t<div class=\"elementor-container elementor-column-gap-default\">\n\t\t\t\t\t<div class=\"elementor-column elementor-col-100 elementor-top-column elementor-element elementor-element-e49759f\" data-id=\"e49759f\" data-element_type=\"column\" data-e-type=\"column\">\n\t\t\t<div class=\"elementor-widget-wrap elementor-element-populated\">\n\t\t\t\t\t\t<div class=\"elementor-element elementor-element-94bb658 elementor-widget elementor-widget-spacer\" data-id=\"94bb658\" data-element_type=\"widget\" data-e-type=\"widget\" data-widget_type=\"spacer.default\">\n\t\t\t\t<div class=\"elementor-widget-container\">\n\t\t\t\t\t\t\t<div class=\"elementor-spacer\">\n\t\t\t<div class=\"elementor-spacer-inner\"><\/div>\n\t\t<\/div>\n\t\t\t\t\t\t<\/div>\n\t\t\t\t<\/div>\n\t\t\t\t<div class=\"elementor-element elementor-element-eef6814 elementor-widget elementor-widget-accordion\" data-id=\"eef6814\" data-element_type=\"widget\" data-e-type=\"widget\" data-widget_type=\"accordion.default\">\n\t\t\t\t<div class=\"elementor-widget-container\">\n\t\t\t\t\t\t\t<div class=\"elementor-accordion\">\n\t\t\t\t\t\t\t<div class=\"elementor-accordion-item\">\n\t\t\t\t\t<div id=\"elementor-tab-title-2501\" class=\"elementor-tab-title\" data-tab=\"1\" role=\"button\" aria-controls=\"elementor-tab-content-2501\" aria-expanded=\"false\">\n\t\t\t\t\t\t\t\t\t\t\t\t\t<span class=\"elementor-accordion-icon elementor-accordion-icon-left\" aria-hidden=\"true\">\n\t\t\t\t\t\t\t\t\t\t\t\t\t\t\t<span class=\"elementor-accordion-icon-closed\"><i class=\"fas fa-plus\"><\/i><\/span>\n\t\t\t\t\t\t\t\t<span class=\"elementor-accordion-icon-opened\"><i class=\"fas fa-minus\"><\/i><\/span>\n\t\t\t\t\t\t\t\t\t\t\t\t\t\t<\/span>\n\t\t\t\t\t\t\t\t\t\t\t\t<a class=\"elementor-accordion-title\" tabindex=\"0\">Instituto Colombiano de Cr\u00e9dito Educativo y Estudios T\u00e9cnicos en el Exterior, ICETEX<\/a>\n\t\t\t\t\t<\/div>\n\t\t\t\t\t<div id=\"elementor-tab-content-2501\" class=\"elementor-tab-content elementor-clearfix\" data-tab=\"1\" role=\"region\" aria-labelledby=\"elementor-tab-title-2501\"><table width=\"750\"><tbody><tr><td><p style=\"text-align: center;\"><span style=\"color: rgba(60, 60, 60, 0.99);\"><span style=\"font-size: 14pt; font-family: helvetica, arial, sans-serif;\"><strong>Miembro<\/strong><\/span><span style=\"font-size: 14pt; font-family: helvetica, arial, sans-serif;\"><strong> Fundador de \u00c1PICE<\/strong><\/span><\/span><\/p><\/td><\/tr><tr><td><p>\u00a0<\/p><p><span style=\"font-size: 14pt; font-family: helvetica, arial, sans-serif; color: rgba(60, 60, 60, 0.99);\"><strong>\u00c1lvaro Hern\u00e1n Urquijo G\u00f3mez<\/strong>, Segundo Vocal Junta Directiva \u00c1PICE\u00a0<\/span><\/p><p><span style=\"font-size: 14pt; font-family: helvetica, arial, sans-serif; color: rgba(60, 60, 60, 0.99);\">Presidente ICETEX\u00a0<\/span><\/p><\/td><\/tr><tr><td><p><span style=\"font-size: 14pt; font-family: helvetica, arial, sans-serif; color: #006699;\"><strong><a style=\"color: #006699;\" href=\"mailto:presidencia@icetex.gov.co\" target=\"_blank\" rel=\"noopener\">presidencia@icetex.gov.co <\/a><\/strong><span style=\"color: #000000;\">&#8211; <strong><a style=\"color: #006699;\" href=\"mailto:llosada@icetex.gov.co\" target=\"_blank\" rel=\"noopener\">llosada@icetex.gov.co<\/a><\/strong> &#8211; <\/span><strong><a style=\"color: #006699;\" href=\"mailto:striana@icetex.gov.co\" target=\"_blank\" rel=\"noopener\">striana@icetex.gov.co<\/a><\/strong><\/span><\/p><\/td><\/tr><tr><td><p><span style=\"font-size: 14pt; font-family: helvetica, arial, sans-serif; color: rgba(60, 60, 60, 0.99);\">Tel: \u00a057 601 3821696<\/span><\/p><hr \/><\/td><\/tr><tr><td><p><span style=\"font-size: 14pt; font-family: helvetica, arial, sans-serif; color: rgba(60, 60, 60, 0.99);\"><strong>Ana Lucy Castro Castro<\/strong>, Secretario General (E)<\/span><\/p><\/td><\/tr><tr><td><span style=\"font-size: 14pt; font-family: helvetica, arial, sans-serif; color: #006699;\"><a style=\"color: #006699;\" href=\"mailto:alcastro@icetex.gov.co\" target=\"_blank\" rel=\"noopener\"><strong>alcastro@icetex.gov.co<\/strong><\/a><\/span><\/td><\/tr><tr><td><p><span style=\"font-size: 14pt; font-family: helvetica, arial, sans-serif; color: rgba(60, 60, 60, 0.99);\">Tel: \u00a057 601 3821670<\/span><\/p><hr \/><\/td><\/tr><tr><td><p><span style=\"font-size: 14pt; font-family: helvetica, arial, sans-serif; color: rgba(60, 60, 60, 0.99);\"><strong>Edgar Antonio G\u00f3mez \u00c1lvarez<\/strong>, Vicepresidente Financiero<\/span><\/p><\/td><\/tr><tr><td><span style=\"font-size: 14pt; font-family: helvetica, arial, sans-serif; color: #006699;\"><strong><a style=\"color: #006699;\" href=\"mailto:eagomez@icetex.gov.co\">eagomez@icetex.gov.co<\/a><\/strong><\/span><\/td><\/tr><tr><td><p><span style=\"font-size: 14pt; font-family: helvetica, arial, sans-serif; color: rgba(60, 60, 60, 0.99);\">Tel: \u00a057 601 3821670<\/span><\/p><hr \/><\/td><\/tr><tr><td><p><span style=\"font-size: 14pt; font-family: helvetica, arial, sans-serif; color: rgba(60, 60, 60, 0.99);\"><strong>Ana Luc\u00eda Castro Castro,\u00a0<\/strong>Jefe Oficina Asesor\u00eda Jur\u00eddica<strong><br \/><\/strong><\/span><\/p><\/td><\/tr><tr><td><span style=\"font-size: 14pt; font-family: helvetica, arial, sans-serif; color: #006699;\"><strong><a style=\"color: #006699;\" href=\"mailto:alcastro@icetex.gov.co\">alcastro@icetex.gov.co<\/a><\/strong><\/span><\/td><\/tr><tr><td><p><span style=\"font-size: 14pt; font-family: helvetica, arial, sans-serif; color: rgba(60, 60, 60, 0.99);\">Tel: \u00a057 601 3821670<\/span><\/p><hr \/><\/td><\/tr><tr><td><p><span style=\"font-size: 14pt; font-family: helvetica, arial, sans-serif; color: rgba(60, 60, 60, 0.99);\"><strong>Edgar Fabio D\u00edaz Ram\u00edrez<\/strong>, Jefe Oficina de Planeaci\u00f3n\u00a0<\/span><\/p><\/td><\/tr><tr><td><span style=\"font-size: 14pt; font-family: helvetica, arial, sans-serif; color: #006699;\"><strong><a style=\"color: #006699;\" href=\"mailto:ediaz@icetex.gov.co\">ediaz@icetex.gov.co<\/a><\/strong><\/span><\/td><\/tr><tr><td><p><span style=\"font-size: 14pt; font-family: helvetica, arial, sans-serif; color: rgba(60, 60, 60, 0.99);\">Tel: \u00a057 601 3821670 Extensi\u00f3n 1080<\/span><\/p><hr \/><\/td><\/tr><tr><td><p><span style=\"font-size: 14pt; font-family: helvetica, arial, sans-serif; color: rgba(60, 60, 60, 0.99);\"><strong>Edgar Antonio G\u00f3mez \u00c1lvarez (E), <\/strong>Jefe Oficina de Relaciones Internacionales<\/span><\/p><\/td><\/tr><tr><td><p><span style=\"font-size: 14pt; font-family: helvetica, arial, sans-serif; color: #006699;\"><strong><a style=\"color: #006699;\" href=\"mailto:eagomez@icetex.gov.co\">eagomez@icetex.gov.co<\/a><\/strong><\/span><\/p><hr \/><\/td><\/tr><tr><td><p><span style=\"font-size: 14pt; font-family: helvetica, arial, sans-serif; color: rgba(60, 60, 60, 0.99);\"><strong>William Barreto M\u00e9ndez<\/strong>, Oficina de Relaciones Internacionales<\/span><\/p><\/td><\/tr><tr><td><span style=\"font-size: 14pt; font-family: helvetica, arial, sans-serif; color: #006699;\"><a style=\"color: #006699;\" href=\"mailto:wbarreto@icetex.gov.co\"><strong>wbarreto@icetex.gov.co<\/strong><\/a><\/span><\/td><\/tr><tr><td><p><span style=\"font-size: 14pt; font-family: helvetica, arial, sans-serif; color: rgba(60, 60, 60, 0.99);\">Tel: \u00a057 601 3821670 Extensi\u00f3n 1030<\/span><\/p><hr \/><\/td><\/tr><tr><td><p><span style=\"font-size: 14pt; font-family: helvetica, arial, sans-serif; color: rgba(60, 60, 60, 0.99);\"><strong>Rodolfo Giovani Canchila Su\u00e1rez<\/strong>, Oficina Comunicaciones (E)<\/span><\/p><\/td><\/tr><tr><td><span style=\"font-size: 14pt; font-family: helvetica, arial, sans-serif; color: rgba(60, 60, 60, 0.99);\">Tel: \u00a057 601 3821670 Extensi\u00f3n 1090<\/span><\/td><\/tr><tr><td><p><span style=\"font-size: 14pt; font-family: helvetica, arial, sans-serif; color: #006699;\"><strong><a style=\"color: #006699;\" href=\"mailto:ecanchila@icetex.gov.co\">ecanchila@icetex.gov.co<\/a><\/strong><\/span><\/p><hr \/><\/td><\/tr><tr><td style=\"text-align: center;\"><p><span style=\"font-size: 14pt; font-family: helvetica, arial, sans-serif; color: rgba(60, 60, 60, 0.99);\">Carrera 3 No. 18-32<\/span><\/p><p><span style=\"font-size: 14pt; font-family: helvetica, arial, sans-serif; color: rgba(60, 60, 60, 0.99);\"><strong>Bogot\u00e1, D.C., Colombia<\/strong><\/span><\/p><\/td><\/tr><tr><td><p style=\"text-align: center;\"><span style=\"font-size: 14pt; font-family: helvetica, arial, sans-serif; color: #006699;\"><strong><a style=\"color: #006699;\" href=\"http:\/\/www.icetex.gov.co\/\" target=\"_blank\" rel=\"noopener\">www.icetex.gov.co<\/a><\/strong><\/span><\/p><\/td><\/tr><\/tbody><\/table><\/div>\n\t\t\t\t<\/div>\n\t\t\t\t\t\t\t<div class=\"elementor-accordion-item\">\n\t\t\t\t\t<div id=\"elementor-tab-title-2502\" class=\"elementor-tab-title\" data-tab=\"2\" role=\"button\" aria-controls=\"elementor-tab-content-2502\" aria-expanded=\"false\">\n\t\t\t\t\t\t\t\t\t\t\t\t\t<span class=\"elementor-accordion-icon elementor-accordion-icon-left\" aria-hidden=\"true\">\n\t\t\t\t\t\t\t\t\t\t\t\t\t\t\t<span class=\"elementor-accordion-icon-closed\"><i class=\"fas fa-plus\"><\/i><\/span>\n\t\t\t\t\t\t\t\t<span class=\"elementor-accordion-icon-opened\"><i class=\"fas fa-minus\"><\/i><\/span>\n\t\t\t\t\t\t\t\t\t\t\t\t\t\t<\/span>\n\t\t\t\t\t\t\t\t\t\t\t\t<a class=\"elementor-accordion-title\" tabindex=\"0\">Corporaci\u00f3n Universitaria del Caribe, CECAR<\/a>\n\t\t\t\t\t<\/div>\n\t\t\t\t\t<div id=\"elementor-tab-content-2502\" class=\"elementor-tab-content elementor-clearfix\" data-tab=\"2\" role=\"region\" aria-labelledby=\"elementor-tab-title-2502\"><table style=\"width: 137.623%; height: 696px;\" width=\"750\"><tbody><tr style=\"height: 28px;\"><td style=\"text-align: center; height: 28px;\"><span style=\"font-size: 14pt; font-family: helvetica, arial, sans-serif; color: rgba(60, 60, 60, 0.99);\"><strong>Miembro Asociado de \u00c1PICE<\/strong><\/span><\/td><\/tr><tr style=\"height: 28px;\"><td style=\"text-align: left; height: 28px;\"><span style=\"font-size: 14pt; font-family: helvetica, arial, sans-serif; color: rgba(60, 60, 60, 0.99);\"><strong>Lidia Fl\u00f3rez de Albis<\/strong>, Rectora<\/span><\/td><\/tr><tr style=\"height: 28px;\"><td style=\"text-align: left; height: 28px;\"><span style=\"font-size: 14pt; font-family: helvetica, arial, sans-serif; color: rgba(60, 60, 60, 0.99);\"><span style=\"color: #006699;\"><a style=\"color: #006699;\" href=\"mailto:%C2%A0rector@cecar.edu.co\"><strong>rector@cecar.edu.co<\/strong><\/a><\/span><strong>\u00a0\u2013\u00a0<\/strong><span style=\"color: #006699;\"><strong><a style=\"color: #006699;\" href=\"mailto:jorge.santiz@cecar.edu.co\">jorge.santiz<\/a><a style=\"color: #006699;\" href=\"mailto:noel.moralest@cecar.edu.co\">@cecar.edu.co<\/a>\u00a0<\/strong><\/span><\/span><\/td><\/tr><tr style=\"height: 70px;\"><td style=\"text-align: left; height: 70px;\"><p><span style=\"font-size: 14pt; font-family: helvetica, arial, sans-serif; color: rgba(60, 60, 60, 0.99);\">57 605 2798900 Ext. 1197 \/ Fax: 57 605 2801554<\/span><\/p><hr \/><\/td><\/tr><tr style=\"height: 28px;\"><td style=\"text-align: left; height: 28px;\"><span style=\"font-size: 14pt; font-family: helvetica, arial, sans-serif; color: rgba(60, 60, 60, 0.99);\"><strong>L\u00e1zaro Gastelbondo Rivera<\/strong>, Vice-Rector Administrativo y Financiero<\/span><\/td><\/tr><tr style=\"height: 28px;\"><td style=\"text-align: left; height: 28px;\"><span style=\"font-size: 14pt; font-family: helvetica, arial, sans-serif; color: #006699;\"><a style=\"color: #006699;\" href=\"mailto:lazaro.gastelbondo@cecar.edu.co\"><strong>lazaro.gastelbondo@cecar.edu.co<\/strong><\/a><\/span><\/td><\/tr><tr style=\"height: 70px;\"><td style=\"text-align: left; height: 70px;\"><p><span style=\"font-size: 14pt; font-family: helvetica, arial, sans-serif; color: rgba(60, 60, 60, 0.99);\">57 605 2798900 Ext. 1255<\/span><\/p><hr \/><\/td><\/tr><tr style=\"height: 28px;\"><td style=\"text-align: left; height: 28px;\"><span style=\"font-size: 14pt; font-family: helvetica, arial, sans-serif; color: rgba(60, 60, 60, 0.99);\"><strong>Andr\u00e9s Alberto Viloria Sequeda,\u00a0<\/strong>Director General de Planificaci\u00f3n y Desarrollo<\/span><\/td><\/tr><tr style=\"height: 28px;\"><td style=\"text-align: left; height: 28px;\"><span style=\"font-size: 14pt; font-family: helvetica, arial, sans-serif; color: #006699;\"><a style=\"color: #006699;\" href=\"mailto:andres.viloria@cecar.edu.co\"><strong>andres.viloria@cecar.edu.co<\/strong><\/a><\/span><\/td><\/tr><tr style=\"height: 28px;\"><td style=\"text-align: left; height: 28px;\"><span style=\"font-size: 14pt; font-family: helvetica, arial, sans-serif; color: rgba(60, 60, 60, 0.99);\">Tel:\u00a057 605\u00a02798900 Ext. 1217\u00a0<\/span><\/td><\/tr><tr style=\"height: 70px;\"><td style=\"text-align: left; height: 70px;\"><hr \/><p><span style=\"font-size: 14pt; font-family: helvetica, arial, sans-serif; color: rgba(60, 60, 60, 0.99);\"><strong>Martha Almanza<\/strong>, Jefe de Cr\u00e9dito y Cobranzas<\/span><\/p><\/td><\/tr><tr style=\"height: 28px;\"><td style=\"text-align: left; height: 28px;\"><span style=\"font-size: 14pt; font-family: helvetica, arial, sans-serif; color: #006699;\"><strong><a style=\"color: #006699;\" href=\"mailto:martha.almanza@cecar.edu.co\">marth<\/a><a style=\"color: #006699;\" href=\"mailto:martha.almanza@cecar.edu.co\">a.almanza@cecar.edu.co<\/a><\/strong><\/span><\/td><\/tr><tr style=\"height: 70px;\"><td style=\"text-align: left; height: 70px;\"><p><span style=\"font-size: 14pt; font-family: helvetica, arial, sans-serif; color: rgba(60, 60, 60, 0.99);\">Tel:\u00a057 605\u00a02798900 \u2013\u00a057 605\u00a02804009 \/ Fax: 57 605 2801554<\/span><\/p><hr \/><\/td><\/tr><tr style=\"height: 104px;\"><td style=\"text-align: left; height: 104px;\"><p style=\"text-align: center;\"><span style=\"font-size: 14pt; font-family: helvetica, arial, sans-serif; color: rgba(60, 60, 60, 0.99);\">Carretera Troncal de Occidente v\u00eda a Corozal<\/span><\/p><p style=\"text-align: center;\"><span style=\"font-size: 14pt; font-family: helvetica, arial, sans-serif; color: rgba(60, 60, 60, 0.99);\"><strong>Sincelejo, Sucre, Colombia<\/strong><\/span><\/p><\/td><\/tr><tr style=\"height: 60px;\"><td style=\"text-align: left; height: 60px;\"><p style=\"text-align: center;\"><span style=\"font-size: 14pt; font-family: helvetica, arial, sans-serif; color: #006699;\"><strong><a style=\"color: #006699;\" href=\"http:\/\/www.cecar.edu.co\/\" target=\"_blank\" rel=\"noopener\">www.cecar.edu.co<\/a><\/strong><\/span><\/p><\/td><\/tr><\/tbody><\/table><\/div>\n\t\t\t\t<\/div>\n\t\t\t\t\t\t\t<div class=\"elementor-accordion-item\">\n\t\t\t\t\t<div id=\"elementor-tab-title-2503\" class=\"elementor-tab-title\" data-tab=\"3\" role=\"button\" aria-controls=\"elementor-tab-content-2503\" aria-expanded=\"false\">\n\t\t\t\t\t\t\t\t\t\t\t\t\t<span class=\"elementor-accordion-icon elementor-accordion-icon-left\" aria-hidden=\"true\">\n\t\t\t\t\t\t\t\t\t\t\t\t\t\t\t<span class=\"elementor-accordion-icon-closed\"><i class=\"fas fa-plus\"><\/i><\/span>\n\t\t\t\t\t\t\t\t<span class=\"elementor-accordion-icon-opened\"><i class=\"fas fa-minus\"><\/i><\/span>\n\t\t\t\t\t\t\t\t\t\t\t\t\t\t<\/span>\n\t\t\t\t\t\t\t\t\t\t\t\t<a class=\"elementor-accordion-title\" tabindex=\"0\">Corporaci\u00f3n Universitaria Minuto de Dios, UNIMINUTO<\/a>\n\t\t\t\t\t<\/div>\n\t\t\t\t\t<div id=\"elementor-tab-content-2503\" class=\"elementor-tab-content elementor-clearfix\" data-tab=\"3\" role=\"region\" aria-labelledby=\"elementor-tab-title-2503\"><table width=\"750\"><tbody><tr><td><p>\u00a0<\/p><p style=\"text-align: center;\"><span style=\"font-size: 14pt; font-family: helvetica, arial, sans-serif; color: rgba(60, 60, 60, 0.99);\"><strong>Miembro Asociado de \u00c1PICE<\/strong><\/span><\/p><\/td><\/tr><tr><td><p>\u00a0<\/p><p><span style=\"font-size: 14pt; font-family: helvetica, arial, sans-serif; color: rgba(60, 60, 60, 0.99);\"><strong>Padre Harold Castilla Devoz,\u00a0<\/strong>Tercer\u00a0Vocal\u00a0Junta Directiva \u00c1PICE\u00a0<\/span><\/p><p><span style=\"font-size: 14pt; font-family: helvetica, arial, sans-serif; color: rgba(60, 60, 60, 0.99);\">Rector General UNIMINUTO<\/span><\/p><\/td><\/tr><tr><td><p>\u00a0<\/p><p><span style=\"font-size: 14pt; font-family: helvetica, arial, sans-serif; color: rgba(60, 60, 60, 0.99);\"><span style=\"color: #006699;\"><strong><a style=\"color: #006699;\" href=\"mailto:hcastilla@uniminuto.edu\">hcastilla@uniminuto.edu <\/a><\/strong><\/span>\u2013 <span style=\"color: #006699;\"><strong><a style=\"color: #006699;\" href=\"mailto:clgomez@uniminuto.edu\">clgomez@uniminuto.edu<\/a><\/strong><\/span><\/span><\/p><p><span style=\"font-size: 14pt; font-family: helvetica, arial, sans-serif; color: rgba(60, 60, 60, 0.99);\"><strong>Tel:\u00a0<\/strong>57 601\u00a02916520 \u2013 2916550 Extensi\u00f3n: 6563<\/span><\/p><hr \/><\/td><\/tr><tr><td><p>\u00a0<\/p><p><span style=\"font-size: 14pt; font-family: helvetica, arial, sans-serif; color: rgba(60, 60, 60, 0.99);\"><strong>Linda Luc\u00eda Guar\u00edn Gutierrez,\u00a0<\/strong>Secretaria General<\/span><\/p><\/td><\/tr><tr><td><span style=\"font-size: 14pt; font-family: helvetica, arial, sans-serif; color: #006699;\"><strong><a style=\"color: #006699;\" href=\"mailto:lguarin@uniminuto.edu\">lguarin@uniminuto.edu<\/a><\/strong><\/span><\/td><\/tr><tr><td><span style=\"font-size: 14pt; font-family: helvetica, arial, sans-serif; color: rgba(60, 60, 60, 0.99);\"><strong>Tel:\u00a0<\/strong>57 601\u00a02916520 Extensi\u00f3n: 6301<\/span><\/td><\/tr><tr><td><hr \/><p>\u00a0<\/p><p><span style=\"font-size: 14pt; font-family: helvetica, arial, sans-serif; color: rgba(60, 60, 60, 0.99);\"><strong>Jefferson E. Arias G\u00f3mez,\u00a0<\/strong>Rector Sede Principal UNIMINUTO<\/span><\/p><\/td><\/tr><tr><td><span style=\"font-size: 14pt; font-family: helvetica, arial, sans-serif; color: rgba(60, 60, 60, 0.99);\"><span style=\"color: #006699;\"><strong><a style=\"color: #006699;\" href=\"mailto:jarias@uniminuto.edu\">jarias@uniminuto.edu <\/a><\/strong><\/span>\u2013Tel:\u00a057 601\u00a02916520 Extensi\u00f3n 7359<\/span><\/td><\/tr><tr><td><hr \/><\/td><\/tr><tr><td><p>\u00a0<\/p><p><span style=\"font-size: 14pt; font-family: helvetica, arial, sans-serif; color: rgba(60, 60, 60, 0.99);\"><strong>Mario Henry C\u00e1rdenas Garc\u00eda,\u00a0<\/strong>Vice-Rector Administrativo y Financiero<\/span><\/p><\/td><\/tr><tr><td><p><span style=\"font-size: 14pt; font-family: helvetica, arial, sans-serif; color: rgba(60, 60, 60, 0.99);\"><strong><a style=\"color: rgba(60, 60, 60, 0.99);\" href=\"mailto:mario.cardenas@uniminuto.edu\"><span style=\"color: #006699;\">mario.cardenas@uniminuto.edu<\/span>\u00a0<\/a><\/strong>\u2013Tel:\u00a057 601\u00a02916520\u00a0<\/span><\/p><hr \/><\/td><\/tr><tr><td><p>\u00a0<\/p><p><span style=\"font-size: 14pt; font-family: helvetica, arial, sans-serif; color: rgba(60, 60, 60, 0.99);\"><strong>Padre Salom\u00f3n Bravo,\u00a0<\/strong>Vicerrector General de Bienestar\u00a0<\/span><\/p><\/td><\/tr><tr><td><span style=\"font-size: 14pt; font-family: helvetica, arial, sans-serif; color: rgba(60, 60, 60, 0.99);\"><span style=\"font-size: 14pt; font-family: helvetica, arial, sans-serif; color: rgba(60, 60, 60, 0.99);\"><span style=\"color: #006699;\"><strong><a style=\"color: #006699;\" href=\"mailto:salomon.bravo@uniminuto.edu\">salomon.bravo@uniminuto.edu <\/a><\/strong><\/span>\u2013Tel:\u00a057 601\u00a02916520<\/span><\/span><hr \/><\/td><\/tr><tr><td><p>\u00a0<\/p><p><span style=\"font-size: 14pt; font-family: helvetica, arial, sans-serif; color: rgba(60, 60, 60, 0.99);\"><strong>Laureano Pinto Senojoa<\/strong>, Director Financiero<\/span><\/p><\/td><\/tr><tr><td><p><span style=\"font-size: 14pt; font-family: helvetica, arial, sans-serif; color: rgba(60, 60, 60, 0.99);\"><strong><a style=\"color: rgba(60, 60, 60, 0.99);\" href=\"mailto:lpinto@uniminuto.edu\"><span style=\"color: #006699;\">lpinto@uniminuto.edu<\/span>\u00a0<\/a><\/strong>\u2013Tel:\u00a057 601\u00a02916520\u00a0<\/span><\/p><hr \/><\/td><\/tr><tr><td><p>\u00a0<\/p><p><span style=\"font-size: 14pt; font-family: helvetica, arial, sans-serif; color: rgba(60, 60, 60, 0.99);\"><strong>Oscar Moncayo Santacruz, <\/strong>Director de Gesti\u00f3n de Informaci\u00f3n, Gerencia de Planeaci\u00f3n y Desarrollo Institucional<\/span><\/p><\/td><\/tr><tr><td><p><span style=\"font-size: 14pt; font-family: helvetica, arial, sans-serif; color: rgba(60, 60, 60, 0.99);\"><strong><a style=\"color: rgba(60, 60, 60, 0.99);\" href=\"mailto:oscar.moncayo@uniminuto.edu\"><span style=\"color: #006699;\">oscar.moncayo@uniminuto.edu<\/span> <\/a><\/strong>\u2013Tel:\u00a057 601\u00a02916520 Extensi\u00f3n: 6823<\/span><\/p><hr \/><\/td><\/tr><tr><td><p>\u00a0<\/p><p><span style=\"font-size: 14pt; font-family: helvetica, arial, sans-serif; color: rgba(60, 60, 60, 0.99);\"><strong>Martha Castellanos Ardila<\/strong>, Coordinadora Peque\u00f1os Donantes<\/span><\/p><\/td><\/tr><tr><td><p><span style=\"font-size: 14pt; font-family: helvetica, arial, sans-serif; color: rgba(60, 60, 60, 0.99);\"><strong><a style=\"color: rgba(60, 60, 60, 0.99);\" href=\"mailto:marcastellanos@uniminuto.edu\"><span style=\"color: #006699;\">marcastellanos@uniminuto.edu <\/span><\/a><\/strong>\u2013Tel:\u00a057 601\u00a02916520 Extensi\u00f3n: 6298<\/span><\/p><hr \/><\/td><\/tr><tr><td><p>\u00a0<\/p><p><span style=\"font-size: 14pt; font-family: helvetica, arial, sans-serif; color: rgba(60, 60, 60, 0.99);\"><strong>Laura Jimena Polan\u00eda Torres<\/strong>, Coordinadora de Riesgos Estrat\u00e9gicos y Operacionales<\/span><\/p><\/td><\/tr><tr><td><p><span style=\"font-size: 14pt; font-family: helvetica, arial, sans-serif; color: rgba(60, 60, 60, 0.99);\"><strong><span style=\"color: #006699;\">laura.polania<a style=\"color: #006699;\" href=\"mailto:crsuarez@uniminuto.edu\">@uniminuto.edu <\/a><\/span><\/strong>\u2013\u00a0Tel:\u00a057 601\u00a02916520<\/span><\/p><hr \/><\/td><\/tr><tr><td style=\"text-align: center;\"><p>\u00a0<\/p><p><span style=\"font-size: 14pt; font-family: helvetica, arial, sans-serif; color: rgba(60, 60, 60, 0.99);\">Calle 81 B No. 72 B-70\u00a0<\/span><\/p><p><span style=\"font-size: 14pt; font-family: helvetica, arial, sans-serif; color: rgba(60, 60, 60, 0.99);\"><strong>Bogot\u00e1, D.C., Colombia<\/strong><\/span><\/p><\/td><\/tr><tr><td style=\"text-align: center;\"><p>\u00a0<\/p><p><span style=\"font-size: 14pt; font-family: helvetica, arial, sans-serif; color: #006699;\"><strong><a style=\"color: #006699;\" href=\"http:\/\/www.uniminuto.edu\/\">www.uniminuto.edu<\/a><\/strong><\/span><\/p><\/td><\/tr><\/tbody><\/table><\/div>\n\t\t\t\t<\/div>\n\t\t\t\t\t\t\t<div class=\"elementor-accordion-item\">\n\t\t\t\t\t<div id=\"elementor-tab-title-2504\" class=\"elementor-tab-title\" data-tab=\"4\" role=\"button\" aria-controls=\"elementor-tab-content-2504\" aria-expanded=\"false\">\n\t\t\t\t\t\t\t\t\t\t\t\t\t<span class=\"elementor-accordion-icon elementor-accordion-icon-left\" aria-hidden=\"true\">\n\t\t\t\t\t\t\t\t\t\t\t\t\t\t\t<span class=\"elementor-accordion-icon-closed\"><i class=\"fas fa-plus\"><\/i><\/span>\n\t\t\t\t\t\t\t\t<span class=\"elementor-accordion-icon-opened\"><i class=\"fas fa-minus\"><\/i><\/span>\n\t\t\t\t\t\t\t\t\t\t\t\t\t\t<\/span>\n\t\t\t\t\t\t\t\t\t\t\t\t<a class=\"elementor-accordion-title\" tabindex=\"0\">Escuela Colombiana de Ingenier\u00eda Julio Garavito<\/a>\n\t\t\t\t\t<\/div>\n\t\t\t\t\t<div id=\"elementor-tab-content-2504\" class=\"elementor-tab-content elementor-clearfix\" data-tab=\"4\" role=\"region\" aria-labelledby=\"elementor-tab-title-2504\"><table style=\"width: 131.186%; height: 1152px;\" width=\"750\"><tbody><tr style=\"height: 104px;\"><td style=\"height: 104px;\"><p style=\"text-align: center;\"><span style=\"font-family: helvetica, arial, sans-serif; font-size: 14pt; color: rgba(60, 60, 60, 0.99);\"><strong>Miembro Asociado de \u00c1PICE<\/strong><\/span><\/p><p style=\"text-align: center;\"><span style=\"font-size: 14pt; font-family: helvetica, arial, sans-serif; color: rgba(60, 60, 60, 0.99);\">Tercer Vocal Junta Directiva \u00c1PICE\u00a0<\/span><\/p><\/td><\/tr><tr style=\"height: 28px;\"><td style=\"height: 28px;\"><span style=\"font-size: 14pt; font-family: helvetica, arial, sans-serif; color: rgba(60, 60, 60, 0.99);\"><strong>Myriam Astrid Angarita G\u00f3mez<\/strong>, Rectora<\/span><\/td><\/tr><tr style=\"height: 28px;\"><td style=\"height: 28px;\"><span style=\"font-size: 14pt; font-family: helvetica, arial, sans-serif; color: #006699;\"><strong><a style=\"color: #006699;\" href=\"mailto:rector@escuelaing.edu.co\">rector@escuelaing.edu.co<\/a>\u00a0<\/strong><\/span><\/td><\/tr><tr style=\"height: 70px;\"><td style=\"height: 70px;\"><p><span style=\"font-size: 14pt; font-family: helvetica, arial, sans-serif; color: rgba(60, 60, 60, 0.99);\">Tel: 57 601 6683600\u00a0Ext. 209\u00a0Fax: 57 601 6762319<\/span><\/p><hr \/><\/td><\/tr><tr style=\"height: 28px;\"><td style=\"height: 28px;\"><p>\u00a0<\/p><p><span style=\"font-size: 14pt; font-family: helvetica, arial, sans-serif; color: rgba(60, 60, 60, 0.99);\"><strong>Luz \u00c1ngela Trivi\u00f1o<\/strong>, Vicerrectora Administrativa<\/span><\/p><\/td><\/tr><tr style=\"height: 114px;\"><td style=\"height: 114px;\"><p><span style=\"font-size: 14pt; font-family: helvetica, arial, sans-serif; color: rgba(60, 60, 60, 0.99);\"><span style=\"color: #006699;\"><strong><a style=\"color: #006699;\" href=\"mailto:mauricio.vela@escuelaing.edu.co\">viceadmin@escuelaing.edu.co <\/a><\/strong><\/span>\u2013 <span style=\"color: #006699;\"><strong><a style=\"color: #006699;\" href=\"mailto:luz.trivino@escuelaing.edu.co\">luz.trivino@escuelaing.edu.co<\/a><\/strong><\/span><\/span><\/p><p><span style=\"font-size: 14pt; font-family: helvetica, arial, sans-serif; color: rgba(60, 60, 60, 0.99);\">Tel: 57 601 6683600 Ext. 207<\/span><\/p><hr \/><\/td><\/tr><tr style=\"height: 28px;\"><td style=\"height: 28px;\"><p>\u00a0<\/p><p><span style=\"font-size: 14pt; font-family: helvetica, arial, sans-serif; color: rgba(60, 60, 60, 0.99);\"><strong>Claudia Rios,\u00a0<\/strong>Vicerrectora Acad\u00e9mica<\/span><\/p><\/td><\/tr><tr style=\"height: 70px;\"><td style=\"height: 70px;\"><p><span style=\"font-size: 14pt; font-family: helvetica, arial, sans-serif;\"><a href=\"mailto:claudia.rios@escuelaing.edu.co\"><strong><span style=\"color: #006699;\">claudia.rios@escuelaing.edu.co<\/span><\/strong><\/a>\u00a0<span style=\"color: rgba(60, 60, 60, 0.99);\">\u2013 Tel:\u00a057 601 6683600<\/span><\/span><\/p><hr \/><\/td><\/tr><tr style=\"height: 28px;\"><td style=\"height: 28px;\"><p>\u00a0<\/p><p><span style=\"font-size: 14pt; font-family: helvetica, arial, sans-serif; color: rgba(60, 60, 60, 0.99);\"><strong>Jeimmy Ang\u00e9lica Guayara Guayara,\u00a0<\/strong>Jefe Oficina Apoyo Financiero<\/span><\/p><\/td><\/tr><tr style=\"height: 70px;\"><td style=\"height: 70px;\"><p><span style=\"font-size: 14pt; font-family: helvetica, arial, sans-serif;\"><span style=\"color: #006699;\"><strong><a style=\"color: #006699;\" href=\"mailto:dayana.gonzalez@escuelaing.edu.co\">angelica.guayara@escuelaing.edu.co <\/a><\/strong><\/span><span style=\"color: rgba(60, 60, 60, 0.99);\">\u2013\u00a0Tel:\u00a057 601 6683600\u00a0Ext. 107<\/span><\/span><\/p><hr \/><\/td><\/tr><tr style=\"height: 28px;\"><td style=\"height: 28px;\"><p>\u00a0<\/p><p><span style=\"font-size: 14pt; font-family: helvetica, arial, sans-serif; color: rgba(60, 60, 60, 0.99);\"><strong>Diana Marcela C\u00e1rdenas Pinilla,\u00a0<\/strong>Directora Bienestar Universitario<\/span><\/p><\/td><\/tr><tr style=\"height: 28px;\"><td style=\"height: 28px;\"><span style=\"font-size: 14pt; font-family: helvetica, arial, sans-serif;\"><strong><a href=\"mailto:diana.cardenas@escuelaing.edu.co\"><span style=\"color: #006699;\">diana.cardenas@escuelaing.edu.co<\/span> <\/a><\/strong>\u2013Tel:\u00a057 601 6683600<\/span><\/td><\/tr><tr style=\"height: 18px;\"><td style=\"height: 18px;\"><hr \/><\/td><\/tr><tr style=\"height: 28px;\"><td style=\"height: 28px;\"><p>\u00a0<\/p><p><span style=\"font-size: 14pt; font-family: helvetica, arial, sans-serif; color: rgba(60, 60, 60, 0.99);\"><strong>Pablo Daniel Ochoa Fandi\u00f1o<\/strong>, Coordinador de Relaciones Internacionales<\/span><\/p><\/td><\/tr><tr style=\"height: 28px;\"><td style=\"height: 28px;\"><span style=\"font-size: 14pt; font-family: helvetica, arial, sans-serif;\"><span style=\"color: #006699;\"><strong><a style=\"color: #006699;\" href=\"mailto:ori@escuelaing.edu.co\">ori@escuelaing.edu.co <\/a><\/strong><\/span>\u2013 <span style=\"color: #006699;\"><strong><a style=\"color: #006699;\" href=\"mailto:pablo.ochoa@escuelaing.edu.co\">pablo.ochoa@escuelaing.edu.co<\/a><\/strong><\/span><\/span><\/td><\/tr><tr style=\"height: 70px;\"><td style=\"height: 70px;\"><p><span style=\"font-size: 14pt; font-family: helvetica, arial, sans-serif;\">Tel: 57 601 6683600\u00a0<\/span><\/p><hr \/><\/td><\/tr><tr style=\"height: 28px;\"><td style=\"height: 28px;\"><p>\u00a0<\/p><p><span style=\"font-size: 14pt; font-family: helvetica, arial, sans-serif; color: rgba(60, 60, 60, 0.99);\"><strong>Carlos Humberto P\u00e9rez<\/strong>, Jefe Oficina de Reg\u00edstro<\/span><\/p><\/td><\/tr><tr style=\"height: 70px;\"><td style=\"height: 70px;\"><p><span style=\"font-size: 14pt; font-family: helvetica, arial, sans-serif;\"><span style=\"color: #006699;\"><strong><a style=\"color: #006699;\" href=\"mailto:carlos.perez-m@escuelaing.edu.co\">carlos.perez-m@escuelaing.edu.co <\/a><\/strong><\/span><span style=\"color: rgba(60, 60, 60, 0.99);\">\u2013Tel: 57 601 6683600<\/span><\/span><\/p><hr \/><\/td><\/tr><tr style=\"height: 28px;\"><td style=\"height: 28px;\"><p>\u00a0<\/p><p><span style=\"font-size: 14pt; font-family: helvetica, arial, sans-serif; color: rgba(60, 60, 60, 0.99);\"><strong>Germ\u00e1n Santos<\/strong>, Director de Posgrados<\/span><\/p><\/td><\/tr><tr style=\"height: 28px;\"><td style=\"height: 28px;\"><span style=\"font-size: 14pt; font-family: helvetica, arial, sans-serif;\"><span style=\"color: #006699;\"><strong><a style=\"color: #006699;\" href=\"mailto:german.santos@escuelaing.edu.co\">german.santos@escuelaing.edu.co <\/a><\/strong><\/span><span style=\"color: rgba(60, 60, 60, 0.99);\">\u2013\u00a0<\/span><span style=\"color: rgba(60, 60, 60, 0.99);\">Tel: 57 601 6683600<\/span><\/span><\/td><\/tr><tr style=\"height: 70px;\"><td style=\"height: 70px;\"><hr \/><p>\u00a0<\/p><p><span style=\"font-size: 14pt; font-family: helvetica, arial, sans-serif; color: rgba(60, 60, 60, 0.99);\"><strong>Luisa Fernanda Manrique Ria\u00f1o,\u00a0<\/strong>Directora de Mercadeo y Comunicaciones Internas<\/span><\/p><\/td><\/tr><tr style=\"height: 28px;\"><td style=\"height: 28px;\"><span style=\"font-size: 14pt; font-family: helvetica, arial, sans-serif;\"><strong><a href=\"mailto:luisa.manrique@escuelaing.edu.co\"><span style=\"color: #006699;\">luisa.manrique@escuelaing.edu.co<\/span><\/a>\u00a0<\/strong><span style=\"color: rgba(60, 60, 60, 0.99);\">\u2013\u00a0Tel: 57 601 6683600<\/span><\/span><\/td><\/tr><tr style=\"height: 104px;\"><td style=\"height: 104px;\"><p>\u00a0<\/p><p style=\"text-align: center;\"><span style=\"font-size: 14pt; font-family: helvetica, arial, sans-serif; color: rgba(60, 60, 60, 0.99);\">Avenida Carrera 45 No. 205-59 \u2013\u00a0Kil\u00f3metro 13 Autopista Norte\u00a0<\/span><\/p><p style=\"text-align: center;\"><span style=\"font-size: 14pt; font-family: helvetica, arial, sans-serif; color: rgba(60, 60, 60, 0.99);\"><strong>Bogot\u00e1, D.C., Colombia<\/strong><\/span><\/p><\/td><\/tr><tr style=\"height: 28px;\"><td style=\"height: 28px; text-align: center;\"><p>\u00a0<\/p><p><span style=\"font-size: 14pt; font-family: helvetica, arial, sans-serif; color: #006699;\"><strong><a style=\"color: #006699;\" href=\"http:\/\/www.escuelaing.edu.co\/\" target=\"_blank\" rel=\"noopener\">www.escuelaing.edu<\/a><a style=\"color: #006699;\" href=\"http:\/\/www.escuelaing.edu.co\/\">.co<\/a><\/strong><\/span><\/p><\/td><\/tr><\/tbody><\/table><\/div>\n\t\t\t\t<\/div>\n\t\t\t\t\t\t\t<div class=\"elementor-accordion-item\">\n\t\t\t\t\t<div id=\"elementor-tab-title-2505\" class=\"elementor-tab-title\" data-tab=\"5\" role=\"button\" aria-controls=\"elementor-tab-content-2505\" aria-expanded=\"false\">\n\t\t\t\t\t\t\t\t\t\t\t\t\t<span class=\"elementor-accordion-icon elementor-accordion-icon-left\" aria-hidden=\"true\">\n\t\t\t\t\t\t\t\t\t\t\t\t\t\t\t<span class=\"elementor-accordion-icon-closed\"><i class=\"fas fa-plus\"><\/i><\/span>\n\t\t\t\t\t\t\t\t<span class=\"elementor-accordion-icon-opened\"><i class=\"fas fa-minus\"><\/i><\/span>\n\t\t\t\t\t\t\t\t\t\t\t\t\t\t<\/span>\n\t\t\t\t\t\t\t\t\t\t\t\t<a class=\"elementor-accordion-title\" tabindex=\"0\">Fundaci\u00f3n Polit\u00e9cnico Grancolombiano<\/a>\n\t\t\t\t\t<\/div>\n\t\t\t\t\t<div id=\"elementor-tab-content-2505\" class=\"elementor-tab-content elementor-clearfix\" data-tab=\"5\" role=\"region\" aria-labelledby=\"elementor-tab-title-2505\"><table style=\"width: 131.186%; height: 478px;\" width=\"750\"><tbody><tr style=\"height: 104px;\"><td style=\"height: 58px;\"><p style=\"text-align: center;\"><span style=\"font-family: helvetica, arial, sans-serif; font-size: 14pt; color: rgba(60, 60, 60, 0.99);\"><strong>Miembro Asociado de \u00c1PICE<\/strong><\/span><\/p><\/td><\/tr><tr style=\"height: 28px;\"><td style=\"height: 28px;\"><p><span style=\"font-size: 14pt; font-family: helvetica, arial, sans-serif; color: rgba(60, 60, 60, 0.99);\"><strong>Juan Fernando Monta\u00f1ez<\/strong>, Rector<\/span><\/p><p><a href=\"mailto:rectoria@poligran.edu.co\" target=\"_blank\" rel=\"noopener\"><span style=\"font-size: 14pt; font-family: helvetica, arial, sans-serif; color: #006699;\"><strong>rectoria@poligran.edu.co <\/strong><\/span><span style=\"font-size: 14pt; font-family: helvetica, arial, sans-serif; color: rgba(60, 60, 60, 0.99);\">&#8211; <\/span><\/a><a href=\"mailto:emmarino@poligran.edu.co\" target=\"_blank\" rel=\"noopener\"><span style=\"font-size: 14pt; font-family: helvetica, arial, sans-serif; color: #006699;\"><strong>emmarino@poligran.edu.co <\/strong><\/span><\/a><\/p><\/td><\/tr><tr style=\"height: 70px;\"><td style=\"height: 70px;\"><p><span style=\"font-size: 14pt; font-family: helvetica, arial, sans-serif; color: rgba(60, 60, 60, 0.99);\">Tel: 57 601 7455555 Ext. 1144<\/span><\/p><hr \/><\/td><\/tr><tr style=\"height: 28px;\"><td style=\"height: 28px;\"><p>\u00a0<\/p><p><span style=\"font-size: 14pt; font-family: helvetica, arial, sans-serif; color: rgba(60, 60, 60, 0.99);\"><strong>Diana Paola Baquero Bernal<\/strong>, Directora de Planeaci\u00f3n Financiera y Tesorer\u00eda<\/span><\/p><\/td><\/tr><tr style=\"height: 114px;\"><td style=\"height: 32px;\"><span style=\"font-size: 14pt; font-family: helvetica, arial, sans-serif; color: rgba(60, 60, 60, 0.99);\"><span style=\"font-size: 14pt; font-family: helvetica, arial, sans-serif; color: rgba(60, 60, 60, 0.99);\">Tel: 57 601 7455555 Ext. 2118<\/span><\/span><hr \/><\/td><\/tr><tr style=\"height: 70px;\"><td style=\"height: 70px;\"><p><span style=\"font-size: 14pt; font-family: helvetica, arial, sans-serif; color: rgba(60, 60, 60, 0.99);\"><strong>Andrea Gonz\u00e1lez Vigoya<\/strong>, Especialista Cr\u00e9dito y Cartera<\/span><\/p><\/td><\/tr><tr style=\"height: 28px;\"><td style=\"height: 28px;\"><a href=\"mailto:agonzalv@poligran.edu.co\" target=\"_blank\" rel=\"noopener\"><span style=\"font-size: 14pt; font-family: helvetica, arial, sans-serif; color: #006699;\"><strong>agonzalv@poligran.edu.co<\/strong><\/span><\/a><\/td><\/tr><tr style=\"height: 70px;\"><td style=\"height: 70px;\"><span style=\"font-size: 14pt; font-family: helvetica, arial, sans-serif; color: rgba(60, 60, 60, 0.99);\">Tel: 57 601 7455555<\/span><hr \/><\/td><\/tr><tr style=\"height: 28px;\"><td style=\"height: 28px;\"><p style=\"text-align: center;\"><span style=\"font-size: 14pt; color: rgba(60, 60, 60, 0.99); font-family: helvetica, arial, sans-serif;\">Calle 57 No. 3-00 Este<\/span><\/p><p style=\"text-align: center;\"><br \/><span style=\"font-size: 14pt; color: rgba(60, 60, 60, 0.99); font-family: helvetica, arial, sans-serif;\">Bogot\u00e1, D.C., Colombia<\/span><\/p><hr \/><\/td><\/tr><tr style=\"height: 28px;\"><td style=\"height: 10px;\"><p>\u00a0<\/p><p style=\"text-align: center;\"><a href=\"https:\/\/www.poli.edu.co\/\" target=\"_blank\" rel=\"noopener\"><strong><span style=\"color: #006699; font-size: 14pt; font-family: helvetica, arial, sans-serif;\">www.poligran.edu.co<\/span><\/strong><\/a><\/p><p>\u00a0<\/p><\/td><\/tr><\/tbody><\/table><\/div>\n\t\t\t\t<\/div>\n\t\t\t\t\t\t\t\t<\/div>\n\t\t\t\t\t\t<\/div>\n\t\t\t\t<\/div>\n\t\t\t\t\t<\/div>\n\t\t<\/div>\n\t\t\t\t\t<\/div>\n\t\t<\/section>\n\t\t\t\t<section class=\"elementor-section elementor-top-section elementor-element elementor-element-25eb7be elementor-section-boxed elementor-section-height-default elementor-section-height-default\" data-id=\"25eb7be\" data-element_type=\"section\" data-e-type=\"section\">\n\t\t\t\t\t\t<div class=\"elementor-container elementor-column-gap-default\">\n\t\t\t\t\t<div class=\"elementor-column elementor-col-100 elementor-top-column elementor-element elementor-element-687315c\" data-id=\"687315c\" data-element_type=\"column\" data-e-type=\"column\">\n\t\t\t<div class=\"elementor-widget-wrap elementor-element-populated\">\n\t\t\t\t\t\t<div class=\"elementor-element elementor-element-a84bba5 elementor-widget elementor-widget-spacer\" data-id=\"a84bba5\" data-element_type=\"widget\" data-e-type=\"widget\" data-widget_type=\"spacer.default\">\n\t\t\t\t<div class=\"elementor-widget-container\">\n\t\t\t\t\t\t\t<div class=\"elementor-spacer\">\n\t\t\t<div class=\"elementor-spacer-inner\"><\/div>\n\t\t<\/div>\n\t\t\t\t\t\t<\/div>\n\t\t\t\t<\/div>\n\t\t\t\t\t<\/div>\n\t\t<\/div>\n\t\t\t\t\t<\/div>\n\t\t<\/section>\n\t\t\t\t<section class=\"elementor-section elementor-top-section elementor-element elementor-element-71a41d7 elementor-section-boxed elementor-section-height-default elementor-section-height-default\" data-id=\"71a41d7\" data-element_type=\"section\" data-e-type=\"section\">\n\t\t\t\t\t\t<div class=\"elementor-container elementor-column-gap-default\">\n\t\t\t\t\t<div class=\"elementor-column elementor-col-100 elementor-top-column elementor-element elementor-element-1c35a7e5\" data-id=\"1c35a7e5\" data-element_type=\"column\" data-e-type=\"column\">\n\t\t\t<div class=\"elementor-widget-wrap elementor-element-populated\">\n\t\t\t\t\t\t<div class=\"elementor-element elementor-element-65671e5b elementor-align-right elementor-invisible elementor-widget elementor-widget-button\" data-id=\"65671e5b\" data-element_type=\"widget\" data-e-type=\"widget\" data-settings=\"{&quot;_animation&quot;:&quot;fadeIn&quot;}\" data-widget_type=\"button.default\">\n\t\t\t\t<div class=\"elementor-widget-container\">\n\t\t\t\t\t\t\t\t\t<div class=\"elementor-button-wrapper\">\n\t\t\t\t\t<a class=\"elementor-button elementor-button-link elementor-size-md elementor-animation-pop\" href=\"https:\/\/apice.org.co\/site\/afiliados\/\">\n\t\t\t\t\t\t<span class=\"elementor-button-content-wrapper\">\n\t\t\t\t\t\t<span class=\"elementor-button-icon\">\n\t\t\t\t<i aria-hidden=\"true\" class=\"fas fa-reply\"><\/i>\t\t\t<\/span>\n\t\t\t\t\t\t\t\t\t<span class=\"elementor-button-text\">Regresar<\/span>\n\t\t\t\t\t<\/span>\n\t\t\t\t\t<\/a>\n\t\t\t\t<\/div>\n\t\t\t\t\t\t\t\t<\/div>\n\t\t\t\t<\/div>\n\t\t\t\t\t<\/div>\n\t\t<\/div>\n\t\t\t\t\t<\/div>\n\t\t<\/section>\n\t\t\t\t<\/div>\n\t\t","protected":false},"excerpt":{"rendered":"<p>Afiliados \u00e1pice Colombia Instituto Colombiano de Cr\u00e9dito Educativo y Estudios T\u00e9cnicos en el Exterior, ICETEX Miembro Fundador de \u00c1PICE \u00a0 \u00c1lvaro Hern\u00e1n Urquijo G\u00f3mez, Segundo Vocal Junta Directiva \u00c1PICE\u00a0 Presidente ICETEX\u00a0 presidencia@icetex.gov.co &#8211; llosada@icetex.gov.co &#8211; striana@icetex.gov.co Tel: \u00a057 601 3821696 Ana Lucy Castro Castro, Secretario General (E) alcastro@icetex.gov.co Tel: \u00a057 601 3821670 Edgar Antonio G\u00f3mez [&hellip;]<\/p>\n","protected":false},"author":4,"featured_media":0,"parent":0,"menu_order":0,"comment_status":"closed","ping_status":"closed","template":"","meta":{"_acf_changed":false,"om_disable_all_campaigns":false,"_exactmetrics_skip_tracking":false,"_exactmetrics_sitenote_active":false,"_exactmetrics_sitenote_note":"","_exactmetrics_sitenote_category":0,"_uf_show_specific_survey":0,"_uf_disable_surveys":false,"footnotes":""},"class_list":["post-8483","page","type-page","status-publish","hentry"],"acf":[],"aioseo_notices":[],"_links":{"self":[{"href":"https:\/\/apice.org.co\/site\/wp-json\/wp\/v2\/pages\/8483","targetHints":{"allow":["GET"]}}],"collection":[{"href":"https:\/\/apice.org.co\/site\/wp-json\/wp\/v2\/pages"}],"about":[{"href":"https:\/\/apice.org.co\/site\/wp-json\/wp\/v2\/types\/page"}],"author":[{"embeddable":true,"href":"https:\/\/apice.org.co\/site\/wp-json\/wp\/v2\/users\/4"}],"replies":[{"embeddable":true,"href":"https:\/\/apice.org.co\/site\/wp-json\/wp\/v2\/comments?post=8483"}],"version-history":[{"count":106,"href":"https:\/\/apice.org.co\/site\/wp-json\/wp\/v2\/pages\/8483\/revisions"}],"predecessor-version":[{"id":14608,"href":"https:\/\/apice.org.co\/site\/wp-json\/wp\/v2\/pages\/8483\/revisions\/14608"}],"wp:attachment":[{"href":"https:\/\/apice.org.co\/site\/wp-json\/wp\/v2\/media?parent=8483"}],"curies":[{"name":"wp","href":"https:\/\/api.w.org\/{rel}","templated":true}]}}