{"id":9601,"date":"2023-12-13T11:57:01","date_gmt":"2023-12-13T16:57:01","guid":{"rendered":"https:\/\/apice.org.co\/site\/?page_id=9601"},"modified":"2024-08-19T11:16:23","modified_gmt":"2024-08-19T16:16:23","slug":"afiliados-costa-rica","status":"publish","type":"page","link":"https:\/\/apice.org.co\/site\/afiliados-costa-rica\/","title":{"rendered":"afiliados costa rica"},"content":{"rendered":"\t\t<div data-elementor-type=\"wp-page\" data-elementor-id=\"9601\" class=\"elementor elementor-9601\" data-elementor-post-type=\"page\">\n\t\t\t\t\t\t<section class=\"elementor-section elementor-top-section elementor-element elementor-element-687fafd elementor-section-boxed elementor-section-height-default elementor-section-height-default\" data-id=\"687fafd\" data-element_type=\"section\" data-e-type=\"section\">\n\t\t\t\t\t\t<div class=\"elementor-container elementor-column-gap-default\">\n\t\t\t\t\t<div class=\"elementor-column elementor-col-100 elementor-top-column elementor-element elementor-element-e9d8e5a\" data-id=\"e9d8e5a\" data-element_type=\"column\" data-e-type=\"column\">\n\t\t\t<div class=\"elementor-widget-wrap elementor-element-populated\">\n\t\t\t\t\t\t<div class=\"elementor-element elementor-element-92ed902 elementor-widget elementor-widget-spacer\" data-id=\"92ed902\" data-element_type=\"widget\" data-e-type=\"widget\" data-widget_type=\"spacer.default\">\n\t\t\t\t<div class=\"elementor-widget-container\">\n\t\t\t\t\t\t\t<div class=\"elementor-spacer\">\n\t\t\t<div class=\"elementor-spacer-inner\"><\/div>\n\t\t<\/div>\n\t\t\t\t\t\t<\/div>\n\t\t\t\t<\/div>\n\t\t\t\t\t<\/div>\n\t\t<\/div>\n\t\t\t\t\t<\/div>\n\t\t<\/section>\n\t\t\t\t<section class=\"elementor-section elementor-top-section elementor-element elementor-element-e890f42 elementor-section-boxed elementor-section-height-default elementor-section-height-default\" data-id=\"e890f42\" data-element_type=\"section\" data-e-type=\"section\">\n\t\t\t\t\t\t<div class=\"elementor-container elementor-column-gap-default\">\n\t\t\t\t\t<div class=\"elementor-column elementor-col-100 elementor-top-column elementor-element elementor-element-6aba6a2\" data-id=\"6aba6a2\" data-element_type=\"column\" data-e-type=\"column\">\n\t\t\t<div class=\"elementor-widget-wrap elementor-element-populated\">\n\t\t\t\t\t\t<div class=\"elementor-element elementor-element-9ad2dc8 elementor-widget elementor-widget-heading\" data-id=\"9ad2dc8\" data-element_type=\"widget\" data-e-type=\"widget\" data-widget_type=\"heading.default\">\n\t\t\t\t<div class=\"elementor-widget-container\">\n\t\t\t\t\t<h2 class=\"elementor-heading-title elementor-size-default\">Afiliados \u00e1pice<\/h2>\t\t\t\t<\/div>\n\t\t\t\t<\/div>\n\t\t\t\t<div class=\"elementor-element elementor-element-0b20e35 elementor-widget elementor-widget-heading\" data-id=\"0b20e35\" data-element_type=\"widget\" data-e-type=\"widget\" data-widget_type=\"heading.default\">\n\t\t\t\t<div class=\"elementor-widget-container\">\n\t\t\t\t\t<h2 class=\"elementor-heading-title elementor-size-default\">Costa Rica<\/h2>\t\t\t\t<\/div>\n\t\t\t\t<\/div>\n\t\t\t\t\t<\/div>\n\t\t<\/div>\n\t\t\t\t\t<\/div>\n\t\t<\/section>\n\t\t\t\t<section class=\"elementor-section elementor-top-section elementor-element elementor-element-7433068 elementor-section-boxed elementor-section-height-default elementor-section-height-default\" data-id=\"7433068\" data-element_type=\"section\" data-e-type=\"section\">\n\t\t\t\t\t\t<div class=\"elementor-container elementor-column-gap-default\">\n\t\t\t\t\t<div class=\"elementor-column elementor-col-100 elementor-top-column elementor-element elementor-element-4fb6726\" data-id=\"4fb6726\" data-element_type=\"column\" data-e-type=\"column\">\n\t\t\t<div class=\"elementor-widget-wrap elementor-element-populated\">\n\t\t\t\t\t\t<div class=\"elementor-element elementor-element-d2f3db1 elementor-widget elementor-widget-image\" data-id=\"d2f3db1\" data-element_type=\"widget\" data-e-type=\"widget\" data-widget_type=\"image.default\">\n\t\t\t\t<div class=\"elementor-widget-container\">\n\t\t\t\t\t\t\t\t\t\t\t\t\t\t\t<img decoding=\"async\" src=\"https:\/\/apice.org.co\/site\/wp-content\/uploads\/elementor\/thumbs\/costa-rica-qemwq4ps1mz2ls5o8r09c42ardqpy8ap42rgof88bk.jpg\" title=\"costa rica\" alt=\"Costa Rica\" loading=\"lazy\" \/>\t\t\t\t\t\t\t\t\t\t\t\t\t\t\t<\/div>\n\t\t\t\t<\/div>\n\t\t\t\t\t<\/div>\n\t\t<\/div>\n\t\t\t\t\t<\/div>\n\t\t<\/section>\n\t\t\t\t<section class=\"elementor-section elementor-top-section elementor-element elementor-element-fd93874 elementor-section-boxed elementor-section-height-default elementor-section-height-default\" data-id=\"fd93874\" data-element_type=\"section\" data-e-type=\"section\">\n\t\t\t\t\t\t<div class=\"elementor-container elementor-column-gap-default\">\n\t\t\t\t\t<div class=\"elementor-column elementor-col-100 elementor-top-column elementor-element elementor-element-e49759f\" data-id=\"e49759f\" data-element_type=\"column\" data-e-type=\"column\">\n\t\t\t<div class=\"elementor-widget-wrap elementor-element-populated\">\n\t\t\t\t\t\t<div class=\"elementor-element elementor-element-94bb658 elementor-widget elementor-widget-spacer\" data-id=\"94bb658\" data-element_type=\"widget\" data-e-type=\"widget\" data-widget_type=\"spacer.default\">\n\t\t\t\t<div class=\"elementor-widget-container\">\n\t\t\t\t\t\t\t<div class=\"elementor-spacer\">\n\t\t\t<div class=\"elementor-spacer-inner\"><\/div>\n\t\t<\/div>\n\t\t\t\t\t\t<\/div>\n\t\t\t\t<\/div>\n\t\t\t\t<div class=\"elementor-element elementor-element-eef6814 elementor-widget elementor-widget-accordion\" data-id=\"eef6814\" data-element_type=\"widget\" data-e-type=\"widget\" data-widget_type=\"accordion.default\">\n\t\t\t\t<div class=\"elementor-widget-container\">\n\t\t\t\t\t\t\t<div class=\"elementor-accordion\">\n\t\t\t\t\t\t\t<div class=\"elementor-accordion-item\">\n\t\t\t\t\t<div id=\"elementor-tab-title-2501\" class=\"elementor-tab-title\" data-tab=\"1\" role=\"button\" aria-controls=\"elementor-tab-content-2501\" aria-expanded=\"false\">\n\t\t\t\t\t\t\t\t\t\t\t\t\t<span class=\"elementor-accordion-icon elementor-accordion-icon-left\" aria-hidden=\"true\">\n\t\t\t\t\t\t\t\t\t\t\t\t\t\t\t<span class=\"elementor-accordion-icon-closed\"><i class=\"fas fa-plus\"><\/i><\/span>\n\t\t\t\t\t\t\t\t<span class=\"elementor-accordion-icon-opened\"><i class=\"fas fa-minus\"><\/i><\/span>\n\t\t\t\t\t\t\t\t\t\t\t\t\t\t<\/span>\n\t\t\t\t\t\t\t\t\t\t\t\t<a class=\"elementor-accordion-title\" tabindex=\"0\">Comisi\u00f3n Nacional de Pr\u00e9stamos para Educaci\u00f3n, CONAPE<\/a>\n\t\t\t\t\t<\/div>\n\t\t\t\t\t<div id=\"elementor-tab-content-2501\" class=\"elementor-tab-content elementor-clearfix\" data-tab=\"1\" role=\"region\" aria-labelledby=\"elementor-tab-title-2501\"><table style=\"width: 98.9952%; height: 860px;\"><tbody><tr style=\"height: 60px;\"><td style=\"height: 60px;\"><p style=\"text-align: center;\"><span style=\"color: rgba(60, 60, 60, 0.99); font-family: helvetica, arial, sans-serif; font-size: 14pt;\"><strong>Miembro Nacional de \u00c1PICE<\/strong><\/span><\/p><\/td><\/tr><tr style=\"height: 28px;\"><td style=\"height: 28px;\"><span style=\"color: rgba(60, 60, 60, 0.99); font-family: helvetica, arial, sans-serif; font-size: 14pt;\"><strong>Efra\u00edn Miranda Carballo<\/strong>, Secretario Ejecutivo<\/span><\/td><\/tr><tr style=\"height: 28px;\"><td style=\"height: 28px;\"><span style=\"color: #006699; font-family: helvetica, arial, sans-serif; font-size: 14pt;\"><strong><a style=\"color: #006699;\" href=\"mailto:emiranda@conape.go.cr\">emiranda@conape.go.cr<\/a><\/strong>\u00a0\u2013\u00a0<strong><a style=\"color: #006699;\" href=\"mailto:omarin@conape.go.cr\">omarin@conape.go.cr<\/a><\/strong><\/span><\/td><\/tr><tr style=\"height: 93px;\"><td style=\"height: 93px;\"><span style=\"color: rgba(60, 60, 60, 0.99); font-family: helvetica, arial, sans-serif; font-size: 14pt;\">Tel:\u00a0506 25278688 \u2013\u00a0506 25278687 Fax: 506 22253678<\/span><p>\u00a0<\/p><hr \/><\/td><\/tr><tr style=\"height: 60px;\"><td style=\"height: 60px;\"><p><span style=\"color: rgba(60, 60, 60, 0.99); font-family: helvetica, arial, sans-serif; font-size: 14pt;\"><strong>Carlos Ledezma Arias<\/strong>, Jefatura Departamento de Planificaci\u00f3n<\/span><\/p><\/td><\/tr><tr style=\"height: 93px;\"><td style=\"height: 93px;\"><span style=\"color: #006699; font-family: helvetica, arial, sans-serif; font-size: 14pt;\"><strong><a style=\"color: #006699;\" href=\"mailto:cledezma@conape.go.cr\">cledezma@conape.go.cr<\/a><\/strong><\/span><p>\u00a0<\/p><hr \/><\/td><\/tr><tr style=\"height: 60px;\"><td style=\"height: 60px;\"><p><span style=\"color: rgba(60, 60, 60, 0.99); font-family: helvetica, arial, sans-serif; font-size: 14pt;\"><strong>Leonel Fernando Acu\u00f1a Morales<\/strong>, Jefe Departamento Financiero<\/span><\/p><\/td><\/tr><tr style=\"height: 117px;\"><td style=\"height: 117px;\"><p><span style=\"color: #006699; font-family: helvetica, arial, sans-serif; font-size: 14pt;\"><strong><a style=\"color: #006699;\" href=\"mailto:lacuna@conape.go.cr\">lacuna@conape.go.cr<\/a>\u00a0\u2013\u00a0<a style=\"color: #006699;\" href=\"mailto:lacuna@conape.go.cr\">lfacuna@conape.go.cr<\/a><\/strong><\/span><\/p><hr \/><p>\u00a0<\/p><\/td><\/tr><tr style=\"height: 88px;\"><td style=\"height: 88px;\"><p><span style=\"color: rgba(60, 60, 60, 0.99); font-family: helvetica, arial, sans-serif; font-size: 14pt;\"><b>Roger Grandados Ugalde<\/b>, Departamento de\u00a0 Cr\u00e9dito Educativo\u00a0 \u00a0 \u00a0<\/span><\/p><\/td><\/tr><tr style=\"height: 69px;\"><td style=\"height: 69px;\"><p><span style=\"color: #006699; font-family: helvetica, arial, sans-serif; font-size: 14pt;\"><a style=\"color: #006699;\" href=\"mailto:rgranados@conape.go.cr\"><strong>rgranados@conape.go.cr<\/strong><\/a><\/span><\/p><hr \/><\/td><\/tr><tr style=\"height: 104px;\"><td style=\"height: 104px;\"><p style=\"text-align: center;\"><span style=\"color: rgba(60, 60, 60, 0.99); font-family: helvetica, arial, sans-serif; font-size: 14pt;\">Apartado 5707<\/span><\/p><p style=\"text-align: center;\"><span style=\"color: rgba(60, 60, 60, 0.99); font-family: helvetica, arial, sans-serif; font-size: 14pt;\"><strong>San Jos\u00e9,\u00a0Costa Rica<\/strong><\/span><\/p><\/td><\/tr><tr style=\"height: 60px;\"><td style=\"height: 60px;\"><p style=\"text-align: center;\"><span style=\"color: #006699; font-family: helvetica, arial, sans-serif; font-size: 14pt;\"><strong><a style=\"color: #006699;\" href=\"http:\/\/www.conape.go.cr\/\" target=\"_blank\" rel=\"noopener\">www.conape.go.cr<\/a><\/strong><\/span><\/p><\/td><\/tr><\/tbody><\/table><\/div>\n\t\t\t\t<\/div>\n\t\t\t\t\t\t\t<div class=\"elementor-accordion-item\">\n\t\t\t\t\t<div id=\"elementor-tab-title-2502\" class=\"elementor-tab-title\" data-tab=\"2\" role=\"button\" aria-controls=\"elementor-tab-content-2502\" aria-expanded=\"false\">\n\t\t\t\t\t\t\t\t\t\t\t\t\t<span class=\"elementor-accordion-icon elementor-accordion-icon-left\" aria-hidden=\"true\">\n\t\t\t\t\t\t\t\t\t\t\t\t\t\t\t<span class=\"elementor-accordion-icon-closed\"><i class=\"fas fa-plus\"><\/i><\/span>\n\t\t\t\t\t\t\t\t<span class=\"elementor-accordion-icon-opened\"><i class=\"fas fa-minus\"><\/i><\/span>\n\t\t\t\t\t\t\t\t\t\t\t\t\t\t<\/span>\n\t\t\t\t\t\t\t\t\t\t\t\t<a class=\"elementor-accordion-title\" tabindex=\"0\">Universidad Unilatina S.R.L.<\/a>\n\t\t\t\t\t<\/div>\n\t\t\t\t\t<div id=\"elementor-tab-content-2502\" class=\"elementor-tab-content elementor-clearfix\" data-tab=\"2\" role=\"region\" aria-labelledby=\"elementor-tab-title-2502\"><table style=\"width: 98.9952%; height: 816px;\"><tbody><tr style=\"height: 60px;\"><td style=\"height: 60px;\"><p style=\"text-align: center;\"><span style=\"color: rgba(60, 60, 60, 0.99); font-family: helvetica, arial, sans-serif; font-size: 14pt;\"><strong>Miembro Asociado de \u00c1PICE<\/strong><\/span><\/p><\/td><\/tr><tr style=\"height: 28px;\"><td style=\"height: 28px;\"><p><span style=\"color: rgba(60, 60, 60, 0.99); font-family: helvetica, arial, sans-serif; font-size: 14pt;\"><strong>Rosa Monge Monge<\/strong>, Rectora<\/span><\/p><p><span style=\"color: #006699; font-family: helvetica, arial, sans-serif; font-size: 14pt;\"><strong><a style=\"color: #006699;\" href=\"mailto:rosa.monge@ulatina.cr\">rosa.monge@ulatina.cr<\/a><\/strong><\/span><\/p><hr \/><\/td><\/tr><tr style=\"height: 28px;\"><td style=\"height: 28px;\"><p>\u00a0<\/p><p><span style=\"color: rgba(60, 60, 60, 0.99); font-family: helvetica, arial, sans-serif; font-size: 14pt;\"><strong>Francisco Corral J\u00e1come<\/strong>, Director Financiero<\/span><\/p><p><a href=\"mailto:francisco.corral@ulatina.cr\"><span style=\"color: #006699; font-family: helvetica, arial, sans-serif; font-size: 14pt;\"><span style=\"color: #006699; font-family: helvetica, arial, sans-serif; font-size: 14pt;\"><strong>francisco.corral@ulatina.cr<\/strong><\/span><\/span><\/a><\/p><hr \/><\/td><\/tr><tr style=\"height: 93px;\"><td style=\"height: 93px;\"><p><span style=\"color: rgba(60, 60, 60, 0.99); font-family: helvetica, arial, sans-serif; font-size: 14pt;\"><strong>Mar\u00eda Zelmira \u00c1lvarez Delgado<\/strong>, Gerente de Tesorer\u00eda<\/span><\/p><p><a href=\"mailto:zelmira.alvarez@ulatina.cr\"><span style=\"color: #006699; font-family: helvetica, arial, sans-serif; font-size: 14pt;\"><strong>zelmira.alvarez@ulatina.cr<\/strong><\/span><\/a><\/p><hr \/><\/td><\/tr><tr style=\"height: 60px;\"><td style=\"height: 60px;\"><p><span style=\"color: rgba(60, 60, 60, 0.99); font-family: helvetica, arial, sans-serif; font-size: 14pt;\"><strong>Cesar David Pacheco<\/strong>, Oficina de Planeaci\u00f3n<\/span><\/p><p><a href=\"mailto:cesar.pacheco@ulatina.cr\" target=\"_blank\" rel=\"noopener\"><span style=\"color: #006699; font-family: helvetica, arial, sans-serif; font-size: 14pt;\"><strong>cesar.pacheco@ulatina.cr<\/strong><\/span><\/a><\/p><hr \/><\/td><\/tr><tr style=\"height: 93px;\"><td style=\"height: 49px;\"><p><span style=\"color: rgba(60, 60, 60, 0.99); font-family: helvetica, arial, sans-serif; font-size: 14pt;\"><strong>Natalia Beatriz M\u00e9ndez Rodr\u00edguez<\/strong>, Jefe Financiamiento y Becas (Oficina Apoyo Financiero)<\/span><\/p><p><a href=\"mailto:natalia.mendez@ulatina.cr\" target=\"_blank\" rel=\"noopener\"><span style=\"color: #006699; font-family: helvetica, arial, sans-serif; font-size: 14pt;\"><strong>natalia.mendez@ulatina.cr<\/strong><\/span><\/a><\/p><hr \/><p>\u00a0<\/p><\/td><\/tr><tr style=\"height: 60px;\"><td style=\"height: 60px;\"><p><span style=\"color: rgba(60, 60, 60, 0.99); font-family: helvetica, arial, sans-serif; font-size: 14pt;\"><strong>Cristian Bonilla Cruz<\/strong>, Vicerrector de Innovaci\u00f3n (Relaciones Internacionales)<\/span><\/p><p><a href=\"mailto:cristian.bonilla@ulatina.cr\" target=\"_blank\" rel=\"noopener\"><span style=\"color: #006699; font-family: helvetica, arial, sans-serif; font-size: 14pt;\"><strong>cristian.bonilla@ulatina.cr<\/strong><\/span><\/a><\/p><hr \/><p>\u00a0<\/p><\/td><\/tr><tr style=\"height: 117px;\"><td style=\"height: 117px;\"><p><span style=\"color: rgba(60, 60, 60, 0.99); font-family: helvetica, arial, sans-serif; font-size: 14pt;\"><strong>Cindy Madrigal Gonz\u00e1lez<\/strong>, Directora Relaciones Institucionacionales<\/span><\/p><p><a href=\"mailto:cindy.madrigal@ulatina.cr\" target=\"_blank\" rel=\"noopener\"><span style=\"color: #006699; font-family: helvetica, arial, sans-serif; font-size: 14pt;\"><strong>cindy.madrigal@ulatina.cr<\/strong><\/span><\/a><\/p><br \/><hr \/><\/td><\/tr><tr style=\"height: 88px;\"><td style=\"height: 88px;\"><p><span style=\"color: rgba(60, 60, 60, 0.99); font-family: helvetica, arial, sans-serif; font-size: 14pt;\">\u00a0 \u00a0<\/span><\/p><p><span style=\"color: rgba(60, 60, 60, 0.99); font-family: helvetica, arial, sans-serif; font-size: 14pt;\"><strong>Mariemilia Campos Ram\u00edrez<\/strong>, Gerente de Inteligencia de Negocios (Oficina de Comunicaciones)<\/span><\/p><p><a href=\"mailto:mariemilia.campos@ulatina.cr\" target=\"_blank\" rel=\"noopener\"><span style=\"color: #006699; font-family: helvetica, arial, sans-serif; font-size: 14pt;\"><strong>mariemilia.campos@ulatina.cr<\/strong><\/span><\/a><\/p><hr \/><p>\u00a0<\/p><\/td><\/tr><tr style=\"height: 69px;\"><td style=\"height: 69px;\"><p style=\"text-align: center;\"><span style=\"font-size: 14pt; font-family: helvetica, arial, sans-serif; color: rgba(60, 60, 60, 0.99);\">506 2 2074388 \u2013 506 2 2778225<\/span><\/p><hr \/><\/td><\/tr><tr style=\"height: 104px;\"><td style=\"height: 104px;\"><p style=\"text-align: center;\"><span style=\"color: rgba(60, 60, 60, 0.99); font-family: helvetica, arial, sans-serif; font-size: 14pt;\">Provincia 01 San Jos\u00e9, Cant\u00f3n 15 Montes de Oca, Lourdes, del Templo Cat\u00f3lico Doscientos Metros al Oeste<\/span><\/p><p style=\"text-align: center;\"><span style=\"color: rgba(60, 60, 60, 0.99); font-family: helvetica, arial, sans-serif; font-size: 14pt;\"><strong>San Jos\u00e9,\u00a0Costa Rica<\/strong><\/span><\/p><\/td><\/tr><tr style=\"height: 60px;\"><td style=\"height: 60px;\"><p style=\"text-align: center;\"><a href=\"https:\/\/www.ulatina.ac.cr\/\" target=\"_blank\" rel=\"noopener\"><span style=\"color: #006699; font-family: helvetica, arial, sans-serif; font-size: 14pt;\"><strong>www.ulatina.ac.cr<\/strong><\/span><\/a><\/p><\/td><\/tr><\/tbody><\/table><\/div>\n\t\t\t\t<\/div>\n\t\t\t\t\t\t\t<div class=\"elementor-accordion-item\">\n\t\t\t\t\t<div id=\"elementor-tab-title-2503\" class=\"elementor-tab-title\" data-tab=\"3\" role=\"button\" aria-controls=\"elementor-tab-content-2503\" aria-expanded=\"false\">\n\t\t\t\t\t\t\t\t\t\t\t\t\t<span class=\"elementor-accordion-icon elementor-accordion-icon-left\" aria-hidden=\"true\">\n\t\t\t\t\t\t\t\t\t\t\t\t\t\t\t<span class=\"elementor-accordion-icon-closed\"><i class=\"fas fa-plus\"><\/i><\/span>\n\t\t\t\t\t\t\t\t<span class=\"elementor-accordion-icon-opened\"><i class=\"fas fa-minus\"><\/i><\/span>\n\t\t\t\t\t\t\t\t\t\t\t\t\t\t<\/span>\n\t\t\t\t\t\t\t\t\t\t\t\t<a class=\"elementor-accordion-title\" tabindex=\"0\">Mario Zald\u00edvar Rivera<\/a>\n\t\t\t\t\t<\/div>\n\t\t\t\t\t<div id=\"elementor-tab-content-2503\" class=\"elementor-tab-content elementor-clearfix\" data-tab=\"3\" role=\"region\" aria-labelledby=\"elementor-tab-title-2503\"><p style=\"text-align: center;\"><span style=\"color: rgba(60, 60, 60, 0.99); font-family: helvetica, arial, sans-serif; font-size: 14pt;\"><strong>Miembro Honorario<\/strong><\/span><\/p><table style=\"width: 102.137%; height: 48px;\" width=\"608\"><tbody><tr style=\"height: 24px;\"><td style=\"height: 24px;\"><span style=\"color: rgba(60, 60, 60, 0.99); font-family: helvetica, arial, sans-serif; font-size: 14pt;\"><strong>Mario Zald\u00edvar Rivera<\/strong><\/span><\/td><\/tr><tr style=\"height: 24px;\"><td style=\"height: 24px;\"><span style=\"color: #006699; font-family: helvetica, arial, sans-serif; font-size: 14pt;\"><strong><a style=\"color: #006699;\" href=\"mailto:mazalri22@gmail.com\">mazalri22@gmail.com<\/a><\/strong><\/span><\/td><\/tr><\/tbody><\/table><\/div>\n\t\t\t\t<\/div>\n\t\t\t\t\t\t\t\t<\/div>\n\t\t\t\t\t\t<\/div>\n\t\t\t\t<\/div>\n\t\t\t\t\t<\/div>\n\t\t<\/div>\n\t\t\t\t\t<\/div>\n\t\t<\/section>\n\t\t\t\t<section class=\"elementor-section elementor-top-section elementor-element elementor-element-25eb7be elementor-section-boxed elementor-section-height-default elementor-section-height-default\" data-id=\"25eb7be\" data-element_type=\"section\" data-e-type=\"section\">\n\t\t\t\t\t\t<div class=\"elementor-container elementor-column-gap-default\">\n\t\t\t\t\t<div class=\"elementor-column elementor-col-100 elementor-top-column elementor-element elementor-element-687315c\" data-id=\"687315c\" data-element_type=\"column\" data-e-type=\"column\">\n\t\t\t<div class=\"elementor-widget-wrap elementor-element-populated\">\n\t\t\t\t\t\t<div class=\"elementor-element elementor-element-a84bba5 elementor-widget elementor-widget-spacer\" data-id=\"a84bba5\" data-element_type=\"widget\" data-e-type=\"widget\" data-widget_type=\"spacer.default\">\n\t\t\t\t<div class=\"elementor-widget-container\">\n\t\t\t\t\t\t\t<div class=\"elementor-spacer\">\n\t\t\t<div class=\"elementor-spacer-inner\"><\/div>\n\t\t<\/div>\n\t\t\t\t\t\t<\/div>\n\t\t\t\t<\/div>\n\t\t\t\t\t<\/div>\n\t\t<\/div>\n\t\t\t\t\t<\/div>\n\t\t<\/section>\n\t\t\t\t<section class=\"elementor-section elementor-top-section elementor-element elementor-element-71a41d7 elementor-section-boxed elementor-section-height-default elementor-section-height-default\" data-id=\"71a41d7\" data-element_type=\"section\" data-e-type=\"section\">\n\t\t\t\t\t\t<div class=\"elementor-container elementor-column-gap-default\">\n\t\t\t\t\t<div class=\"elementor-column elementor-col-100 elementor-top-column elementor-element elementor-element-1c35a7e5\" data-id=\"1c35a7e5\" data-element_type=\"column\" data-e-type=\"column\">\n\t\t\t<div class=\"elementor-widget-wrap elementor-element-populated\">\n\t\t\t\t\t\t<div class=\"elementor-element elementor-element-65671e5b elementor-align-right elementor-invisible elementor-widget elementor-widget-button\" data-id=\"65671e5b\" data-element_type=\"widget\" data-e-type=\"widget\" data-settings=\"{&quot;_animation&quot;:&quot;fadeIn&quot;}\" data-widget_type=\"button.default\">\n\t\t\t\t<div class=\"elementor-widget-container\">\n\t\t\t\t\t\t\t\t\t<div class=\"elementor-button-wrapper\">\n\t\t\t\t\t<a class=\"elementor-button elementor-button-link elementor-size-md elementor-animation-pop\" href=\"https:\/\/apice.org.co\/site\/afiliados\/\">\n\t\t\t\t\t\t<span class=\"elementor-button-content-wrapper\">\n\t\t\t\t\t\t<span class=\"elementor-button-icon\">\n\t\t\t\t<i aria-hidden=\"true\" class=\"fas fa-reply\"><\/i>\t\t\t<\/span>\n\t\t\t\t\t\t\t\t\t<span class=\"elementor-button-text\">Regresar<\/span>\n\t\t\t\t\t<\/span>\n\t\t\t\t\t<\/a>\n\t\t\t\t<\/div>\n\t\t\t\t\t\t\t\t<\/div>\n\t\t\t\t<\/div>\n\t\t\t\t\t<\/div>\n\t\t<\/div>\n\t\t\t\t\t<\/div>\n\t\t<\/section>\n\t\t\t\t<\/div>\n\t\t","protected":false},"excerpt":{"rendered":"<p>Afiliados \u00e1pice Costa Rica Comisi\u00f3n Nacional de Pr\u00e9stamos para Educaci\u00f3n, CONAPE Miembro Nacional de \u00c1PICE Efra\u00edn Miranda Carballo, Secretario Ejecutivo emiranda@conape.go.cr\u00a0\u2013\u00a0omarin@conape.go.cr Tel:\u00a0506 25278688 \u2013\u00a0506 25278687 Fax: 506 22253678 \u00a0 Carlos Ledezma Arias, Jefatura Departamento de Planificaci\u00f3n cledezma@conape.go.cr \u00a0 Leonel Fernando Acu\u00f1a Morales, Jefe Departamento Financiero lacuna@conape.go.cr\u00a0\u2013\u00a0lfacuna@conape.go.cr \u00a0 Roger Grandados Ugalde, Departamento de\u00a0 Cr\u00e9dito Educativo\u00a0 \u00a0 [&hellip;]<\/p>\n","protected":false},"author":4,"featured_media":0,"parent":0,"menu_order":0,"comment_status":"closed","ping_status":"closed","template":"","meta":{"_acf_changed":false,"om_disable_all_campaigns":false,"_exactmetrics_skip_tracking":false,"_exactmetrics_sitenote_active":false,"_exactmetrics_sitenote_note":"","_exactmetrics_sitenote_category":0,"_uf_show_specific_survey":0,"_uf_disable_surveys":false,"footnotes":""},"class_list":["post-9601","page","type-page","status-publish","hentry"],"acf":[],"aioseo_notices":[],"_links":{"self":[{"href":"https:\/\/apice.org.co\/site\/wp-json\/wp\/v2\/pages\/9601","targetHints":{"allow":["GET"]}}],"collection":[{"href":"https:\/\/apice.org.co\/site\/wp-json\/wp\/v2\/pages"}],"about":[{"href":"https:\/\/apice.org.co\/site\/wp-json\/wp\/v2\/types\/page"}],"author":[{"embeddable":true,"href":"https:\/\/apice.org.co\/site\/wp-json\/wp\/v2\/users\/4"}],"replies":[{"embeddable":true,"href":"https:\/\/apice.org.co\/site\/wp-json\/wp\/v2\/comments?post=9601"}],"version-history":[{"count":46,"href":"https:\/\/apice.org.co\/site\/wp-json\/wp\/v2\/pages\/9601\/revisions"}],"predecessor-version":[{"id":12287,"href":"https:\/\/apice.org.co\/site\/wp-json\/wp\/v2\/pages\/9601\/revisions\/12287"}],"wp:attachment":[{"href":"https:\/\/apice.org.co\/site\/wp-json\/wp\/v2\/media?parent=9601"}],"curies":[{"name":"wp","href":"https:\/\/api.w.org\/{rel}","templated":true}]}}